{"id":497,"date":"2023-05-12T09:53:55","date_gmt":"2023-05-12T09:53:55","guid":{"rendered":"https:\/\/www.eikholt.no\/?page_id=497"},"modified":"2025-11-26T07:43:55","modified_gmt":"2025-11-26T07:43:55","slug":"test-af-egetrae","status":"publish","type":"page","link":"https:\/\/www.eikholt.no\/da\/test-af-egetrae\/","title":{"rendered":"Om Eikholt-testen"},"content":{"rendered":"<figure class=\"wp-block-image size-large --accessibility-hide\"><img loading=\"lazy\" decoding=\"async\" width=\"1024\" height=\"576\" src=\"https:\/\/www.eikholt.no\/app\/uploads\/2023\/02\/image1-1024x576.jpg\" alt=\"Billede af Eikholt. Hus, have og tr\u00e6er.\" class=\"wp-image-335\" srcset=\"https:\/\/www.eikholt.no\/app\/uploads\/2023\/02\/image1-1024x576.jpg 1024w, https:\/\/www.eikholt.no\/app\/uploads\/2023\/02\/image1-300x169.jpg 300w, https:\/\/www.eikholt.no\/app\/uploads\/2023\/02\/image1-768x432.jpg 768w, https:\/\/www.eikholt.no\/app\/uploads\/2023\/02\/image1.jpg 1408w\" sizes=\"auto, (max-width: 1024px) 100vw, 1024px\" \/><\/figure>\n\n\n\n<h2 class=\"wp-block-heading\">Hvad er Eikholt-testen?<\/h2>\n\n\n\n<ul class=\"wp-block-list\">\n<li>Eikholt-testen er en audiovisuel test af taleforst\u00e5else, der giver fagfolk et godt v\u00e6rkt\u00f8j til at kortl\u00e6gge funktionel syns- og h\u00f8reevne.<\/li>\n\n\n\n<li>Taleforst\u00e5else er et audiovisuelt f\u00e6nomen. Kort sagt betyder det, at hvad og hvor meget vi opfatter i kommunikationen med andre, er et resultat af samspillet mellem syn og h\u00f8relse.<\/li>\n\n\n\n<li>Hos Eikholt oplever vi, at mange mennesker med kombinerede sansehandicap har f\u00e5et afslag p\u00e5 n\u00f8dvendige og passende ydelser eller hj\u00e6lpemidler, fordi de enten har set eller h\u00f8rt \"for godt\". Denne vurdering er ofte baseret p\u00e5 kliniske syns- og h\u00f8retests, som ikke er relevante for personens faktiske udfordringer.<\/li>\n\n\n\n<li>Vi har brug for gode funktionelle h\u00f8retests, der beskriver og kvantificerer en persons faktiske evne til at fungere i sociale situationer. Kort sagt betyder det, at testbetingelserne skal v\u00e6re s\u00e5 t\u00e6t p\u00e5 en reel lyttesituation som muligt. P\u00e5 den m\u00e5de vil resultaterne give p\u00e5lidelige oplysninger om den faktiske funktion og give en mere omfattende funktionel kortl\u00e6gning. <\/li>\n\n\n\n<li>Eikholt har i nogen tid arbejdet p\u00e5 at udvikle en ny, avanceret audiovisuel taleforst\u00e5elsestest, der har god lyd- og billedkvalitet, omfattende s\u00e6tningsmateriale udviklet i samarbejde med lingvister, og som kan afvikles uden kompliceret eller dyrt specialudstyr. Se links nederst p\u00e5 denne side for mere information, herunder tekniske data.<\/li>\n<\/ul>\n\n\n\n<h2 class=\"wp-block-heading\">Hvem bruger Eikholt-testen?<\/h2>\n\n\n\n<p>Testen blev lanceret p\u00e5 Eikholt-konferencen den 23. august 2023 og bliver i \u00f8jeblikket brugt af audiografer, audiop\u00e6dagoger, specialp\u00e6dagoger og andre, b\u00e5de i den private og offentlige sektor. I l\u00f8bet af efter\u00e5ret og vinteren 2024\/2025 vil testen v\u00e6re tilg\u00e6ngelig p\u00e5 en r\u00e6kke h\u00f8recentre og hos private \u00f8re-, n\u00e6se- og halsspecialister.<\/p>\n\n\n\n<h2 class=\"wp-block-heading\"><strong>Vil du bruge Eikholt-testen?<\/strong><\/h2>\n\n\n\n<p>Eikholt-testen er tilg\u00e6ngelig for alle, der arbejder med syn, h\u00f8relse og kommunikation. Den f\u00e5s i forskellige versioner afh\u00e6ngigt af dine behov, og hvordan testen skal bruges. Kontakt venligst Rolf Mj\u00f8nes via e-mail; <a href=\"mailto:rolf.mjones@eikholt.no\">rolf.mjones@eikholt.no<\/a><\/p>\n\n\n\n<h2 class=\"wp-block-heading\">Hvad? <strong>Koster licensen noget?<\/strong><\/h2>\n\n\n\n<p>Adgang til Eikholt-testen er baseret p\u00e5 en licens fra Eikholt. <strong>Testen er gratis at modtage<\/strong>Der vil dog blive opkr\u00e6vet et gebyr til d\u00e6kning af Eikholt's omkostninger i forbindelse med installation og uddannelse (i perioden 2025-2026 d\u00e6kkes dette af projektmidler). <\/p>\n\n\n\n<p>For mere information, kontakt venligst projektleder Rolf Mj\u00f8nes via e-mail; <a href=\"mailto:rolf.mjones@eikholt.no\"><strong>rolf.mjones@eikholt.no<\/strong><\/a><\/p>\n\n\n\n<figure class=\"wp-block-image size-large\"><img loading=\"lazy\" decoding=\"async\" width=\"1024\" height=\"504\" src=\"https:\/\/www.eikholt.no\/app\/uploads\/2023\/06\/EAVT-IMG2-1024x504.png\" alt=\"\" class=\"wp-image-947\" srcset=\"https:\/\/www.eikholt.no\/app\/uploads\/2023\/06\/EAVT-IMG2-1024x504.png 1024w, https:\/\/www.eikholt.no\/app\/uploads\/2023\/06\/EAVT-IMG2-300x148.png 300w, https:\/\/www.eikholt.no\/app\/uploads\/2023\/06\/EAVT-IMG2-768x378.png 768w, https:\/\/www.eikholt.no\/app\/uploads\/2023\/06\/EAVT-IMG2-1536x756.png 1536w, https:\/\/www.eikholt.no\/app\/uploads\/2023\/06\/EAVT-IMG2-2048x1008.png 2048w\" sizes=\"auto, (max-width: 1024px) 100vw, 1024px\" \/><\/figure>\n\n\n\n<figure class=\"wp-block-image size-large\"><img loading=\"lazy\" decoding=\"async\" width=\"1024\" height=\"575\" src=\"https:\/\/www.eikholt.no\/app\/uploads\/2023\/06\/P1000851-scaled-1-1024x575.jpg\" alt=\"\" class=\"wp-image-948\" srcset=\"https:\/\/www.eikholt.no\/app\/uploads\/2023\/06\/P1000851-scaled-1-1024x575.jpg 1024w, https:\/\/www.eikholt.no\/app\/uploads\/2023\/06\/P1000851-scaled-1-300x168.jpg 300w, https:\/\/www.eikholt.no\/app\/uploads\/2023\/06\/P1000851-scaled-1-768x431.jpg 768w, https:\/\/www.eikholt.no\/app\/uploads\/2023\/06\/P1000851-scaled-1-1536x862.jpg 1536w, https:\/\/www.eikholt.no\/app\/uploads\/2023\/06\/P1000851-scaled-1-2048x1150.jpg 2048w\" sizes=\"auto, (max-width: 1024px) 100vw, 1024px\" \/><\/figure>\n\n\n\n<figure class=\"wp-block-image size-large\"><img loading=\"lazy\" decoding=\"async\" width=\"1024\" height=\"567\" src=\"https:\/\/www.eikholt.no\/app\/uploads\/2023\/06\/EAVT-IMG1-1024x567.png\" alt=\"\" class=\"wp-image-949\" srcset=\"https:\/\/www.eikholt.no\/app\/uploads\/2023\/06\/EAVT-IMG1-1024x567.png 1024w, https:\/\/www.eikholt.no\/app\/uploads\/2023\/06\/EAVT-IMG1-300x166.png 300w, https:\/\/www.eikholt.no\/app\/uploads\/2023\/06\/EAVT-IMG1-768x425.png 768w, https:\/\/www.eikholt.no\/app\/uploads\/2023\/06\/EAVT-IMG1-1536x851.png 1536w, https:\/\/www.eikholt.no\/app\/uploads\/2023\/06\/EAVT-IMG1-2048x1134.png 2048w\" sizes=\"auto, (max-width: 1024px) 100vw, 1024px\" \/><\/figure>\n\n\n\n<p><\/p>\n\n\n\n<h1 class=\"wp-block-heading\"><strong>Seneste nyt:<\/strong><\/h1>\n\n\n\n<h2 class=\"wp-block-heading\">Vil du bidrage til forskningen?<\/h2>\n\n\n\n<p><strong>19. September 2025:<\/strong> Vi rekrutterer i \u00f8jeblikket til et forskningsprojekt, der har til form\u00e5l at indhente normdata for Eikholt-testen. Vi har brug for deltagere med normalt syn og h\u00f8relse, som fysisk kan deltage i Eikholt. <br><br><strong><a href=\"https:\/\/www.eikholt.no\/da\/test-af-egetrae\/o-du-vil-bidrage-til-forskningen-pa-eikholt-test\/\">Klik her for mere information<\/a>.<\/strong><\/p>\n\n\n\n<h2 class=\"wp-block-heading\">6 studerende unders\u00f8ger Eikholt-testen<\/h2>\n\n\n\n<p><strong>1. 1. september 2025:<\/strong> Dette efter\u00e5r og for\u00e5r forsker i alt seks studerende i Eikholt-testen p\u00e5 bachelor- eller masterniveau ved NTNU, UIO og USN. Projekterne er b\u00e5de kvantitative og kvalitative, og data fra disse studier vil hj\u00e6lpe med at kvalitetssikre testen og bidrage til den fremtidige udvikling af nye funktioner og bedre normdata. Projekterne vil blive offentliggjort i l\u00f8bet af sommeren 2026. <\/p>\n\n\n\n<p><\/p>\n\n\n\n<h2 class=\"wp-block-heading\">Yderligere validering af Eikholt-testen ved NTNU<\/h2>\n\n\n\n<p><mark style=\"background-color:rgba(0, 0, 0, 0)\" class=\"has-inline-color has-black-color\"><strong>2. december 2024:<\/strong> Eikholt-testen er allerede blevet valideret ved Universitetet i Oslo (ISP).<\/mark>. <mark style=\"background-color:rgba(0, 0, 0, 0)\" class=\"has-inline-color has-black-color\">Denne vinter <\/mark>To studerende p\u00e5 audiografuddannelsen ved NTNU er begyndt at indsamle data ved hj\u00e6lp af Eikholt-testen. De studerende vil indsamle data om den \u00e6ldre gruppe (70+), hvilket vil resultere i endnu bedre normdata for testen.<\/p>\n\n\n\n<h2 class=\"wp-block-heading\">Projektmidler til spredning af testen<\/h2>\n\n\n\n<p><mark style=\"background-color:rgba(0, 0, 0, 0)\" class=\"has-inline-color has-black-color\"><strong>18. november 2024: <\/strong><\/mark>I efter\u00e5ret 2024 meddelte DAM Fonden, at projektet \"National udbredelse af kombineret syns- og h\u00f8retest\" vil modtage st\u00f8tte i projektperioden efter\u00e5r 2024 - vinter 2026. Det betyder, at t\u00e6rsklen for at modtage Eikholt-testen bliver endnu lavere, og at modtagerne ikke skal betale for at modtage testen eller for installation af udstyr og n\u00f8dvendig uddannelse af personale. Projektet blev st\u00f8ttet af HLF, som er den ansvarlige ans\u00f8gerorganisation. L\u00e6s mere om projektet p\u00e5 <a href=\"https:\/\/dam.no\/prosjekter\/nasjonal-spredning-av-kombinert-syn-og-horselstest\/\">DAM-fondens hjemmeside<\/a>.<\/p>\n\n\n\n<h2 class=\"wp-block-heading has-large-font-size\">Testversion 2.0 af Eikholt vil blive lanceret i efter\u00e5ret 2024:<\/h2>\n\n\n\n<p><strong><mark style=\"background-color:rgba(0, 0, 0, 0)\" class=\"has-inline-color has-black-color\">20. august 2024:<\/mark> <\/strong>Dette efter\u00e5r g\u00f8r vi den opdaterede, validerede version af Eikholt-testen tilg\u00e6ngelig. Ud over nye lister baseret p\u00e5 normdata fra ISP ved UIO indeholder testen en r\u00e6kke nye funktioner og forbedringer, som vil g\u00f8re testprocessen endnu mere effektiv og brugervenlig.<\/p>\n\n\n\n<p><strong>Rapportfunktion<\/strong>.<\/p>\n\n\n\n<p>Nu kan du generere en detaljeret rapport baseret p\u00e5 de seneste testresultater, herunder en forklarende tekst, der beskriver patientens grad af audiovisuel forst\u00e6rkning sammenlignet med normalbefolkningen. Rapporten indeholder flere informationsrige elementer, der hj\u00e6lper dig med at fortolke resultaterne fra de forskellige testbetingelser. <\/p>\n\n\n\n<figure class=\"wp-block-image size-large\"><img loading=\"lazy\" decoding=\"async\" width=\"1024\" height=\"736\" src=\"https:\/\/www.eikholt.no\/app\/uploads\/2024\/08\/image-1-1024x736.png\" alt=\"Et sk\u00e6rmbillede af en audiovisuel testrapport med s\u00f8jlediagrammer og en tekst, der beskriver resultatet.\" class=\"wp-image-3276\" srcset=\"https:\/\/www.eikholt.no\/app\/uploads\/2024\/08\/image-1-1024x736.png 1024w, https:\/\/www.eikholt.no\/app\/uploads\/2024\/08\/image-1-300x216.png 300w, https:\/\/www.eikholt.no\/app\/uploads\/2024\/08\/image-1-768x552.png 768w, https:\/\/www.eikholt.no\/app\/uploads\/2024\/08\/image-1-1536x1104.png 1536w, https:\/\/www.eikholt.no\/app\/uploads\/2024\/08\/image-1.png 1637w\" sizes=\"auto, (max-width: 1024px) 100vw, 1024px\" \/><\/figure>\n\n\n\n<p>Version 2.0 af testen vil blive gjort tilg\u00e6ngelig for alle tidligere modtagere af testen, og alle nye modtagere vil automatisk modtage den nyeste version. <\/p>\n\n\n\n<p>Hold dig opdateret med alle nye funktioner og forbedringer p\u00e5 <strong><a href=\"https:\/\/eavt-versjonslogg.netlify.app\">Eikholt test version log<\/a>.<\/strong><\/p>\n\n\n\n<p><\/p>","protected":false},"excerpt":{"rendered":"<p>Hva er Eikholt-testen? Hvem bruker Eikholt-testen? Testen ble lansert p\u00e5 Eikholt-konferansen den 23 august 2023 og er i dag tatt i bruk av audiografer, audiopedagoger, spesialpedagoger og andre, b\u00e5de innenfor privat og offentlig sektor. Testen blir i l\u00f8pet av h\u00f8sten og vinteren 2024\/2025 tilgjengelig ved en rekke h\u00f8resentraler og private \u00d8re-Nese-Hals avtalespesialister. \u00d8nsker du \u00e5<\/p>","protected":false},"author":1,"featured_media":949,"parent":0,"menu_order":0,"comment_status":"closed","ping_status":"closed","template":"templates\/eikholt-test.blade.php","meta":{"_acf_changed":false,"inline_featured_image":false,"ep_exclude_from_search":false,"footnotes":""},"class_list":["post-497","page","type-page","status-publish","has-post-thumbnail","hentry"],"acf":[],"yoast_head":"<!-- This site is optimized with the Yoast SEO plugin v25.8 - https:\/\/yoast.com\/wordpress\/plugins\/seo\/ -->\n<title>Om Eikholt-testen<\/title>\n<meta name=\"description\" content=\"Les om Eikholt-testen, en audiovisuell test av taleforst\u00e5else. Eikholt-testen er tilgjengelig for alle som arbeider med syn, h\u00f8rsel og kommunikasjon.\" \/>\n<meta name=\"robots\" content=\"index, follow, max-snippet:-1, max-image-preview:large, max-video-preview:-1\" \/>\n<link rel=\"canonical\" href=\"https:\/\/www.eikholt.no\/da\/test-af-egetrae\/\" \/>\n<meta property=\"og:locale\" content=\"da_DK\" \/>\n<meta property=\"og:type\" content=\"article\" \/>\n<meta property=\"og:title\" content=\"Om Eikholt-testen\" \/>\n<meta property=\"og:description\" content=\"Les om Eikholt-testen, en audiovisuell test av taleforst\u00e5else. Eikholt-testen er tilgjengelig for alle som arbeider med syn, h\u00f8rsel og kommunikasjon.\" \/>\n<meta property=\"og:url\" content=\"https:\/\/www.eikholt.no\/da\/test-af-egetrae\/\" \/>\n<meta property=\"og:site_name\" content=\"Eikholt\" \/>\n<meta property=\"article:publisher\" content=\"https:\/\/www.facebook.com\/eikholt.kompetansesenter\" \/>\n<meta property=\"article:modified_time\" content=\"2025-11-26T07:43:55+00:00\" \/>\n<meta property=\"og:image\" content=\"https:\/\/www.eikholt.no\/app\/uploads\/2023\/06\/EAVT-IMG1-1024x567.png\" \/>\n\t<meta property=\"og:image:width\" content=\"1024\" \/>\n\t<meta property=\"og:image:height\" content=\"567\" \/>\n\t<meta property=\"og:image:type\" content=\"image\/png\" \/>\n<meta name=\"twitter:card\" content=\"summary_large_image\" \/>\n<meta name=\"twitter:label1\" content=\"Est. reading time\" \/>\n\t<meta name=\"twitter:data1\" content=\"6 minutes\" \/>\n<script type=\"application\/ld+json\" class=\"yoast-schema-graph\">{\"@context\":\"https:\/\/schema.org\",\"@graph\":[{\"@type\":\"WebPage\",\"@id\":\"https:\/\/www.eikholt.no\/eikholt-testen\/\",\"url\":\"https:\/\/www.eikholt.no\/eikholt-testen\/\",\"name\":\"Om Eikholt-testen\",\"isPartOf\":{\"@id\":\"https:\/\/www.eikholt.no\/#website\"},\"primaryImageOfPage\":{\"@id\":\"https:\/\/www.eikholt.no\/eikholt-testen\/#primaryimage\"},\"image\":{\"@id\":\"https:\/\/www.eikholt.no\/eikholt-testen\/#primaryimage\"},\"thumbnailUrl\":\"https:\/\/www.eikholt.no\/app\/uploads\/2023\/06\/EAVT-IMG1.png\",\"datePublished\":\"2023-05-12T09:53:55+00:00\",\"dateModified\":\"2025-11-26T07:43:55+00:00\",\"description\":\"Les om Eikholt-testen, en audiovisuell test av taleforst\u00e5else. Eikholt-testen er tilgjengelig for alle som arbeider med syn, h\u00f8rsel og kommunikasjon.\",\"breadcrumb\":{\"@id\":\"https:\/\/www.eikholt.no\/eikholt-testen\/#breadcrumb\"},\"inLanguage\":\"da-DK\",\"potentialAction\":[{\"@type\":\"ReadAction\",\"target\":[\"https:\/\/www.eikholt.no\/eikholt-testen\/\"]}]},{\"@type\":\"ImageObject\",\"inLanguage\":\"da-DK\",\"@id\":\"https:\/\/www.eikholt.no\/eikholt-testen\/#primaryimage\",\"url\":\"https:\/\/www.eikholt.no\/app\/uploads\/2023\/06\/EAVT-IMG1.png\",\"contentUrl\":\"https:\/\/www.eikholt.no\/app\/uploads\/2023\/06\/EAVT-IMG1.png\",\"width\":2842,\"height\":1574,\"caption\":\"Et skjermbilde med tekst og bilde. I bakgrunnen en person.\"},{\"@type\":\"BreadcrumbList\",\"@id\":\"https:\/\/www.eikholt.no\/eikholt-testen\/#breadcrumb\",\"itemListElement\":[{\"@type\":\"ListItem\",\"position\":1,\"name\":\"Forside\",\"item\":\"https:\/\/www.eikholt.no\/\"},{\"@type\":\"ListItem\",\"position\":2,\"name\":\"Om Eikholt-testen\"}]},{\"@type\":\"WebSite\",\"@id\":\"https:\/\/www.eikholt.no\/#website\",\"url\":\"https:\/\/www.eikholt.no\/\",\"name\":\"Eikholt\",\"description\":\"\",\"publisher\":{\"@id\":\"https:\/\/www.eikholt.no\/#organization\"},\"potentialAction\":[{\"@type\":\"SearchAction\",\"target\":{\"@type\":\"EntryPoint\",\"urlTemplate\":\"https:\/\/www.eikholt.no\/?s={search_term_string}\"},\"query-input\":{\"@type\":\"PropertyValueSpecification\",\"valueRequired\":true,\"valueName\":\"search_term_string\"}}],\"inLanguage\":\"da-DK\"},{\"@type\":\"Organization\",\"@id\":\"https:\/\/www.eikholt.no\/#organization\",\"name\":\"Eikholt\",\"url\":\"https:\/\/www.eikholt.no\/\",\"logo\":{\"@type\":\"ImageObject\",\"inLanguage\":\"da-DK\",\"@id\":\"https:\/\/www.eikholt.no\/#\/schema\/logo\/image\/\",\"url\":\"https:\/\/www.eikholt.no\/app\/uploads\/2024\/04\/cropped-Logo-Eikholt-ny.jpg\",\"contentUrl\":\"https:\/\/www.eikholt.no\/app\/uploads\/2024\/04\/cropped-Logo-Eikholt-ny.jpg\",\"width\":419,\"height\":209,\"caption\":\"Eikholt\"},\"image\":{\"@id\":\"https:\/\/www.eikholt.no\/#\/schema\/logo\/image\/\"},\"sameAs\":[\"https:\/\/www.facebook.com\/eikholt.kompetansesenter\"]}]}<\/script>\n<!-- \/ Yoast SEO plugin. -->","yoast_head_json":{"title":"Om Eikholt-testen","description":"L\u00e6s om Eikholt-testen, en audiovisuel test af taleforst\u00e5else. Eikholt-testen er tilg\u00e6ngelig for alle, der arbejder med syn, h\u00f8relse og kommunikation.","robots":{"index":"index","follow":"follow","max-snippet":"max-snippet:-1","max-image-preview":"max-image-preview:large","max-video-preview":"max-video-preview:-1"},"canonical":"https:\/\/www.eikholt.no\/da\/test-af-egetrae\/","og_locale":"da_DK","og_type":"article","og_title":"Om Eikholt-testen","og_description":"Les om Eikholt-testen, en audiovisuell test av taleforst\u00e5else. Eikholt-testen er tilgjengelig for alle som arbeider med syn, h\u00f8rsel og kommunikasjon.","og_url":"https:\/\/www.eikholt.no\/da\/test-af-egetrae\/","og_site_name":"Eikholt","article_publisher":"https:\/\/www.facebook.com\/eikholt.kompetansesenter","article_modified_time":"2025-11-26T07:43:55+00:00","og_image":[{"width":1024,"height":567,"url":"https:\/\/www.eikholt.no\/app\/uploads\/2023\/06\/EAVT-IMG1-1024x567.png","type":"image\/png"}],"twitter_card":"summary_large_image","twitter_misc":{"Est. reading time":"6 minutes"},"schema":{"@context":"https:\/\/schema.org","@graph":[{"@type":"WebPage","@id":"https:\/\/www.eikholt.no\/eikholt-testen\/","url":"https:\/\/www.eikholt.no\/eikholt-testen\/","name":"Om Eikholt-testen","isPartOf":{"@id":"https:\/\/www.eikholt.no\/#website"},"primaryImageOfPage":{"@id":"https:\/\/www.eikholt.no\/eikholt-testen\/#primaryimage"},"image":{"@id":"https:\/\/www.eikholt.no\/eikholt-testen\/#primaryimage"},"thumbnailUrl":"https:\/\/www.eikholt.no\/app\/uploads\/2023\/06\/EAVT-IMG1.png","datePublished":"2023-05-12T09:53:55+00:00","dateModified":"2025-11-26T07:43:55+00:00","description":"L\u00e6s om Eikholt-testen, en audiovisuel test af taleforst\u00e5else. Eikholt-testen er tilg\u00e6ngelig for alle, der arbejder med syn, h\u00f8relse og kommunikation.","breadcrumb":{"@id":"https:\/\/www.eikholt.no\/eikholt-testen\/#breadcrumb"},"inLanguage":"da-DK","potentialAction":[{"@type":"ReadAction","target":["https:\/\/www.eikholt.no\/eikholt-testen\/"]}]},{"@type":"ImageObject","inLanguage":"da-DK","@id":"https:\/\/www.eikholt.no\/eikholt-testen\/#primaryimage","url":"https:\/\/www.eikholt.no\/app\/uploads\/2023\/06\/EAVT-IMG1.png","contentUrl":"https:\/\/www.eikholt.no\/app\/uploads\/2023\/06\/EAVT-IMG1.png","width":2842,"height":1574,"caption":"Et skjermbilde med tekst og bilde. I bakgrunnen en person."},{"@type":"BreadcrumbList","@id":"https:\/\/www.eikholt.no\/eikholt-testen\/#breadcrumb","itemListElement":[{"@type":"ListItem","position":1,"name":"Forside","item":"https:\/\/www.eikholt.no\/"},{"@type":"ListItem","position":2,"name":"Om Eikholt-testen"}]},{"@type":"WebSite","@id":"https:\/\/www.eikholt.no\/#website","url":"https:\/\/www.eikholt.no\/","name":"Eikholt","description":"","publisher":{"@id":"https:\/\/www.eikholt.no\/#organization"},"potentialAction":[{"@type":"SearchAction","target":{"@type":"EntryPoint","urlTemplate":"https:\/\/www.eikholt.no\/?s={search_term_string}"},"query-input":{"@type":"PropertyValueSpecification","valueRequired":true,"valueName":"search_term_string"}}],"inLanguage":"da-DK"},{"@type":"Organization","@id":"https:\/\/www.eikholt.no\/#organization","name":"Eikholt","url":"https:\/\/www.eikholt.no\/","logo":{"@type":"ImageObject","inLanguage":"da-DK","@id":"https:\/\/www.eikholt.no\/#\/schema\/logo\/image\/","url":"https:\/\/www.eikholt.no\/app\/uploads\/2024\/04\/cropped-Logo-Eikholt-ny.jpg","contentUrl":"https:\/\/www.eikholt.no\/app\/uploads\/2024\/04\/cropped-Logo-Eikholt-ny.jpg","width":419,"height":209,"caption":"Eikholt"},"image":{"@id":"https:\/\/www.eikholt.no\/#\/schema\/logo\/image\/"},"sameAs":["https:\/\/www.facebook.com\/eikholt.kompetansesenter"]}]}},"_links":{"self":[{"href":"https:\/\/www.eikholt.no\/da\/wp-json\/wp\/v2\/pages\/497","targetHints":{"allow":["GET"]}}],"collection":[{"href":"https:\/\/www.eikholt.no\/da\/wp-json\/wp\/v2\/pages"}],"about":[{"href":"https:\/\/www.eikholt.no\/da\/wp-json\/wp\/v2\/types\/page"}],"author":[{"embeddable":true,"href":"https:\/\/www.eikholt.no\/da\/wp-json\/wp\/v2\/users\/1"}],"replies":[{"embeddable":true,"href":"https:\/\/www.eikholt.no\/da\/wp-json\/wp\/v2\/comments?post=497"}],"version-history":[{"count":49,"href":"https:\/\/www.eikholt.no\/da\/wp-json\/wp\/v2\/pages\/497\/revisions"}],"predecessor-version":[{"id":5502,"href":"https:\/\/www.eikholt.no\/da\/wp-json\/wp\/v2\/pages\/497\/revisions\/5502"}],"wp:featuredmedia":[{"embeddable":true,"href":"https:\/\/www.eikholt.no\/da\/wp-json\/wp\/v2\/media\/949"}],"wp:attachment":[{"href":"https:\/\/www.eikholt.no\/da\/wp-json\/wp\/v2\/media?parent=497"}],"curies":[{"name":"wp","href":"https:\/\/api.w.org\/{rel}","templated":true}]}}