{"id":893,"date":"2024-02-24T08:17:30","date_gmt":"2024-02-24T08:17:30","guid":{"rendered":"https:\/\/www.eikholt.no\/?post_type=service&#038;p=893"},"modified":"2024-06-19T11:54:10","modified_gmt":"2024-06-19T11:54:10","slug":"vurdering-af-syn-og-horelse-afprovning-og-tilpasning-af-hjaelpemidler","status":"publish","type":"service","link":"https:\/\/www.eikholt.no\/da\/tjenester\/vurdering-af-syn-og-horelse-afprovning-og-tilpasning-af-hjaelpemidler\/","title":{"rendered":"Vurdering af syn og h\u00f8relse og tilpasning af hj\u00e6lpemidler\u00a0\u00a0"},"content":{"rendered":"<p><a href=\"https:\/\/www.eikholt.no\/da\/\" target=\"_blank\" rel=\"noreferrer noopener\">Eikholt&nbsp;<\/a>er et ressource- og kompetencecenter, der tilbyder kurser for mennesker med kombineret syns- og h\u00f8reneds\u00e6ttelse\/d\u00f8vblindhed og deres p\u00e5r\u00f8rende.&nbsp;&nbsp;<\/p>\n\n\n\n<p>Har dine h\u00f8reapparater lyssignaler, som du ikke kan se? D\u00e6mper dine h\u00f8reapparater lyden af den hvide stok mod jorden og g\u00f8r det sv\u00e6rt at orientere sig? Er b\u00f8jlen s\u00e5 tyk, at h\u00f8reapparatet ikke passer bag \u00f8ret? Har du brug for filterbriller for at undg\u00e5 at blive bl\u00e6ndet af lyset, n\u00e5r du skal finde vej? <\/p>\n\n\n\n<p>For at du kan f\u00e5 de bedst mulige betingelser for en hverdag, hvor du kan deltage i aktiviteter, kommunikere, orientere dig og finde vej, er det vigtigt at tage hensyn til b\u00e5de syn og h\u00f8relse p\u00e5 samme tid, n\u00e5r man kortl\u00e6gger og tilpasser hj\u00e6lpemidler. Det har vi viden om og erfaring med hos Eikholt.<\/p>\n\n\n\n<h2 class=\"wp-block-heading\">Syn og h\u00f8relse p\u00e5virker hinanden<\/h2>\n\n\n\n<p>Syn og h\u00f8relse p\u00e5virker hinanden. N\u00e5r vi taler med hinanden, bruger hjernen b\u00e5de syn og h\u00f8relse til at forst\u00e5, hvad der bliver sagt. Mennesker med h\u00f8retab bruger deres syn til at h\u00f8re, hvad der bliver sagt. Mennesker med nedsat syn har brug for at h\u00f8re, hvad der bliver sagt, mere tydeligt, fordi de ikke kan se den person, der taler.  Syns- og h\u00f8rekurser er derfor nyttige, selv om man er blind eller d\u00f8v.<\/p>\n\n\n\n<h2 class=\"wp-block-heading\">Hvad er et syns- og h\u00f8rekursus?<\/h2>\n\n\n\n<p>Et syns- og h\u00f8rekursus varer normalt tre dage, og vi planl\u00e6gger indholdet af kurset sammen med dig. Du er velkommen til at tage dine n\u00e6re kontakter med. &nbsp;<\/p>\n\n\n\n<h3 class=\"wp-block-heading\"><strong>Nogle af de ting, vi g\u00f8r p\u00e5 kurset:<\/strong><\/h3>\n\n\n\n<ul class=\"wp-block-list\">\n<li>Vurdering af syn og h\u00f8relse. Dette g\u00f8res i Eikholt's audiovisuelle klinik, som ofte omtales som <a href=\"https:\/\/www.eikholt.no\/da\/af-klinikken\/\">AV-klinikken<\/a>.<\/li>\n\n\n\n<li>Pr\u00f8v hj\u00e6lpemiddelteknologi<\/li>\n\n\n\n<li>Justerer og tilpasser hj\u00e6lpemidler, s\u00e5 de giver det bedst mulige syn og den bedst mulige h\u00f8relse<\/li>\n\n\n\n<li>Afpr\u00f8v \u00e6ndringerne i forskellige situationer og aktiviteter<\/li>\n\n\n\n<li>Brug god tid p\u00e5 at informere og svare p\u00e5 sp\u00f8rgsm\u00e5l, s\u00e5 du og dine n\u00e6rmeste f\u00e5r en god forst\u00e5else af dit syns- og h\u00f8retab, og hvad det betyder i hverdagen.<\/li>\n\n\n\n<li>Inddragelse af en lokal r\u00e5dgiver og andre instanser, hvis du \u00f8nsker det<\/li>\n<\/ul>\n\n\n\n<p>Du kan ikke f\u00e5 hj\u00e6lpemidler fra Eikholt. Vi samarbejder med audiologer, optikere og hj\u00e6lpemiddelcentraler, s\u00e5 du kan f\u00e5 h\u00f8reapparater og hj\u00e6lpemidler, som du har afpr\u00f8vet hos os. <\/p>\n\n\n\n<p><strong>Vil du gerne have et personligt syns- og h\u00f8rekursus?<\/strong> Du kan finde formularen her: <a href=\"https:\/\/www.eikholt.no\/da\/ansogningsskema-for-individuelle-kurser\/\" target=\"_blank\" rel=\"noreferrer noopener\">Foresp\u00f8rgsel om individuelt kursus<\/a>&nbsp;<\/p>\n\n\n\n<p><strong>Har du nogen sp\u00f8rgsm\u00e5l?<\/strong> Du kan finde kontaktformularen her:&nbsp;<a href=\"https:\/\/www.eikholt.no\/da\/kontakt-os\/\" target=\"_blank\" rel=\"noreferrer noopener\">Kontakt os<\/a>&nbsp;<\/p>\n\n\n\n<p>Hvis du vil l\u00e6se mere om AV-klinikken, kan du klikke p\u00e5 <a href=\"https:\/\/www.eikholt.no\/da\/af-klinikken\/\">her<\/a> <\/p>\n\n\n\n<p>Her finder du vores <a href=\"https:\/\/www.eikholt.no\/da\/kursus\/\">gruppeforl\u00f8b<\/a><\/p>\n\n\n\n<h2 class=\"wp-block-heading\">Er du interesseret i mere information om Eikholt?<\/h2>\n\n\n\n<p>Download appen Info Screen Go i App Store eller Google Play.<\/p>\n\n\n\n<p>Brug koden&nbsp;<strong>Eikholt80<\/strong><\/p>\n\n\n\n<figure class=\"wp-block-image size-medium\"><img loading=\"lazy\" decoding=\"async\" width=\"230\" height=\"300\" src=\"https:\/\/www.eikholt.no\/app\/uploads\/2024\/04\/image-230x300.png\" alt=\"\" class=\"wp-image-2763\" srcset=\"https:\/\/www.eikholt.no\/app\/uploads\/2024\/04\/image-230x300.png 230w, https:\/\/www.eikholt.no\/app\/uploads\/2024\/04\/image.png 360w\" sizes=\"auto, (max-width: 230px) 100vw, 230px\" \/><\/figure>","protected":false},"parent":0,"template":"","class_list":["post-893","service","type-service","status-publish","hentry","cat-service-syns-og-horselskurs"],"acf":[],"yoast_head":"<!-- This site is optimized with the Yoast SEO plugin v25.8 - https:\/\/yoast.com\/wordpress\/plugins\/seo\/ -->\n<title>Eikholt Syns- og h\u00f8rselskartlegging og tilpasning av hjelpemidler\u00a0\u00a0 -<\/title>\n<meta name=\"description\" content=\"P\u00e5 Eikholt f\u00e5r du kartlegging av syn og h\u00f8rsel sett i sammenheng, tilpasning av hjelpemidler, og god tid til \u00e5 pr\u00f8ve disse i aktiviteter.\" \/>\n<meta name=\"robots\" content=\"index, follow, max-snippet:-1, max-image-preview:large, max-video-preview:-1\" \/>\n<link rel=\"canonical\" href=\"https:\/\/www.eikholt.no\/da\/tjenester\/vurdering-af-syn-og-horelse-afprovning-og-tilpasning-af-hjaelpemidler\/\" \/>\n<meta property=\"og:locale\" content=\"da_DK\" \/>\n<meta property=\"og:type\" content=\"article\" \/>\n<meta property=\"og:title\" content=\"Eikholt Syns- og h\u00f8rselskartlegging og tilpasning av hjelpemidler\u00a0\u00a0 -\" \/>\n<meta property=\"og:description\" content=\"P\u00e5 Eikholt f\u00e5r du kartlegging av syn og h\u00f8rsel sett i sammenheng, tilpasning av hjelpemidler, og god tid til \u00e5 pr\u00f8ve disse i aktiviteter.\" \/>\n<meta property=\"og:url\" content=\"https:\/\/www.eikholt.no\/da\/tjenester\/vurdering-af-syn-og-horelse-afprovning-og-tilpasning-af-hjaelpemidler\/\" \/>\n<meta property=\"og:site_name\" content=\"Eikholt\" \/>\n<meta property=\"article:publisher\" content=\"https:\/\/www.facebook.com\/eikholt.kompetansesenter\" \/>\n<meta property=\"article:modified_time\" content=\"2024-06-19T11:54:10+00:00\" \/>\n<meta property=\"og:image\" content=\"https:\/\/www.eikholt.no\/app\/uploads\/2024\/04\/image-230x300.png\" \/>\n<meta name=\"twitter:card\" content=\"summary_large_image\" \/>\n<meta name=\"twitter:label1\" content=\"Est. reading time\" \/>\n\t<meta name=\"twitter:data1\" content=\"3 minutes\" \/>\n<script type=\"application\/ld+json\" class=\"yoast-schema-graph\">{\"@context\":\"https:\/\/schema.org\",\"@graph\":[{\"@type\":\"WebPage\",\"@id\":\"https:\/\/www.eikholt.no\/tjenester\/syns-og-horselskartlegging-utproving-og-tilpasning-av-hjelpemidler\/\",\"url\":\"https:\/\/www.eikholt.no\/tjenester\/syns-og-horselskartlegging-utproving-og-tilpasning-av-hjelpemidler\/\",\"name\":\"Eikholt Syns- og h\u00f8rselskartlegging og tilpasning av hjelpemidler\u00a0\u00a0 -\",\"isPartOf\":{\"@id\":\"https:\/\/www.eikholt.no\/#website\"},\"primaryImageOfPage\":{\"@id\":\"https:\/\/www.eikholt.no\/tjenester\/syns-og-horselskartlegging-utproving-og-tilpasning-av-hjelpemidler\/#primaryimage\"},\"image\":{\"@id\":\"https:\/\/www.eikholt.no\/tjenester\/syns-og-horselskartlegging-utproving-og-tilpasning-av-hjelpemidler\/#primaryimage\"},\"thumbnailUrl\":\"https:\/\/www.eikholt.no\/app\/uploads\/2024\/04\/image-230x300.png\",\"datePublished\":\"2024-02-24T08:17:30+00:00\",\"dateModified\":\"2024-06-19T11:54:10+00:00\",\"description\":\"P\u00e5 Eikholt f\u00e5r du kartlegging av syn og h\u00f8rsel sett i sammenheng, tilpasning av hjelpemidler, og god tid til \u00e5 pr\u00f8ve disse i aktiviteter.\",\"breadcrumb\":{\"@id\":\"https:\/\/www.eikholt.no\/tjenester\/syns-og-horselskartlegging-utproving-og-tilpasning-av-hjelpemidler\/#breadcrumb\"},\"inLanguage\":\"da-DK\",\"potentialAction\":[{\"@type\":\"ReadAction\",\"target\":[\"https:\/\/www.eikholt.no\/tjenester\/syns-og-horselskartlegging-utproving-og-tilpasning-av-hjelpemidler\/\"]}]},{\"@type\":\"ImageObject\",\"inLanguage\":\"da-DK\",\"@id\":\"https:\/\/www.eikholt.no\/tjenester\/syns-og-horselskartlegging-utproving-og-tilpasning-av-hjelpemidler\/#primaryimage\",\"url\":\"https:\/\/www.eikholt.no\/app\/uploads\/2024\/04\/image-230x300.png\",\"contentUrl\":\"https:\/\/www.eikholt.no\/app\/uploads\/2024\/04\/image-230x300.png\"},{\"@type\":\"BreadcrumbList\",\"@id\":\"https:\/\/www.eikholt.no\/tjenester\/syns-og-horselskartlegging-utproving-og-tilpasning-av-hjelpemidler\/#breadcrumb\",\"itemListElement\":[{\"@type\":\"ListItem\",\"position\":1,\"name\":\"Forside\",\"item\":\"https:\/\/www.eikholt.no\/\"},{\"@type\":\"ListItem\",\"position\":2,\"name\":\"Tjenester\",\"item\":\"https:\/\/www.eikholt.no\/tjenester\/\"},{\"@type\":\"ListItem\",\"position\":3,\"name\":\"Syns- og h\u00f8rselskartlegging og tilpasning av hjelpemidler\u00a0\u00a0\"}]},{\"@type\":\"WebSite\",\"@id\":\"https:\/\/www.eikholt.no\/#website\",\"url\":\"https:\/\/www.eikholt.no\/\",\"name\":\"Eikholt\",\"description\":\"\",\"publisher\":{\"@id\":\"https:\/\/www.eikholt.no\/#organization\"},\"potentialAction\":[{\"@type\":\"SearchAction\",\"target\":{\"@type\":\"EntryPoint\",\"urlTemplate\":\"https:\/\/www.eikholt.no\/?s={search_term_string}\"},\"query-input\":{\"@type\":\"PropertyValueSpecification\",\"valueRequired\":true,\"valueName\":\"search_term_string\"}}],\"inLanguage\":\"da-DK\"},{\"@type\":\"Organization\",\"@id\":\"https:\/\/www.eikholt.no\/#organization\",\"name\":\"Eikholt\",\"url\":\"https:\/\/www.eikholt.no\/\",\"logo\":{\"@type\":\"ImageObject\",\"inLanguage\":\"da-DK\",\"@id\":\"https:\/\/www.eikholt.no\/#\/schema\/logo\/image\/\",\"url\":\"https:\/\/www.eikholt.no\/app\/uploads\/2024\/04\/cropped-Logo-Eikholt-ny.jpg\",\"contentUrl\":\"https:\/\/www.eikholt.no\/app\/uploads\/2024\/04\/cropped-Logo-Eikholt-ny.jpg\",\"width\":419,\"height\":209,\"caption\":\"Eikholt\"},\"image\":{\"@id\":\"https:\/\/www.eikholt.no\/#\/schema\/logo\/image\/\"},\"sameAs\":[\"https:\/\/www.facebook.com\/eikholt.kompetansesenter\"]}]}<\/script>\n<!-- \/ Yoast SEO plugin. -->","yoast_head_json":{"title":"Eikholt Syns- og h\u00f8revurdering og tilpasning af hj\u00e6lpemidler -.","description":"I Eikholt f\u00e5r du vurderet dit syn og din h\u00f8relse i sammenh\u00e6ng, tilpasset hj\u00e6lpemidler og masser af tid til at afpr\u00f8ve dem i aktiviteter.","robots":{"index":"index","follow":"follow","max-snippet":"max-snippet:-1","max-image-preview":"max-image-preview:large","max-video-preview":"max-video-preview:-1"},"canonical":"https:\/\/www.eikholt.no\/da\/tjenester\/vurdering-af-syn-og-horelse-afprovning-og-tilpasning-af-hjaelpemidler\/","og_locale":"da_DK","og_type":"article","og_title":"Eikholt Syns- og h\u00f8rselskartlegging og tilpasning av hjelpemidler\u00a0\u00a0 -","og_description":"P\u00e5 Eikholt f\u00e5r du kartlegging av syn og h\u00f8rsel sett i sammenheng, tilpasning av hjelpemidler, og god tid til \u00e5 pr\u00f8ve disse i aktiviteter.","og_url":"https:\/\/www.eikholt.no\/da\/tjenester\/vurdering-af-syn-og-horelse-afprovning-og-tilpasning-af-hjaelpemidler\/","og_site_name":"Eikholt","article_publisher":"https:\/\/www.facebook.com\/eikholt.kompetansesenter","article_modified_time":"2024-06-19T11:54:10+00:00","og_image":[{"url":"https:\/\/www.eikholt.no\/app\/uploads\/2024\/04\/image-230x300.png","type":"","width":"","height":""}],"twitter_card":"summary_large_image","twitter_misc":{"Est. reading time":"3 minutes"},"schema":{"@context":"https:\/\/schema.org","@graph":[{"@type":"WebPage","@id":"https:\/\/www.eikholt.no\/tjenester\/syns-og-horselskartlegging-utproving-og-tilpasning-av-hjelpemidler\/","url":"https:\/\/www.eikholt.no\/tjenester\/syns-og-horselskartlegging-utproving-og-tilpasning-av-hjelpemidler\/","name":"Eikholt Syns- og h\u00f8revurdering og tilpasning af hj\u00e6lpemidler -.","isPartOf":{"@id":"https:\/\/www.eikholt.no\/#website"},"primaryImageOfPage":{"@id":"https:\/\/www.eikholt.no\/tjenester\/syns-og-horselskartlegging-utproving-og-tilpasning-av-hjelpemidler\/#primaryimage"},"image":{"@id":"https:\/\/www.eikholt.no\/tjenester\/syns-og-horselskartlegging-utproving-og-tilpasning-av-hjelpemidler\/#primaryimage"},"thumbnailUrl":"https:\/\/www.eikholt.no\/app\/uploads\/2024\/04\/image-230x300.png","datePublished":"2024-02-24T08:17:30+00:00","dateModified":"2024-06-19T11:54:10+00:00","description":"I Eikholt f\u00e5r du vurderet dit syn og din h\u00f8relse i sammenh\u00e6ng, tilpasset hj\u00e6lpemidler og masser af tid til at afpr\u00f8ve dem i aktiviteter.","breadcrumb":{"@id":"https:\/\/www.eikholt.no\/tjenester\/syns-og-horselskartlegging-utproving-og-tilpasning-av-hjelpemidler\/#breadcrumb"},"inLanguage":"da-DK","potentialAction":[{"@type":"ReadAction","target":["https:\/\/www.eikholt.no\/tjenester\/syns-og-horselskartlegging-utproving-og-tilpasning-av-hjelpemidler\/"]}]},{"@type":"ImageObject","inLanguage":"da-DK","@id":"https:\/\/www.eikholt.no\/tjenester\/syns-og-horselskartlegging-utproving-og-tilpasning-av-hjelpemidler\/#primaryimage","url":"https:\/\/www.eikholt.no\/app\/uploads\/2024\/04\/image-230x300.png","contentUrl":"https:\/\/www.eikholt.no\/app\/uploads\/2024\/04\/image-230x300.png"},{"@type":"BreadcrumbList","@id":"https:\/\/www.eikholt.no\/tjenester\/syns-og-horselskartlegging-utproving-og-tilpasning-av-hjelpemidler\/#breadcrumb","itemListElement":[{"@type":"ListItem","position":1,"name":"Forside","item":"https:\/\/www.eikholt.no\/"},{"@type":"ListItem","position":2,"name":"Tjenester","item":"https:\/\/www.eikholt.no\/tjenester\/"},{"@type":"ListItem","position":3,"name":"Syns- og h\u00f8rselskartlegging og tilpasning av hjelpemidler\u00a0\u00a0"}]},{"@type":"WebSite","@id":"https:\/\/www.eikholt.no\/#website","url":"https:\/\/www.eikholt.no\/","name":"Eikholt","description":"","publisher":{"@id":"https:\/\/www.eikholt.no\/#organization"},"potentialAction":[{"@type":"SearchAction","target":{"@type":"EntryPoint","urlTemplate":"https:\/\/www.eikholt.no\/?s={search_term_string}"},"query-input":{"@type":"PropertyValueSpecification","valueRequired":true,"valueName":"search_term_string"}}],"inLanguage":"da-DK"},{"@type":"Organization","@id":"https:\/\/www.eikholt.no\/#organization","name":"Eikholt","url":"https:\/\/www.eikholt.no\/","logo":{"@type":"ImageObject","inLanguage":"da-DK","@id":"https:\/\/www.eikholt.no\/#\/schema\/logo\/image\/","url":"https:\/\/www.eikholt.no\/app\/uploads\/2024\/04\/cropped-Logo-Eikholt-ny.jpg","contentUrl":"https:\/\/www.eikholt.no\/app\/uploads\/2024\/04\/cropped-Logo-Eikholt-ny.jpg","width":419,"height":209,"caption":"Eikholt"},"image":{"@id":"https:\/\/www.eikholt.no\/#\/schema\/logo\/image\/"},"sameAs":["https:\/\/www.facebook.com\/eikholt.kompetansesenter"]}]}},"_links":{"self":[{"href":"https:\/\/www.eikholt.no\/da\/wp-json\/wp\/v2\/service\/893","targetHints":{"allow":["GET"]}}],"collection":[{"href":"https:\/\/www.eikholt.no\/da\/wp-json\/wp\/v2\/service"}],"about":[{"href":"https:\/\/www.eikholt.no\/da\/wp-json\/wp\/v2\/types\/service"}],"wp:attachment":[{"href":"https:\/\/www.eikholt.no\/da\/wp-json\/wp\/v2\/media?parent=893"}],"curies":[{"name":"wp","href":"https:\/\/api.w.org\/{rel}","templated":true}]}}