{"id":5930,"date":"2026-03-27T14:36:48","date_gmt":"2026-03-27T14:36:48","guid":{"rendered":"https:\/\/www.eikholt.no\/?post_type=career&#038;p=5930"},"modified":"2026-03-27T14:36:49","modified_gmt":"2026-03-27T14:36:49","slug":"neuvonantaja-kieli-ja-viestinta","status":"publish","type":"career","link":"https:\/\/www.eikholt.no\/fi\/ura\/neuvonantaja-kieli-ja-viestinta\/","title":{"rendered":"Kielen ja viestinn\u00e4n neuvonantaja"},"content":{"rendered":"<p>Haluatko ty\u00f6skennell\u00e4 kielten ja viestinn\u00e4n parissa henkil\u00f6ille, joilla on samanaikainen n\u00e4k\u00f6- ja kuulovamma? Haemme uutta ty\u00f6ntekij\u00e4\u00e4, jolla on viittomakielen tulkin tausta tai joka hallitsee viittomakielen hyvin, ja jolla on kokemusta samanaikaisesta aisti- tai kuulo-n\u00e4k\u00f6vammasta. Eikholt:ss\u00e4 meill\u00e4 on huippuosaamista omaava ammatillinen ymp\u00e4rist\u00f6, jossa panostamme monialaiseen ty\u00f6skentelyyn. Voisiko t\u00e4m\u00e4 olla seuraava ty\u00f6paikkasi?<\/p>\n\n\n\n<h2 class=\"wp-block-heading\">Teht\u00e4v\u00e4nkuvaus<\/h2>\n\n\n\n<ul class=\"wp-block-list\">\n<li>Kehitt\u00e4\u00e4 ja toteuttaa perehdytyskursseja yksil\u00f6ille ja ryhmille&nbsp;&nbsp;<\/li>\n\n\n\n<li>Kartoittaa kuntoutuksen tarpeita&nbsp;<\/li>\n\n\n\n<li>Koulutus ja ohjaus viittomakieleen, sormiaakkosiin, taktiseen viittomakieleen sek\u00e4 haptiseen kommunikaatioon ja saattuun<\/li>\n\n\n\n<li>Ohjaus ja koulutus l\u00e4heisille ja ammattilaisille<\/li>\n\n\n\n<li>V\u00e4litt\u00e4minen ja yhteisty\u00f6 ulkopuolisten kanssa&nbsp;&nbsp;<\/li>\n\n\n\n<li>Poikkialainen projektity\u00f6 ja palvelukehitys &nbsp;&nbsp;<\/li>\n<\/ul>\n\n\n\n<p><strong>Jonkin verran matkustamista on odotettavissa<\/strong>.<\/p>\n\n\n\n<h2 class=\"wp-block-heading\"><strong>Onko sinulla jotain n\u00e4ist\u00e4 p\u00e4tevyyksist\u00e4<\/strong>?<\/h2>\n\n\n\n<ul class=\"wp-block-list\">\n<li>Koulutus vaikeavammaisille, kuuroille ja huonokuuloisille tulkiksi<\/li>\n\n\n\n<li>Tarjoan muodollista viittomakielen osaamista tai hyv\u00e4\u00e4 viittomakielen taitoa<\/li>\n<\/ul>\n\n\n\n<h2 class=\"wp-block-heading\">T\u00e4m\u00e4 ei ole vaatimus, vaan toive:<\/h2>\n\n\n\n<ul class=\"wp-block-list\">\n<li>Kasvatustieteellinen tai sosiaali- ja terveysalan koulutus<\/li>\n\n\n\n<li>Kokemus kohderyhm\u00e4st\u00e4<\/li>\n\n\n\n<li>Opetuskokemus<\/li>\n\n\n\n<li>Neuvonta-alan asiantuntemus<\/li>\n\n\n\n<li>Kokemus AAC:st\u00e4 (apuv\u00e4lineviestint\u00e4 ja vaihtoehtoinen viestint\u00e4)<\/li>\n<\/ul>\n\n\n\n<h2 class=\"wp-block-heading\">Painotamme<\/h2>\n\n\n\n<ul class=\"wp-block-list\">\n<li>Kyky ty\u00f6skennell\u00e4 itsen\u00e4isesti ja j\u00e4rjestelm\u00e4llisesti<\/li>\n\n\n\n<li>Kyky tehd\u00e4 yhteisty\u00f6t\u00e4 eri tieteenalojen v\u00e4lill\u00e4 ja tiimeiss\u00e4.<\/li>\n\n\n\n<li>Ett\u00e4 sinulla on hyv\u00e4t kirjalliset ja suulliset ilmaisutaidot<\/li>\n<\/ul>\n\n\n\n<h2 class=\"wp-block-heading\">Voimme tarjota sinulle<\/h2>\n\n\n\n<ul class=\"wp-block-list\">\n<li>Sopimuksen mukainen palkka<\/li>\n\n\n\n<li>KLP:n hyv\u00e4t el\u00e4ke- ja vakuutusj\u00e4rjestelm\u00e4t<\/li>\n\n\n\n<li>Osallistuminen ammatillisiin verkostoihin, konferensseihin ja kursseihin<\/li>\n\n\n\n<li>Ty\u00f6paikka, jolla on korkea viihtyvyys ja motivaatio&nbsp;<\/li>\n\n\n\n<li>Sosiaalinen j\u00e4rjest\u00e4minen ymp\u00e4ri vuoden \u2013 koska pid\u00e4mme yhdess\u00e4olosta<\/li>\n\n\n\n<li>Yhteiset retket, jotka vahvistavat yhteenkuuluvuutta ja luovat hyvi\u00e4 yhteisi\u00e4 kokemuksia<\/li>\n<\/ul>\n\n\n\n<p><strong>Hakemuksia ansioluetteloineen k\u00e4sitell\u00e4\u00e4n jatkuvasti<\/strong><\/p>\n\n\n\n<div class=\"wp-block-sail-buttons left\">\n<a class=\"wp-block-sail-button filled teal\" href=\"https:\/\/www.finn.no\/job\/ad\/457408911\"><span>L\u00e4het\u00e4 hakemus<\/span><\/a>\n<\/div>\n\n\n\n<p><strong>Jos sinulla on kysytt\u00e4v\u00e4\u00e4, ota yhteytt\u00e4:<\/strong><\/p>\n\n\n\n<p>Osastonjohtajan kurssi, Hilde Melvold Osen puhelimitse: <a href=\"http:\/\/+47 971 89 673\">+47 971 89 673<\/a> tai Fagsjef Thomas \u00d8verby mobiililaitteella: <a href=\"http:\/\/+47 902 74 668\">+47 902 74 668<\/a><\/p>\n\n\n\n<h2 class=\"wp-block-heading\">Tutustu meihin!<\/h2>\n\n\n\n<p>T\u00e4ss\u00e4 voit tavata joitakin meist\u00e4, jotka ty\u00f6skentelemme Eikholt:ssa: <a href=\"https:\/\/www.eikholt.no\/fi\/ura-eikholtilla\/\"><strong>Ura - Eikholt<\/strong><\/a><\/p>\n\n\n\n<p>Haluatko tiet\u00e4\u00e4 lis\u00e4\u00e4 siit\u00e4, mit\u00e4 teemme? Lue t\u00e4st\u00e4 aiheesta <a href=\"https:\/\/www.eikholt.no\/fi\/tietoa-meista\/meista-missiomme\/\"><strong>teht\u00e4v\u00e4mme<\/strong><\/a> ja <a href=\"https:\/\/www.eikholt.no\/fi\/palvelut\/\"><strong>palvelumme<\/strong><\/a><\/p>\n\n\n\n<p><\/p>\n\n\n\n<p><\/p>","protected":false},"parent":0,"template":"","class_list":["post-5930","career","type-career","status-publish","hentry"],"acf":[],"yoast_head":"<!-- This site is optimized with the Yoast SEO plugin v25.8 - https:\/\/yoast.com\/wordpress\/plugins\/seo\/ -->\n<title>R\u00e5dgiver spr\u00e5k og kommunikasjon - Eikholt<\/title>\n<meta name=\"description\" content=\"Vi s\u00f8ker etter enda en medarbeider med bakgrunn som tegnspr\u00e5ktolk eller som behersker tegnspr\u00e5k godt. Les mer om stillingen her:\" \/>\n<meta name=\"robots\" content=\"index, follow, max-snippet:-1, max-image-preview:large, max-video-preview:-1\" \/>\n<link rel=\"canonical\" href=\"https:\/\/www.eikholt.no\/fi\/ura\/neuvonantaja-kieli-ja-viestinta\/\" \/>\n<meta property=\"og:locale\" content=\"fi_FI\" \/>\n<meta property=\"og:type\" content=\"article\" \/>\n<meta property=\"og:title\" content=\"R\u00e5dgiver spr\u00e5k og kommunikasjon - Eikholt\" \/>\n<meta property=\"og:description\" content=\"Vi s\u00f8ker etter enda en medarbeider med bakgrunn som tegnspr\u00e5ktolk eller som behersker tegnspr\u00e5k godt. Les mer om stillingen her:\" \/>\n<meta property=\"og:url\" content=\"https:\/\/www.eikholt.no\/fi\/ura\/neuvonantaja-kieli-ja-viestinta\/\" \/>\n<meta property=\"og:site_name\" content=\"Eikholt\" \/>\n<meta property=\"article:publisher\" content=\"https:\/\/www.facebook.com\/eikholt.kompetansesenter\" \/>\n<meta property=\"article:modified_time\" content=\"2026-03-27T14:36:49+00:00\" \/>\n<meta name=\"twitter:card\" content=\"summary_large_image\" \/>\n<meta name=\"twitter:label1\" content=\"Est. reading time\" \/>\n\t<meta name=\"twitter:data1\" content=\"2 minutes\" \/>\n<script type=\"application\/ld+json\" class=\"yoast-schema-graph\">{\"@context\":\"https:\/\/schema.org\",\"@graph\":[{\"@type\":\"WebPage\",\"@id\":\"https:\/\/www.eikholt.no\/karriere\/radgiver-sprak-og-kommunikasjon\/\",\"url\":\"https:\/\/www.eikholt.no\/karriere\/radgiver-sprak-og-kommunikasjon\/\",\"name\":\"R\u00e5dgiver spr\u00e5k og kommunikasjon - Eikholt\",\"isPartOf\":{\"@id\":\"https:\/\/www.eikholt.no\/#website\"},\"datePublished\":\"2026-03-27T14:36:48+00:00\",\"dateModified\":\"2026-03-27T14:36:49+00:00\",\"description\":\"Vi s\u00f8ker etter enda en medarbeider med bakgrunn som tegnspr\u00e5ktolk eller som behersker tegnspr\u00e5k godt. Les mer om stillingen her:\",\"breadcrumb\":{\"@id\":\"https:\/\/www.eikholt.no\/karriere\/radgiver-sprak-og-kommunikasjon\/#breadcrumb\"},\"inLanguage\":\"fi\",\"potentialAction\":[{\"@type\":\"ReadAction\",\"target\":[\"https:\/\/www.eikholt.no\/karriere\/radgiver-sprak-og-kommunikasjon\/\"]}]},{\"@type\":\"BreadcrumbList\",\"@id\":\"https:\/\/www.eikholt.no\/karriere\/radgiver-sprak-og-kommunikasjon\/#breadcrumb\",\"itemListElement\":[{\"@type\":\"ListItem\",\"position\":1,\"name\":\"Forside\",\"item\":\"https:\/\/www.eikholt.no\/\"},{\"@type\":\"ListItem\",\"position\":2,\"name\":\"R\u00e5dgiver spr\u00e5k og kommunikasjon\"}]},{\"@type\":\"WebSite\",\"@id\":\"https:\/\/www.eikholt.no\/#website\",\"url\":\"https:\/\/www.eikholt.no\/\",\"name\":\"Eikholt\",\"description\":\"\",\"publisher\":{\"@id\":\"https:\/\/www.eikholt.no\/#organization\"},\"potentialAction\":[{\"@type\":\"SearchAction\",\"target\":{\"@type\":\"EntryPoint\",\"urlTemplate\":\"https:\/\/www.eikholt.no\/?s={search_term_string}\"},\"query-input\":{\"@type\":\"PropertyValueSpecification\",\"valueRequired\":true,\"valueName\":\"search_term_string\"}}],\"inLanguage\":\"fi\"},{\"@type\":\"Organization\",\"@id\":\"https:\/\/www.eikholt.no\/#organization\",\"name\":\"Eikholt\",\"url\":\"https:\/\/www.eikholt.no\/\",\"logo\":{\"@type\":\"ImageObject\",\"inLanguage\":\"fi\",\"@id\":\"https:\/\/www.eikholt.no\/#\/schema\/logo\/image\/\",\"url\":\"https:\/\/www.eikholt.no\/app\/uploads\/2024\/04\/cropped-Logo-Eikholt-ny.jpg\",\"contentUrl\":\"https:\/\/www.eikholt.no\/app\/uploads\/2024\/04\/cropped-Logo-Eikholt-ny.jpg\",\"width\":419,\"height\":209,\"caption\":\"Eikholt\"},\"image\":{\"@id\":\"https:\/\/www.eikholt.no\/#\/schema\/logo\/image\/\"},\"sameAs\":[\"https:\/\/www.facebook.com\/eikholt.kompetansesenter\"]}]}<\/script>\n<!-- \/ Yoast SEO plugin. -->","yoast_head_json":{"title":"Neuvoja kielest\u00e4 ja viestinn\u00e4st\u00e4 - Eikholt","description":"Etsimme toista ty\u00f6ntekij\u00e4\u00e4, jolla on viittomakielen tulkin tausta tai joka hallitsee viittomakielen hyvin. Lue lis\u00e4\u00e4 teht\u00e4v\u00e4st\u00e4 t\u00e4st\u00e4:","robots":{"index":"index","follow":"follow","max-snippet":"max-snippet:-1","max-image-preview":"max-image-preview:large","max-video-preview":"max-video-preview:-1"},"canonical":"https:\/\/www.eikholt.no\/fi\/ura\/neuvonantaja-kieli-ja-viestinta\/","og_locale":"fi_FI","og_type":"article","og_title":"R\u00e5dgiver spr\u00e5k og kommunikasjon - Eikholt","og_description":"Vi s\u00f8ker etter enda en medarbeider med bakgrunn som tegnspr\u00e5ktolk eller som behersker tegnspr\u00e5k godt. Les mer om stillingen her:","og_url":"https:\/\/www.eikholt.no\/fi\/ura\/neuvonantaja-kieli-ja-viestinta\/","og_site_name":"Eikholt","article_publisher":"https:\/\/www.facebook.com\/eikholt.kompetansesenter","article_modified_time":"2026-03-27T14:36:49+00:00","twitter_card":"summary_large_image","twitter_misc":{"Est. reading time":"2 minutes"},"schema":{"@context":"https:\/\/schema.org","@graph":[{"@type":"WebPage","@id":"https:\/\/www.eikholt.no\/karriere\/radgiver-sprak-og-kommunikasjon\/","url":"https:\/\/www.eikholt.no\/karriere\/radgiver-sprak-og-kommunikasjon\/","name":"Neuvoja kielest\u00e4 ja viestinn\u00e4st\u00e4 - Eikholt","isPartOf":{"@id":"https:\/\/www.eikholt.no\/#website"},"datePublished":"2026-03-27T14:36:48+00:00","dateModified":"2026-03-27T14:36:49+00:00","description":"Etsimme toista ty\u00f6ntekij\u00e4\u00e4, jolla on viittomakielen tulkin tausta tai joka hallitsee viittomakielen hyvin. Lue lis\u00e4\u00e4 teht\u00e4v\u00e4st\u00e4 t\u00e4st\u00e4:","breadcrumb":{"@id":"https:\/\/www.eikholt.no\/karriere\/radgiver-sprak-og-kommunikasjon\/#breadcrumb"},"inLanguage":"fi","potentialAction":[{"@type":"ReadAction","target":["https:\/\/www.eikholt.no\/karriere\/radgiver-sprak-og-kommunikasjon\/"]}]},{"@type":"BreadcrumbList","@id":"https:\/\/www.eikholt.no\/karriere\/radgiver-sprak-og-kommunikasjon\/#breadcrumb","itemListElement":[{"@type":"ListItem","position":1,"name":"Forside","item":"https:\/\/www.eikholt.no\/"},{"@type":"ListItem","position":2,"name":"R\u00e5dgiver spr\u00e5k og kommunikasjon"}]},{"@type":"WebSite","@id":"https:\/\/www.eikholt.no\/#website","url":"https:\/\/www.eikholt.no\/","name":"Eikholt","description":"","publisher":{"@id":"https:\/\/www.eikholt.no\/#organization"},"potentialAction":[{"@type":"SearchAction","target":{"@type":"EntryPoint","urlTemplate":"https:\/\/www.eikholt.no\/?s={search_term_string}"},"query-input":{"@type":"PropertyValueSpecification","valueRequired":true,"valueName":"search_term_string"}}],"inLanguage":"fi"},{"@type":"Organization","@id":"https:\/\/www.eikholt.no\/#organization","name":"Eikholt","url":"https:\/\/www.eikholt.no\/","logo":{"@type":"ImageObject","inLanguage":"fi","@id":"https:\/\/www.eikholt.no\/#\/schema\/logo\/image\/","url":"https:\/\/www.eikholt.no\/app\/uploads\/2024\/04\/cropped-Logo-Eikholt-ny.jpg","contentUrl":"https:\/\/www.eikholt.no\/app\/uploads\/2024\/04\/cropped-Logo-Eikholt-ny.jpg","width":419,"height":209,"caption":"Eikholt"},"image":{"@id":"https:\/\/www.eikholt.no\/#\/schema\/logo\/image\/"},"sameAs":["https:\/\/www.facebook.com\/eikholt.kompetansesenter"]}]}},"_links":{"self":[{"href":"https:\/\/www.eikholt.no\/fi\/wp-json\/wp\/v2\/career\/5930","targetHints":{"allow":["GET"]}}],"collection":[{"href":"https:\/\/www.eikholt.no\/fi\/wp-json\/wp\/v2\/career"}],"about":[{"href":"https:\/\/www.eikholt.no\/fi\/wp-json\/wp\/v2\/types\/career"}],"wp:attachment":[{"href":"https:\/\/www.eikholt.no\/fi\/wp-json\/wp\/v2\/media?parent=5930"}],"curies":[{"name":"wp","href":"https:\/\/api.w.org\/{rel}","templated":true}]}}