{"id":933,"date":"2024-09-19T09:56:56","date_gmt":"2024-09-19T09:56:56","guid":{"rendered":"https:\/\/www.eikholt.no\/?post_type=course&#038;p=933"},"modified":"2025-02-21T11:41:06","modified_gmt":"2025-02-21T11:41:06","slug":"suuntautuminen-liikkuvuus","status":"publish","type":"course","link":"https:\/\/www.eikholt.no\/fi\/ryhmakurssi\/suuntautuminen-liikkuvuus\/","title":{"rendered":"Orientoituminen ja liikkuvuus"},"content":{"rendered":"<h2 class=\"wp-block-heading\">Kenelle kurssi sopii:<\/h2>\n\n\n\n<p>T\u00e4m\u00e4 kurssi on tarkoitettu henkil\u00f6ille, joilla on yhdistetty n\u00e4k\u00f6- ja kuulovamma ja jotka haluavat lis\u00e4t\u00e4 tiet\u00e4myst\u00e4\u00e4n liikkumisesta aihealueena.&nbsp;&nbsp;<\/p>\n\n\n\n<p>Oletko utelias ja haluat tutustua erilaisiin ty\u00f6kaluihin ja strategioihin?&nbsp;&nbsp;<\/p>\n\n\n\n<p>Kurssi j\u00e4rjestet\u00e4\u00e4n ty\u00f6pajamuotoisena. T\u00e4m\u00e4 tarkoittaa, ett\u00e4 osallistujana olet mukana kehitt\u00e4m\u00e4ss\u00e4 uutta tietoa ja n\u00e4kemyst\u00e4 yhdess\u00e4 monialaisen kouluttajaryhm\u00e4n kanssa. Kurssin aikana saat n\u00e4kemyst\u00e4 erilaisista orientaatioon ja liikkuvuuteen liittyvist\u00e4 aiheista. Kurssin sis\u00e4lt\u00f6 sovitetaan kurssilaisille sopivaksi.<\/p>\n\n\n\n<h2 class=\"wp-block-heading\">Kurssin sis\u00e4lt\u00f6:<\/h2>\n\n\n\n<ul class=\"wp-block-list\">\n<li>Opit hy\u00f6dynt\u00e4m\u00e4\u00e4n visuaalista ja auditiivista j\u00e4\u00e4nn\u00f6st\u00e4 suunnistuksessa.\u00a0<\/li>\n\n\n\n<li>Haluat kokeilla perinteisi\u00e4 ja uusia liikkumisen apuv\u00e4lineit\u00e4.\u00a0<\/li>\n\n\n\n<li>K\u00e4yt\u00e4nn\u00f6n teht\u00e4v\u00e4t ja kokemusten vaihto\u00a0<\/li>\n<\/ul>","protected":false},"excerpt":{"rendered":"<p>Hvem passer kurset for: Dette kurset er for deg med kombinert syns- og h\u00f8rselsnedsettelse, og \u00f8nsker \u00f8kt kunnskap om mobilitet som fagomr\u00e5det.&nbsp;&nbsp; Er du nysgjerrig og vil utforske forskjellige hjelpemidler og strategier?&nbsp;&nbsp; Kurset holdes som en workshop. Det betyr at du som deltager er med p\u00e5 \u00e5 utvikle ny kunnskap og innsikt sammen med en<\/p>","protected":false},"parent":0,"template":"","class_list":["post-933","course","type-course","status-publish","hentry"],"acf":[],"yoast_head":"<!-- This site is optimized with the Yoast SEO plugin v25.8 - https:\/\/yoast.com\/wordpress\/plugins\/seo\/ -->\n<title>Orientering og mobilitet - Eikholt<\/title>\n<meta name=\"description\" content=\"Orientering og mobilitet er et gruppekurs for deg med kombinert syns- og h\u00f8rselsnedsettelse, og som \u00f8nsker \u00f8kt kunnskap om mobilitet som fagomr\u00e5det. Les om kurset og meld din interesse her:\" \/>\n<meta name=\"robots\" content=\"index, follow, max-snippet:-1, max-image-preview:large, max-video-preview:-1\" \/>\n<link rel=\"canonical\" href=\"https:\/\/www.eikholt.no\/fi\/kurssi\/suuntautuminen-liikkuvuus\/\" \/>\n<meta property=\"og:locale\" content=\"fi_FI\" \/>\n<meta property=\"og:type\" content=\"article\" \/>\n<meta property=\"og:title\" content=\"Orientering og mobilitet - Eikholt\" \/>\n<meta property=\"og:description\" content=\"Orientering og mobilitet er et gruppekurs for deg med kombinert syns- og h\u00f8rselsnedsettelse, og som \u00f8nsker \u00f8kt kunnskap om mobilitet som fagomr\u00e5det. Les om kurset og meld din interesse her:\" \/>\n<meta property=\"og:url\" content=\"https:\/\/www.eikholt.no\/fi\/kurssi\/suuntautuminen-liikkuvuus\/\" \/>\n<meta property=\"og:site_name\" content=\"Eikholt\" \/>\n<meta property=\"article:publisher\" content=\"https:\/\/www.facebook.com\/eikholt.kompetansesenter\" \/>\n<meta property=\"article:modified_time\" content=\"2025-02-21T11:41:06+00:00\" \/>\n<meta name=\"twitter:card\" content=\"summary_large_image\" \/>\n<meta name=\"twitter:label1\" content=\"Est. reading time\" \/>\n\t<meta name=\"twitter:data1\" content=\"1 minute\" \/>\n<script type=\"application\/ld+json\" class=\"yoast-schema-graph\">{\"@context\":\"https:\/\/schema.org\",\"@graph\":[{\"@type\":\"WebPage\",\"@id\":\"https:\/\/www.eikholt.no\/kurs\/orientering-mobilitet\/\",\"url\":\"https:\/\/www.eikholt.no\/kurs\/orientering-mobilitet\/\",\"name\":\"Orientering og mobilitet - Eikholt\",\"isPartOf\":{\"@id\":\"https:\/\/www.eikholt.no\/#website\"},\"datePublished\":\"2024-09-19T09:56:56+00:00\",\"dateModified\":\"2025-02-21T11:41:06+00:00\",\"description\":\"Orientering og mobilitet er et gruppekurs for deg med kombinert syns- og h\u00f8rselsnedsettelse, og som \u00f8nsker \u00f8kt kunnskap om mobilitet som fagomr\u00e5det. Les om kurset og meld din interesse her:\",\"breadcrumb\":{\"@id\":\"https:\/\/www.eikholt.no\/kurs\/orientering-mobilitet\/#breadcrumb\"},\"inLanguage\":\"fi\",\"potentialAction\":[{\"@type\":\"ReadAction\",\"target\":[\"https:\/\/www.eikholt.no\/kurs\/orientering-mobilitet\/\"]}]},{\"@type\":\"BreadcrumbList\",\"@id\":\"https:\/\/www.eikholt.no\/kurs\/orientering-mobilitet\/#breadcrumb\",\"itemListElement\":[{\"@type\":\"ListItem\",\"position\":1,\"name\":\"Forside\",\"item\":\"https:\/\/www.eikholt.no\/\"},{\"@type\":\"ListItem\",\"position\":2,\"name\":\"Gruppekurs\",\"item\":\"https:\/\/www.eikholt.no\/gruppekurs\/\"},{\"@type\":\"ListItem\",\"position\":3,\"name\":\"Orientering og mobilitet\"}]},{\"@type\":\"WebSite\",\"@id\":\"https:\/\/www.eikholt.no\/#website\",\"url\":\"https:\/\/www.eikholt.no\/\",\"name\":\"Eikholt\",\"description\":\"\",\"publisher\":{\"@id\":\"https:\/\/www.eikholt.no\/#organization\"},\"potentialAction\":[{\"@type\":\"SearchAction\",\"target\":{\"@type\":\"EntryPoint\",\"urlTemplate\":\"https:\/\/www.eikholt.no\/?s={search_term_string}\"},\"query-input\":{\"@type\":\"PropertyValueSpecification\",\"valueRequired\":true,\"valueName\":\"search_term_string\"}}],\"inLanguage\":\"fi\"},{\"@type\":\"Organization\",\"@id\":\"https:\/\/www.eikholt.no\/#organization\",\"name\":\"Eikholt\",\"url\":\"https:\/\/www.eikholt.no\/\",\"logo\":{\"@type\":\"ImageObject\",\"inLanguage\":\"fi\",\"@id\":\"https:\/\/www.eikholt.no\/#\/schema\/logo\/image\/\",\"url\":\"https:\/\/www.eikholt.no\/app\/uploads\/2024\/04\/cropped-Logo-Eikholt-ny.jpg\",\"contentUrl\":\"https:\/\/www.eikholt.no\/app\/uploads\/2024\/04\/cropped-Logo-Eikholt-ny.jpg\",\"width\":419,\"height\":209,\"caption\":\"Eikholt\"},\"image\":{\"@id\":\"https:\/\/www.eikholt.no\/#\/schema\/logo\/image\/\"},\"sameAs\":[\"https:\/\/www.facebook.com\/eikholt.kompetansesenter\"]}]}<\/script>\n<!-- \/ Yoast SEO plugin. -->","yoast_head_json":{"title":"Orientoituminen ja liikkuminen - Eikholt","description":"Orientaatio ja liikkuvuus on ryhm\u00e4kurssi henkil\u00f6ille, joilla on yhdistetty n\u00e4k\u00f6- ja kuulovamma ja jotka haluavat lis\u00e4t\u00e4 tiet\u00e4myst\u00e4\u00e4n liikkumisesta aihealueena. Lue kurssista ja ilmoittaudu mukaan t\u00e4\u00e4lt\u00e4:","robots":{"index":"index","follow":"follow","max-snippet":"max-snippet:-1","max-image-preview":"max-image-preview:large","max-video-preview":"max-video-preview:-1"},"canonical":"https:\/\/www.eikholt.no\/fi\/kurssi\/suuntautuminen-liikkuvuus\/","og_locale":"fi_FI","og_type":"article","og_title":"Orientering og mobilitet - Eikholt","og_description":"Orientering og mobilitet er et gruppekurs for deg med kombinert syns- og h\u00f8rselsnedsettelse, og som \u00f8nsker \u00f8kt kunnskap om mobilitet som fagomr\u00e5det. Les om kurset og meld din interesse her:","og_url":"https:\/\/www.eikholt.no\/fi\/kurssi\/suuntautuminen-liikkuvuus\/","og_site_name":"Eikholt","article_publisher":"https:\/\/www.facebook.com\/eikholt.kompetansesenter","article_modified_time":"2025-02-21T11:41:06+00:00","twitter_card":"summary_large_image","twitter_misc":{"Est. reading time":"1 minute"},"schema":{"@context":"https:\/\/schema.org","@graph":[{"@type":"WebPage","@id":"https:\/\/www.eikholt.no\/kurs\/orientering-mobilitet\/","url":"https:\/\/www.eikholt.no\/kurs\/orientering-mobilitet\/","name":"Orientoituminen ja liikkuminen - Eikholt","isPartOf":{"@id":"https:\/\/www.eikholt.no\/#website"},"datePublished":"2024-09-19T09:56:56+00:00","dateModified":"2025-02-21T11:41:06+00:00","description":"Orientaatio ja liikkuvuus on ryhm\u00e4kurssi henkil\u00f6ille, joilla on yhdistetty n\u00e4k\u00f6- ja kuulovamma ja jotka haluavat lis\u00e4t\u00e4 tiet\u00e4myst\u00e4\u00e4n liikkumisesta aihealueena. Lue kurssista ja ilmoittaudu mukaan t\u00e4\u00e4lt\u00e4:","breadcrumb":{"@id":"https:\/\/www.eikholt.no\/kurs\/orientering-mobilitet\/#breadcrumb"},"inLanguage":"fi","potentialAction":[{"@type":"ReadAction","target":["https:\/\/www.eikholt.no\/kurs\/orientering-mobilitet\/"]}]},{"@type":"BreadcrumbList","@id":"https:\/\/www.eikholt.no\/kurs\/orientering-mobilitet\/#breadcrumb","itemListElement":[{"@type":"ListItem","position":1,"name":"Forside","item":"https:\/\/www.eikholt.no\/"},{"@type":"ListItem","position":2,"name":"Gruppekurs","item":"https:\/\/www.eikholt.no\/gruppekurs\/"},{"@type":"ListItem","position":3,"name":"Orientering og mobilitet"}]},{"@type":"WebSite","@id":"https:\/\/www.eikholt.no\/#website","url":"https:\/\/www.eikholt.no\/","name":"Eikholt","description":"","publisher":{"@id":"https:\/\/www.eikholt.no\/#organization"},"potentialAction":[{"@type":"SearchAction","target":{"@type":"EntryPoint","urlTemplate":"https:\/\/www.eikholt.no\/?s={search_term_string}"},"query-input":{"@type":"PropertyValueSpecification","valueRequired":true,"valueName":"search_term_string"}}],"inLanguage":"fi"},{"@type":"Organization","@id":"https:\/\/www.eikholt.no\/#organization","name":"Eikholt","url":"https:\/\/www.eikholt.no\/","logo":{"@type":"ImageObject","inLanguage":"fi","@id":"https:\/\/www.eikholt.no\/#\/schema\/logo\/image\/","url":"https:\/\/www.eikholt.no\/app\/uploads\/2024\/04\/cropped-Logo-Eikholt-ny.jpg","contentUrl":"https:\/\/www.eikholt.no\/app\/uploads\/2024\/04\/cropped-Logo-Eikholt-ny.jpg","width":419,"height":209,"caption":"Eikholt"},"image":{"@id":"https:\/\/www.eikholt.no\/#\/schema\/logo\/image\/"},"sameAs":["https:\/\/www.facebook.com\/eikholt.kompetansesenter"]}]}},"_links":{"self":[{"href":"https:\/\/www.eikholt.no\/fi\/wp-json\/wp\/v2\/course\/933","targetHints":{"allow":["GET"]}}],"collection":[{"href":"https:\/\/www.eikholt.no\/fi\/wp-json\/wp\/v2\/course"}],"about":[{"href":"https:\/\/www.eikholt.no\/fi\/wp-json\/wp\/v2\/types\/course"}],"wp:attachment":[{"href":"https:\/\/www.eikholt.no\/fi\/wp-json\/wp\/v2\/media?parent=933"}],"curies":[{"name":"wp","href":"https:\/\/api.w.org\/{rel}","templated":true}]}}