{"id":2110,"date":"2023-12-12T09:33:00","date_gmt":"2023-12-12T09:33:00","guid":{"rendered":"https:\/\/www.eikholt.no\/?p=2110"},"modified":"2026-02-01T15:16:19","modified_gmt":"2026-02-01T15:16:19","slug":"haluavat-aloittaa-vuoden-2024-runsaalla-tietamyksella-visioista-ja-hevosista","status":"publish","type":"knowledge","link":"https:\/\/www.eikholt.no\/fi\/tietoholvi\/haluavat-aloittaa-vuoden-2024-runsaalla-tietamyksella-visioista-ja-hevosista\/","title":{"rendered":"Verkkoseminaari n\u00e4\u00f6n ja kuulon tietojen p\u00e4ivitt\u00e4miseksi"},"content":{"rendered":"<p>Tammikuun 10. p\u00e4iv\u00e4n\u00e4 2024 j\u00e4rjestettiin webinaari, jonka aiheena oli n\u00e4k\u00f6- ja kuulovammaisten kansalaisten arjen parantaminen. Webinaari oli suunnattu kuntien n\u00e4k\u00f6- ja kuuloyhdyshenkil\u00f6ille, NAVin apuv\u00e4linekeskuksen ty\u00f6ntekij\u00f6ille, mutta se oli merkityksellinen ja avoin kaikille, jotka tapaavat ihmisi\u00e4, joilla on yhdistetty n\u00e4k\u00f6- ja kuulovamma.<\/p>\n\n\n\n<figure class=\"wp-block-image size-large\"><img loading=\"lazy\" decoding=\"async\" width=\"768\" height=\"1024\" src=\"https:\/\/www.eikholt.no\/app\/uploads\/2024\/01\/IMG_6472-768x1024.jpg\" alt=\"\" class=\"wp-image-2407\" srcset=\"https:\/\/www.eikholt.no\/app\/uploads\/2024\/01\/IMG_6472-768x1024.jpg 768w, https:\/\/www.eikholt.no\/app\/uploads\/2024\/01\/IMG_6472-225x300.jpg 225w, https:\/\/www.eikholt.no\/app\/uploads\/2024\/01\/IMG_6472-1152x1536.jpg 1152w, https:\/\/www.eikholt.no\/app\/uploads\/2024\/01\/IMG_6472-1536x2048.jpg 1536w, https:\/\/www.eikholt.no\/app\/uploads\/2024\/01\/IMG_6472-scaled.jpg 1920w\" sizes=\"auto, (max-width: 768px) 100vw, 768px\" \/><figcaption class=\"wp-element-caption\">Line Hovland, n\u00e4kemisen ja liikkuvuuden neuvonantaja, hymyilee esitysten j\u00e4lkeen.<\/figcaption><\/figure>\n\n\n\n<h2 class=\"wp-block-heading\">N\u00e4k\u00f6- ja kuulovammaisten kansalaisten arjen parantaminen<\/h2>\n\n\n\n<p>Monet ihmiset olivat varanneet aikaa seuratakseen t\u00e4t\u00e4 aihetta k\u00e4sittelev\u00e4\u00e4 webinaaria. Webinaarin alkaessa siihen oli kirjautunut 350 ihmist\u00e4, ja matkan varrella l\u00e4hetetyt kyselyt osoittavat, ett\u00e4 monet ovat hy\u00f6tyneet p\u00e4iv\u00e4st\u00e4. Olemme hyvin tyytyv\u00e4isi\u00e4 t\u00e4h\u00e4n. <\/p>\n\n\n\n<p>P\u00e4iv\u00e4n tavoitteena oli antaa tietoa n\u00e4k\u00f6- ja kuulovamman kanssa el\u00e4misen seurauksista sek\u00e4 vinkkej\u00e4 kohderyhm\u00e4n tapaamisiin.<\/p>\n\n\n\n<h2 class=\"wp-block-heading\">Katso webinaarin tallenne<\/h2>\n\n\n\n<p>Jos et p\u00e4\u00e4ssyt webinaariin, sinulla on nyt mahdollisuus katsoa se kokonaisuudessaan. Webinaari on sek\u00e4 tulkattu ett\u00e4 tekstitetty, l\u00f6yd\u00e4t sen alla olevasta linkist\u00e4:<\/p>\n\n\n\n<figure class=\"wp-block-embed is-type-video is-provider-youtube wp-block-embed-youtube wp-embed-aspect-16-9 wp-has-aspect-ratio\"><div class=\"wp-block-embed__wrapper\">\n<iframe loading=\"lazy\" title=\"N\u00e4k\u00f6- ja kuulovammaisten kansalaisten arjen parantaminen\" width=\"500\" height=\"281\" src=\"https:\/\/www.youtube.com\/embed\/etJP68n9sV0?feature=oembed\" frameborder=\"0\" allow=\"accelerometer; autoplay; clipboard-write; encrypted-media; gyroscope; picture-in-picture; web-share\" referrerpolicy=\"strict-origin-when-cross-origin\" allowfullscreen><\/iframe>\n<\/div><\/figure>\n\n\n\n<h2 class=\"wp-block-heading\">Ohjelma<\/h2>\n\n\n\n<p>Webinaari perustui tapaamisiin Eikholt:n k\u00e4ytt\u00e4jien kanssa. Saimme tiet\u00e4\u00e4, mit\u00e4 tarkoittaa el\u00e4\u00e4 yhdistetyn n\u00e4k\u00f6- ja kuulovamman kanssa ja miten se vaikuttaa jokap\u00e4iv\u00e4iseen el\u00e4m\u00e4\u00e4n. Mit\u00e4 heid\u00e4n mielest\u00e4\u00e4n vaaditaan, jotta he voivat toimia hyvin ja osallistua yhdistetyst\u00e4 aistivammasta huolimatta?&nbsp;<\/p>\n\n\n\n<ul class=\"wp-block-list\">\n<li>Ensimm\u00e4isess\u00e4 osassa Astrid kertoo, miten h\u00e4nen el\u00e4m\u00e4ns\u00e4 on muuttunut sen j\u00e4lkeen, kun h\u00e4n k\u00e4rsi kaksinkertaisen aistih\u00e4iri\u00f6n.&nbsp;<\/li>\n\n\n\n<li>Keskustelun perusteella korostamme osassa 2, mit\u00e4 sinun ammattilaisena tulisi huomioida tavatessasi Astridin kaltaisia ihmisi\u00e4. Mitk\u00e4 ovat tyypillisi\u00e4 haasteita ihmisille, joilla on yhdistetty n\u00e4k\u00f6- ja kuulovamma, ja miten helpotat tapaamistilannetta?  L\u00f6yd\u00e4t esityksen t\u00e4\u00e4lt\u00e4 <a href=\"https:\/\/www.eikholt.no\/fi\/sovellus\/lataukset\/2024\/01\/eikholt-bedre-hverdag-for-innbyggere-med-nedsatt-syn-og-horsel.pdf\/\">t\u00e4\u00e4ll\u00e4<\/a><\/li>\n\n\n\n<li>Osassa 3 esitell\u00e4\u00e4n pedagoginen l\u00e4hestymistapa henkil\u00f6ille, joilla on sek\u00e4 n\u00e4k\u00f6- ett\u00e4 kuulovamma. Tapaamme \u00c5shildin ja Fereshethin koulutustilanteessa.&nbsp;&nbsp;<\/li>\n<\/ul>\n\n\n\n<h2 class=\"wp-block-heading\">Luennoitsijat<\/h2>\n\n\n\n<p>Webinaariin osallistuvat ammattilaiset:<\/p>\n\n\n\n<figure class=\"wp-block-image size-full\"><img loading=\"lazy\" decoding=\"async\" width=\"1000\" height=\"667\" src=\"https:\/\/www.eikholt.no\/app\/uploads\/2023\/06\/Fereshteh-Halimi.jpeg\" alt=\"Fereshteh Halimin muotokuva. H\u00e4nell\u00e4 on musta pusero ja pitk\u00e4t tumman vaaleat hiukset.\" class=\"wp-image-614\" srcset=\"https:\/\/www.eikholt.no\/app\/uploads\/2023\/06\/Fereshteh-Halimi.jpeg 1000w, https:\/\/www.eikholt.no\/app\/uploads\/2023\/06\/Fereshteh-Halimi-300x200.jpeg 300w, https:\/\/www.eikholt.no\/app\/uploads\/2023\/06\/Fereshteh-Halimi-768x512.jpeg 768w\" sizes=\"auto, (max-width: 1000px) 100vw, 1000px\" \/><\/figure>\n\n\n\n<p><a href=\"https:\/\/www.eikholt.no\/employee\/fereshteh-halimi\/\">Fereshteh Halimi <\/a>, Vanhempi neuvonantaja - tieto- ja viestint\u00e4tekniikka ja visio Eikholt<\/p>\n\n\n\n<figure class=\"wp-block-image size-full\"><img loading=\"lazy\" decoding=\"async\" width=\"1000\" height=\"667\" src=\"https:\/\/www.eikholt.no\/app\/uploads\/2023\/06\/Line-Hovland.jpg\" alt=\"Line Hovlandin muotokuva. H\u00e4nell\u00e4 on vaaleat hiukset, joissa on aaltoja. H\u00e4nell\u00e4 on silm\u00e4lasit ja h\u00e4n hymyilee kameralle.\" class=\"wp-image-1602\" srcset=\"https:\/\/www.eikholt.no\/app\/uploads\/2023\/06\/Line-Hovland.jpg 1000w, https:\/\/www.eikholt.no\/app\/uploads\/2023\/06\/Line-Hovland-300x200.jpg 300w, https:\/\/www.eikholt.no\/app\/uploads\/2023\/06\/Line-Hovland-768x512.jpg 768w\" sizes=\"auto, (max-width: 1000px) 100vw, 1000px\" \/><\/figure>\n\n\n\n<p><a href=\"https:\/\/www.eikholt.no\/employee\/line-hovland\/\">Line Hovland <\/a>, Vanhempi neuvonantaja - visio ja liikkuvuus Eikholt<\/p>\n\n\n\n<figure class=\"wp-block-image size-large\"><img loading=\"lazy\" decoding=\"async\" width=\"1024\" height=\"683\" src=\"https:\/\/www.eikholt.no\/app\/uploads\/2023\/09\/Cathrine-speilvendt-1024x683.jpg\" alt=\"Cathrinen muotokuva. H\u00e4nell\u00e4 on vaaleat hiukset, jotka laskeutuvat olkap\u00e4ille asti, ja h\u00e4nell\u00e4 on silm\u00e4lasit, joissa on v\u00e4rilliset linssit. Hymyilee kameralle.\" class=\"wp-image-2002\" srcset=\"https:\/\/www.eikholt.no\/app\/uploads\/2023\/09\/Cathrine-speilvendt-1024x683.jpg 1024w, https:\/\/www.eikholt.no\/app\/uploads\/2023\/09\/Cathrine-speilvendt-300x200.jpg 300w, https:\/\/www.eikholt.no\/app\/uploads\/2023\/09\/Cathrine-speilvendt-768x512.jpg 768w, https:\/\/www.eikholt.no\/app\/uploads\/2023\/09\/Cathrine-speilvendt-1536x1024.jpg 1536w, https:\/\/www.eikholt.no\/app\/uploads\/2023\/09\/Cathrine-speilvendt-2048x1365.jpg 2048w\" sizes=\"auto, (max-width: 1024px) 100vw, 1024px\" \/><\/figure>\n\n\n\n<p><a href=\"https:\/\/www.eikholt.no\/employee\/cathrine-timm-sundin\/\">Cathrine Timm Sundin<\/a>, Vanhempi neuvonantaja - viestint\u00e4 Eikholt<\/p>\n\n\n\n<h2 class=\"wp-block-heading\">Merkitykselliset paikat, joista l\u00f6ytyy lis\u00e4\u00e4 tietoa:<\/h2>\n\n\n\n<p><a href=\"https:\/\/www.kunnskapsbanken.net\/?s=d%C3%B8vblind\">NAV-tietopankki<\/a> <\/p>\n\n\n\n<p><a href=\"https:\/\/www.dovblindhet.no\/\">Norjan kansallinen kuurosokeuden neuvontayksikk\u00f6 (Norwegian National Advisory Unit on Deafblindness)<\/a><\/p>\n\n\n\n<p><a href=\"https:\/\/nkcdb.se\/\">Kuurosokeiden kansallinen tietokeskus (Nkcdb)<\/a><\/p>\n\n\n\n<p><a href=\"file:\/\/\/C:\/Users\/tt\/Downloads\/Et%20godt%20m%C3%B8te%20plakat.pdf\">Juliste ladattavaksi - hyv\u00e4 kokous, luonut Nkcdb<\/a><\/p>\n\n\n\n<h2 class=\"wp-block-heading\">Onko kysytt\u00e4v\u00e4\u00e4?<\/h2>\n\n\n\n<p>Jos sinulla on webinaariin liittyvi\u00e4 kysymyksi\u00e4, ota yhteytt\u00e4 Lineen, jonka yhteystiedot l\u00f6yd\u00e4t alta.<\/p>\n\n\n\n<p>Voit my\u00f6s soittaa puhelinvaihteeseemme numeroon 45 61 44 04 tai l\u00e4hett\u00e4\u00e4 meille s\u00e4hk\u00f6postia: post@eikholt.no.<\/p>\n\n\n\n<figure class=\"wp-block-image size-full is-resized\"><img loading=\"lazy\" decoding=\"async\" width=\"419\" height=\"209\" src=\"https:\/\/www.eikholt.no\/app\/uploads\/2024\/01\/Logo-Eikholt-ny.jpg\" alt=\"\" class=\"wp-image-2393\" style=\"width:210px;height:105px\" srcset=\"https:\/\/www.eikholt.no\/app\/uploads\/2024\/01\/Logo-Eikholt-ny.jpg 419w, https:\/\/www.eikholt.no\/app\/uploads\/2024\/01\/Logo-Eikholt-ny-300x150.jpg 300w\" sizes=\"auto, (max-width: 419px) 100vw, 419px\" \/><\/figure>\n\n\n\n<figure class=\"wp-block-image size-full is-resized\"><img loading=\"lazy\" decoding=\"async\" width=\"551\" height=\"118\" src=\"https:\/\/www.eikholt.no\/app\/uploads\/2024\/01\/Nasjonal-kompetansetjeneste-for-dovblinde-logo-beskjaert-1.jpg\" alt=\"\" class=\"wp-image-2406\" style=\"width:276px;height:59px\" srcset=\"https:\/\/www.eikholt.no\/app\/uploads\/2024\/01\/Nasjonal-kompetansetjeneste-for-dovblinde-logo-beskjaert-1.jpg 551w, https:\/\/www.eikholt.no\/app\/uploads\/2024\/01\/Nasjonal-kompetansetjeneste-for-dovblinde-logo-beskjaert-1-300x64.jpg 300w\" sizes=\"auto, (max-width: 551px) 100vw, 551px\" \/><\/figure>","protected":false},"excerpt":{"rendered":"<p>Tammikuun 10. p\u00e4iv\u00e4n\u00e4 2024 j\u00e4rjestettiin webinaari, jonka aiheena oli n\u00e4k\u00f6- ja kuulovammaisten kansalaisten arjen parantaminen. Webinaari oli suunnattu kuntien n\u00e4k\u00f6- ja kuuloyhdyshenkil\u00f6ille, NAVin apuv\u00e4linekeskuksen ty\u00f6ntekij\u00f6ille, mutta se oli merkityksellinen ja avoin kaikille, jotka tapaavat ihmisi\u00e4, joilla on yhdistetty n\u00e4k\u00f6- ja kuulovamma.<\/p>","protected":false},"author":2,"parent":0,"template":"","class_list":["post-2110","knowledge","type-knowledge","status-publish","has-post-thumbnail","hentry","cat-knowledge-konferanser-og-webinar"],"acf":[],"yoast_head":"<!-- This site is optimized with the Yoast SEO plugin v25.8 - https:\/\/yoast.com\/wordpress\/plugins\/seo\/ -->\n<title>Webinar med p\u00e5fyll av kunnskap om syn og h\u00f8rsel - Eikholt<\/title>\n<meta name=\"description\" content=\"Eikholt Webinar med p\u00e5fyll av kunnskap om syn og h\u00f8rsel Konferanser og webinar - bedre hverdag med nedsatt syn og h\u00f8rsel\" \/>\n<meta name=\"robots\" content=\"index, follow, max-snippet:-1, max-image-preview:large, max-video-preview:-1\" \/>\n<link rel=\"canonical\" href=\"https:\/\/www.eikholt.no\/fi\/tietoholvi\/haluavat-aloittaa-vuoden-2024-runsaalla-tietamyksella-visioista-ja-hevosista\/\" \/>\n<meta property=\"og:locale\" content=\"fi_FI\" \/>\n<meta property=\"og:type\" content=\"article\" \/>\n<meta property=\"og:title\" content=\"Webinar med p\u00e5fyll av kunnskap om syn og h\u00f8rsel - Eikholt\" \/>\n<meta property=\"og:description\" content=\"Eikholt Webinar med p\u00e5fyll av kunnskap om syn og h\u00f8rsel Konferanser og webinar - bedre hverdag med nedsatt syn og h\u00f8rsel\" \/>\n<meta property=\"og:url\" content=\"https:\/\/www.eikholt.no\/fi\/tietoholvi\/haluavat-aloittaa-vuoden-2024-runsaalla-tietamyksella-visioista-ja-hevosista\/\" \/>\n<meta property=\"og:site_name\" content=\"Eikholt\" \/>\n<meta property=\"article:publisher\" content=\"https:\/\/www.facebook.com\/eikholt.kompetansesenter\" \/>\n<meta property=\"article:modified_time\" content=\"2026-02-01T15:16:19+00:00\" \/>\n<meta property=\"og:image\" content=\"https:\/\/www.eikholt.no\/app\/uploads\/2024\/01\/IMG_6472-scaled.jpg\" \/>\n\t<meta property=\"og:image:width\" content=\"1920\" \/>\n\t<meta property=\"og:image:height\" content=\"2560\" \/>\n\t<meta property=\"og:image:type\" content=\"image\/jpeg\" \/>\n<meta name=\"twitter:card\" content=\"summary_large_image\" \/>\n<meta name=\"twitter:label1\" content=\"Est. reading time\" \/>\n\t<meta name=\"twitter:data1\" content=\"4 minutes\" \/>\n<script type=\"application\/ld+json\" class=\"yoast-schema-graph\">{\"@context\":\"https:\/\/schema.org\",\"@graph\":[{\"@type\":\"WebPage\",\"@id\":\"https:\/\/www.eikholt.no\/kunnskapshvelvet\/vil-du-starte-2024-med-pafyll-av-kunnskap-om-syn-og-horsel\/\",\"url\":\"https:\/\/www.eikholt.no\/kunnskapshvelvet\/vil-du-starte-2024-med-pafyll-av-kunnskap-om-syn-og-horsel\/\",\"name\":\"Webinar med p\u00e5fyll av kunnskap om syn og h\u00f8rsel - Eikholt\",\"isPartOf\":{\"@id\":\"https:\/\/www.eikholt.no\/#website\"},\"primaryImageOfPage\":{\"@id\":\"https:\/\/www.eikholt.no\/kunnskapshvelvet\/vil-du-starte-2024-med-pafyll-av-kunnskap-om-syn-og-horsel\/#primaryimage\"},\"image\":{\"@id\":\"https:\/\/www.eikholt.no\/kunnskapshvelvet\/vil-du-starte-2024-med-pafyll-av-kunnskap-om-syn-og-horsel\/#primaryimage\"},\"thumbnailUrl\":\"https:\/\/www.eikholt.no\/app\/uploads\/2024\/01\/IMG_6472-scaled.jpg\",\"datePublished\":\"2023-12-12T09:33:00+00:00\",\"dateModified\":\"2026-02-01T15:16:19+00:00\",\"description\":\"Eikholt Webinar med p\u00e5fyll av kunnskap om syn og h\u00f8rsel Konferanser og webinar - bedre hverdag med nedsatt syn og h\u00f8rsel\",\"breadcrumb\":{\"@id\":\"https:\/\/www.eikholt.no\/kunnskapshvelvet\/vil-du-starte-2024-med-pafyll-av-kunnskap-om-syn-og-horsel\/#breadcrumb\"},\"inLanguage\":\"fi\",\"potentialAction\":[{\"@type\":\"ReadAction\",\"target\":[\"https:\/\/www.eikholt.no\/kunnskapshvelvet\/vil-du-starte-2024-med-pafyll-av-kunnskap-om-syn-og-horsel\/\"]}]},{\"@type\":\"ImageObject\",\"inLanguage\":\"fi\",\"@id\":\"https:\/\/www.eikholt.no\/kunnskapshvelvet\/vil-du-starte-2024-med-pafyll-av-kunnskap-om-syn-og-horsel\/#primaryimage\",\"url\":\"https:\/\/www.eikholt.no\/app\/uploads\/2024\/01\/IMG_6472-scaled.jpg\",\"contentUrl\":\"https:\/\/www.eikholt.no\/app\/uploads\/2024\/01\/IMG_6472-scaled.jpg\",\"width\":1920,\"height\":2560,\"caption\":\"Line Hovland st\u00e5r ved en talerstol hvor det st\u00e5r Eikholt. Hun smiler.\"},{\"@type\":\"BreadcrumbList\",\"@id\":\"https:\/\/www.eikholt.no\/kunnskapshvelvet\/vil-du-starte-2024-med-pafyll-av-kunnskap-om-syn-og-horsel\/#breadcrumb\",\"itemListElement\":[{\"@type\":\"ListItem\",\"position\":1,\"name\":\"Forside\",\"item\":\"https:\/\/www.eikholt.no\/\"},{\"@type\":\"ListItem\",\"position\":2,\"name\":\"Kunnskapshvelvet\",\"item\":\"https:\/\/www.eikholt.no\/kunnskapshvelvet\/\"},{\"@type\":\"ListItem\",\"position\":3,\"name\":\"Webinar med p\u00e5fyll av kunnskap om syn og h\u00f8rsel\"}]},{\"@type\":\"WebSite\",\"@id\":\"https:\/\/www.eikholt.no\/#website\",\"url\":\"https:\/\/www.eikholt.no\/\",\"name\":\"Eikholt\",\"description\":\"\",\"publisher\":{\"@id\":\"https:\/\/www.eikholt.no\/#organization\"},\"potentialAction\":[{\"@type\":\"SearchAction\",\"target\":{\"@type\":\"EntryPoint\",\"urlTemplate\":\"https:\/\/www.eikholt.no\/?s={search_term_string}\"},\"query-input\":{\"@type\":\"PropertyValueSpecification\",\"valueRequired\":true,\"valueName\":\"search_term_string\"}}],\"inLanguage\":\"fi\"},{\"@type\":\"Organization\",\"@id\":\"https:\/\/www.eikholt.no\/#organization\",\"name\":\"Eikholt\",\"url\":\"https:\/\/www.eikholt.no\/\",\"logo\":{\"@type\":\"ImageObject\",\"inLanguage\":\"fi\",\"@id\":\"https:\/\/www.eikholt.no\/#\/schema\/logo\/image\/\",\"url\":\"https:\/\/www.eikholt.no\/app\/uploads\/2024\/04\/cropped-Logo-Eikholt-ny.jpg\",\"contentUrl\":\"https:\/\/www.eikholt.no\/app\/uploads\/2024\/04\/cropped-Logo-Eikholt-ny.jpg\",\"width\":419,\"height\":209,\"caption\":\"Eikholt\"},\"image\":{\"@id\":\"https:\/\/www.eikholt.no\/#\/schema\/logo\/image\/\"},\"sameAs\":[\"https:\/\/www.facebook.com\/eikholt.kompetansesenter\"]}]}<\/script>\n<!-- \/ Yoast SEO plugin. -->","yoast_head_json":{"title":"N\u00e4\u00f6n ja kuulon kertausseminaari - Eikholt","description":"Eikholt Webinaari lis\u00e4tietoa n\u00e4\u00f6st\u00e4 ja kuulosta Konferenssit ja webinaarit - parempaa arkea n\u00e4k\u00f6- ja kuulovammaisten kanssa","robots":{"index":"index","follow":"follow","max-snippet":"max-snippet:-1","max-image-preview":"max-image-preview:large","max-video-preview":"max-video-preview:-1"},"canonical":"https:\/\/www.eikholt.no\/fi\/tietoholvi\/haluavat-aloittaa-vuoden-2024-runsaalla-tietamyksella-visioista-ja-hevosista\/","og_locale":"fi_FI","og_type":"article","og_title":"Webinar med p\u00e5fyll av kunnskap om syn og h\u00f8rsel - Eikholt","og_description":"Eikholt Webinar med p\u00e5fyll av kunnskap om syn og h\u00f8rsel Konferanser og webinar - bedre hverdag med nedsatt syn og h\u00f8rsel","og_url":"https:\/\/www.eikholt.no\/fi\/tietoholvi\/haluavat-aloittaa-vuoden-2024-runsaalla-tietamyksella-visioista-ja-hevosista\/","og_site_name":"Eikholt","article_publisher":"https:\/\/www.facebook.com\/eikholt.kompetansesenter","article_modified_time":"2026-02-01T15:16:19+00:00","og_image":[{"width":1920,"height":2560,"url":"https:\/\/www.eikholt.no\/app\/uploads\/2024\/01\/IMG_6472-scaled.jpg","type":"image\/jpeg"}],"twitter_card":"summary_large_image","twitter_misc":{"Est. reading time":"4 minutes"},"schema":{"@context":"https:\/\/schema.org","@graph":[{"@type":"WebPage","@id":"https:\/\/www.eikholt.no\/kunnskapshvelvet\/vil-du-starte-2024-med-pafyll-av-kunnskap-om-syn-og-horsel\/","url":"https:\/\/www.eikholt.no\/kunnskapshvelvet\/vil-du-starte-2024-med-pafyll-av-kunnskap-om-syn-og-horsel\/","name":"N\u00e4\u00f6n ja kuulon kertausseminaari - Eikholt","isPartOf":{"@id":"https:\/\/www.eikholt.no\/#website"},"primaryImageOfPage":{"@id":"https:\/\/www.eikholt.no\/kunnskapshvelvet\/vil-du-starte-2024-med-pafyll-av-kunnskap-om-syn-og-horsel\/#primaryimage"},"image":{"@id":"https:\/\/www.eikholt.no\/kunnskapshvelvet\/vil-du-starte-2024-med-pafyll-av-kunnskap-om-syn-og-horsel\/#primaryimage"},"thumbnailUrl":"https:\/\/www.eikholt.no\/app\/uploads\/2024\/01\/IMG_6472-scaled.jpg","datePublished":"2023-12-12T09:33:00+00:00","dateModified":"2026-02-01T15:16:19+00:00","description":"Eikholt Webinaari lis\u00e4tietoa n\u00e4\u00f6st\u00e4 ja kuulosta Konferenssit ja webinaarit - parempaa arkea n\u00e4k\u00f6- ja kuulovammaisten kanssa","breadcrumb":{"@id":"https:\/\/www.eikholt.no\/kunnskapshvelvet\/vil-du-starte-2024-med-pafyll-av-kunnskap-om-syn-og-horsel\/#breadcrumb"},"inLanguage":"fi","potentialAction":[{"@type":"ReadAction","target":["https:\/\/www.eikholt.no\/kunnskapshvelvet\/vil-du-starte-2024-med-pafyll-av-kunnskap-om-syn-og-horsel\/"]}]},{"@type":"ImageObject","inLanguage":"fi","@id":"https:\/\/www.eikholt.no\/kunnskapshvelvet\/vil-du-starte-2024-med-pafyll-av-kunnskap-om-syn-og-horsel\/#primaryimage","url":"https:\/\/www.eikholt.no\/app\/uploads\/2024\/01\/IMG_6472-scaled.jpg","contentUrl":"https:\/\/www.eikholt.no\/app\/uploads\/2024\/01\/IMG_6472-scaled.jpg","width":1920,"height":2560,"caption":"Line Hovland st\u00e5r ved en talerstol hvor det st\u00e5r Eikholt. Hun smiler."},{"@type":"BreadcrumbList","@id":"https:\/\/www.eikholt.no\/kunnskapshvelvet\/vil-du-starte-2024-med-pafyll-av-kunnskap-om-syn-og-horsel\/#breadcrumb","itemListElement":[{"@type":"ListItem","position":1,"name":"Forside","item":"https:\/\/www.eikholt.no\/"},{"@type":"ListItem","position":2,"name":"Kunnskapshvelvet","item":"https:\/\/www.eikholt.no\/kunnskapshvelvet\/"},{"@type":"ListItem","position":3,"name":"Webinar med p\u00e5fyll av kunnskap om syn og h\u00f8rsel"}]},{"@type":"WebSite","@id":"https:\/\/www.eikholt.no\/#website","url":"https:\/\/www.eikholt.no\/","name":"Eikholt","description":"","publisher":{"@id":"https:\/\/www.eikholt.no\/#organization"},"potentialAction":[{"@type":"SearchAction","target":{"@type":"EntryPoint","urlTemplate":"https:\/\/www.eikholt.no\/?s={search_term_string}"},"query-input":{"@type":"PropertyValueSpecification","valueRequired":true,"valueName":"search_term_string"}}],"inLanguage":"fi"},{"@type":"Organization","@id":"https:\/\/www.eikholt.no\/#organization","name":"Eikholt","url":"https:\/\/www.eikholt.no\/","logo":{"@type":"ImageObject","inLanguage":"fi","@id":"https:\/\/www.eikholt.no\/#\/schema\/logo\/image\/","url":"https:\/\/www.eikholt.no\/app\/uploads\/2024\/04\/cropped-Logo-Eikholt-ny.jpg","contentUrl":"https:\/\/www.eikholt.no\/app\/uploads\/2024\/04\/cropped-Logo-Eikholt-ny.jpg","width":419,"height":209,"caption":"Eikholt"},"image":{"@id":"https:\/\/www.eikholt.no\/#\/schema\/logo\/image\/"},"sameAs":["https:\/\/www.facebook.com\/eikholt.kompetansesenter"]}]}},"_links":{"self":[{"href":"https:\/\/www.eikholt.no\/fi\/wp-json\/wp\/v2\/knowledge\/2110","targetHints":{"allow":["GET"]}}],"collection":[{"href":"https:\/\/www.eikholt.no\/fi\/wp-json\/wp\/v2\/knowledge"}],"about":[{"href":"https:\/\/www.eikholt.no\/fi\/wp-json\/wp\/v2\/types\/knowledge"}],"author":[{"embeddable":true,"href":"https:\/\/www.eikholt.no\/fi\/wp-json\/wp\/v2\/users\/2"}],"wp:featuredmedia":[{"embeddable":true,"href":"https:\/\/www.eikholt.no\/fi\/wp-json\/wp\/v2\/media\/2407"}],"wp:attachment":[{"href":"https:\/\/www.eikholt.no\/fi\/wp-json\/wp\/v2\/media?parent=2110"}],"curies":[{"name":"wp","href":"https:\/\/api.w.org\/{rel}","templated":true}]}}