{"id":4184,"date":"2025-02-21T10:42:24","date_gmt":"2025-02-21T10:42:24","guid":{"rendered":"https:\/\/www.eikholt.no\/?post_type=knowledge&#038;p=4184"},"modified":"2025-03-12T10:57:15","modified_gmt":"2025-03-12T10:57:15","slug":"rpta-sairastavien-nakotoimintojen-optimointi","status":"publish","type":"knowledge","link":"https:\/\/www.eikholt.no\/fi\/tietoholvi\/rpta-sairastavien-nakotoimintojen-optimointi\/","title":{"rendered":"RP:t\u00e4 sairastavien n\u00e4k\u00f6toimintojen optimointi"},"content":{"rendered":"<h2 class=\"wp-block-heading\">Tietoa retiniitti pigmentosasta (RP)<\/h2>\n\n\n\n<p><a href=\"https:\/\/www.helsenorge.no\/sykdom\/oyesykdommer\/retinitis-pigmentosa-rp\/\" target=\"_blank\" rel=\"noreferrer noopener\">Retinitis pigmentosa (RP) <\/a>on yksi yleisimmist\u00e4 vaikean n\u00e4k\u00f6vammaisuuden syist\u00e4. Yleisesti k\u00e4ytet\u00e4\u00e4n lyhennett\u00e4 RP. Norjassa kohderyhm\u00e4\u00e4n arvioidaan kuuluvan noin 1 500 henkil\u00f6\u00e4, vaikka virallista rekisteri\u00e4 ei olekaan. Merkitt\u00e4v\u00e4 osa Eikholt:n kansallisen kuurosokeiden resurssikeskuksen palvelujen k\u00e4ytt\u00e4jist\u00e4 kuuluu t\u00e4h\u00e4n ryhm\u00e4\u00e4n. T\u00e4m\u00e4 johtuu osittain siit\u00e4, ett\u00e4 diagnoosi <a href=\"https:\/\/www.eikholt.no\/fi\/tietoholvi\/usherin-oireyhtyman-tyypit-ja-periytyminen\/\" target=\"_blank\" rel=\"noreferrer noopener\">Usherin oireyhtym\u00e4<\/a> jotka sis\u00e4lt\u00e4v\u00e4t visuaalisen diagnoosin RP, muodostavat yli 60 % k\u00e4ytt\u00e4jist\u00e4.<\/p>\n\n\n\n<p>Alle 70-vuotiaat RP-potilaat ovat suuri ja t\u00e4rke\u00e4 k\u00e4ytt\u00e4j\u00e4ryhm\u00e4 Norjan sokeain liiton yll\u00e4pit\u00e4m\u00e4n Hurdalin n\u00e4k\u00f6- ja selviytymiskeskuksen palveluissa.<\/p>\n\n\n\n<h2 class=\"wp-block-heading\">RP-hankkeen tavoitteet<\/h2>\n\n\n\n<p>Retinitis Pigmentosa -hankkeen, j\u00e4ljemp\u00e4n\u00e4 RP-hanke, tavoitteena oli selvitt\u00e4\u00e4, mill\u00e4 toimenpiteill\u00e4 RP:t\u00e4 sairastavien henkil\u00f6iden n\u00e4k\u00f6toiminta voidaan optimoida. Hankkeen aikana kehitimme tiet\u00e4myst\u00e4 testaamalla joitakin n\u00e4ist\u00e4 toimenpiteist\u00e4 yhteisty\u00f6ss\u00e4 hankkeen eri vaiheissa olevien RP:t\u00e4 sairastavien osallistujien kanssa.<\/p>\n\n\n\n<p><strong>Toimenpiteiss\u00e4 k\u00e4siteltiin RP:hen liittyvi\u00e4 tyypillisi\u00e4 haasteita, kuten:<\/strong><\/p>\n\n\n\n<ul class=\"wp-block-list\">\n<li>Kaventunut n\u00e4k\u00f6kentt\u00e4, jota kutsutaan my\u00f6s tunnelin\u00e4\u00f6ksi.<\/li>\n\n\n\n<li>Heikentynyt n\u00e4k\u00f6 h\u00e4m\u00e4r\u00e4ss\u00e4, joka tunnetaan my\u00f6s y\u00f6sokeutena.<\/li>\n\n\n\n<li>H\u00e4ik\u00e4isy ja valoherkkyys.<\/li>\n<\/ul>\n\n\n\n<p>Toinen t\u00e4rke\u00e4 osa RP-hanketta oli metodologinen toteutus, jonka tavoitteena oli antaa osallistujille mahdollisuus oppia ja saada syv\u00e4llisempi k\u00e4sitys omasta n\u00e4k\u00f6vammastaan. Osallistujat kokivat, ett\u00e4 hanke lis\u00e4si heid\u00e4n itseymm\u00e4rryst\u00e4\u00e4n ja vahvisti hanketta lis\u00e4\u00e4m\u00e4ll\u00e4 arvokasta tietoa kokemuksistaan eri toimenpiteist\u00e4.<\/p>\n\n\n\n<h3 class=\"wp-block-heading\">Osallistujien rekrytointi RP-hankkeeseen<\/h3>\n\n\n\n<p>Yhteisty\u00f6ss\u00e4 <a href=\"https:\/\/www.eikholt.no\/fi\/\">Eikholt Kuurosokeiden kansallinen resurssikeskus<\/a>, <a href=\"https:\/\/www.blindeforbundet.no\/tilbud-kurs-og-arrangementer\/syn-og-mestringssentrene\/hurdal-syn-og-mestringssenter\">Hurdalin n\u00e4k\u00f6- ja selviytymiskeskus<\/a> ja <a href=\"https:\/\/rpfn.no\/\">Retinitis Pigmentosa -yhdistys <\/a> Hankkeeseen rekrytoitiin 12 hyv\u00e4\u00e4 ehdokasta. Heist\u00e4 6 oli naisia ja 6 miehi\u00e4. He olivat tasaisesti 33-68-vuotiaita. <\/p>\n\n\n\n<p>Koska hanke perustui p\u00e4\u00e4asiassa laadulliseen aineistoon, valittiin osallistujat, jotka olivat hyvi\u00e4 kertomaan kokemuksistaan ja jotka pystyiv\u00e4t antamaan arvokasta palautetta kustakin painopistealueesta vuoropuhelussa hankkeen henkil\u00f6st\u00f6n kanssa.<\/p>\n\n\n\n<h2 class=\"wp-block-heading\">Videoesitykset RP-hankkeen toimenpiteist\u00e4 ja kokemuksista.<\/h2>\n\n\n\n<p>Alla olevissa videoissa on 9 videoesityst\u00e4. Osassa 1 esitell\u00e4\u00e4n hanke ja sen tarkoitus. Osa 2 k\u00e4sittelee Retinitis Pigmentosaa - mit\u00e4 se on ja RP:st\u00e4 Norjassa. T\u00e4m\u00e4n j\u00e4lkeen on esityksi\u00e4 aloitteista ja kokemuksista, joita hankkeen eri osallistujat ovat esitt\u00e4neet. Videoita voi katsoa sarjana tai yksitellen. Niiss\u00e4 on puhetta, teksti\u00e4 ja norjalaista viittomakielt\u00e4.<\/p>\n\n\n\n<h3 class=\"wp-block-heading\">Osa 1: Johdanto hankkeeseen<\/h3>\n\n\n\n<p>T\u00e4ss\u00e4 videossa Rolf Lund, tutkija Eikholt National Resource Centre for Deafblindness -hankkeesta, esittelee projektin \"Optimising visual function in people with Retinitis Pigmentosa (RP)\".<\/p>\n\n\n\n<figure class=\"wp-block-embed is-type-video is-provider-youtube wp-block-embed-youtube wp-embed-aspect-16-9 wp-has-aspect-ratio\"><div class=\"wp-block-embed__wrapper\">\n<iframe loading=\"lazy\" title=\"Johdanto RP-hankkeeseen\" width=\"500\" height=\"281\" src=\"https:\/\/www.youtube.com\/embed\/NATDNLb1p3Y?feature=oembed\" frameborder=\"0\" allow=\"accelerometer; autoplay; clipboard-write; encrypted-media; gyroscope; picture-in-picture; web-share\" referrerpolicy=\"strict-origin-when-cross-origin\" allowfullscreen><\/iframe>\n<\/div><\/figure>\n\n\n\n<div class=\"wp-block-sail-buttons left\">\n<a class=\"wp-block-sail-button filled teal\" href=\"https:\/\/www.eikholt.no\/fi\/sovellus\/lataukset\/2025\/03\/om-rp-prosjektet-pdf\/\" target=\"_blank\" rel=\"noreferrer noopener\"><span>Lue lis\u00e4\u00e4 RP-hankkeesta<\/span><\/a>\n<\/div>\n\n\n\n<h3 class=\"wp-block-heading\"><strong>Osa 2: Retinitis pigmentosa (RP) - mit\u00e4 se on ja mit\u00e4 tied\u00e4mme RP:st\u00e4 Norjassa?<\/strong><\/h3>\n\n\n\n<p>Cecilie Bredrup, Haukelandin yliopistollisen sairaalan ja Bergenin yliopiston professori, kertoo t\u00e4m\u00e4n videon ensimm\u00e4isess\u00e4 osassa Retinitis pigmentosasta (RP) - mit\u00e4 se on, ja toisessa osassa Retinitis pigmentosasta Norjassa. Kuulet rekistereist\u00e4, laadun parantamisesta, hoidosta ja tutkimuksesta.<\/p>\n\n\n\n<figure class=\"wp-block-embed is-type-video is-provider-youtube wp-block-embed-youtube wp-embed-aspect-16-9 wp-has-aspect-ratio\"><div class=\"wp-block-embed__wrapper\">\n<iframe loading=\"lazy\" title=\"Retinitis pigmentosa (RP) - mit\u00e4 se on ja mit\u00e4 tied\u00e4mme RP:st\u00e4 Norjassa?\" width=\"500\" height=\"281\" src=\"https:\/\/www.youtube.com\/embed\/dvRFpkKTdME?feature=oembed\" frameborder=\"0\" allow=\"accelerometer; autoplay; clipboard-write; encrypted-media; gyroscope; picture-in-picture; web-share\" referrerpolicy=\"strict-origin-when-cross-origin\" allowfullscreen><\/iframe>\n<\/div><\/figure>\n\n\n\n<div class=\"wp-block-sail-buttons left\">\n<a class=\"wp-block-sail-button filled teal\" href=\"https:\/\/www.eikholt.no\/fi\/sovellus\/lataukset\/2025\/03\/rp-mita-se-on-ja-mita-tiedamme-rpsta-norjassa-pdf\/\" target=\"_blank\" rel=\"noreferrer noopener\"><span>Lue RP:st\u00e4<\/span><\/a>\n<\/div>\n\n\n\n<h3 class=\"wp-block-heading\"><strong>Osa 3: Sellaisen apuv\u00e4lineen (Retiplus) testaaminen, joka voi kompensoida kaventunutta n\u00e4k\u00f6kentt\u00e4\u00e4. <\/strong><\/h3>\n\n\n\n<p>T\u00e4ll\u00e4 videolla Eikholt:n tutkija Rolf Lund esittelee Retiplus-apuv\u00e4lineen. Se oli yksi toimenpiteist\u00e4, joita testattiin hankkeessa \"Optimising visual function in people with Retinitis Pigmentosa (RP)\".<\/p>\n\n\n\n<figure class=\"wp-block-embed is-type-video is-provider-youtube wp-block-embed-youtube wp-embed-aspect-16-9 wp-has-aspect-ratio\"><div class=\"wp-block-embed__wrapper\">\n<iframe loading=\"lazy\" title=\"Apuv\u00e4lineen (Retiplus) testaus RP:n n\u00e4k\u00f6kent\u00e4n kaventumisen kompensoimiseksi.\" width=\"500\" height=\"281\" src=\"https:\/\/www.youtube.com\/embed\/Zz0q0yCytDM?feature=oembed\" frameborder=\"0\" allow=\"accelerometer; autoplay; clipboard-write; encrypted-media; gyroscope; picture-in-picture; web-share\" referrerpolicy=\"strict-origin-when-cross-origin\" allowfullscreen><\/iframe>\n<\/div><\/figure>\n\n\n\n<div class=\"wp-block-sail-buttons left\">\n<a class=\"wp-block-sail-button filled teal\" href=\"https:\/\/www.eikholt.no\/fi\/sovellus\/lataukset\/2025\/03\/av-retiplus-apuvalineen-kayton-tehostaminen-joka-voi-kompensoida-kapean-nakokentan-pdf\/\" target=\"_blank\" rel=\"noreferrer noopener\"><span>Lue avustavan teknologian kokeilusta<\/span><\/a>\n<\/div>\n\n\n\n<h3 class=\"wp-block-heading\"><strong>Osa 4: Kokemukset Retiplus-apuv\u00e4lineen k\u00e4yt\u00f6st\u00e4<\/strong><\/h3>\n\n\n\n<p>Miten ihmiset, joilla on RP, kokevat AR-lasien k\u00e4yt\u00f6n teknisen\u00e4 apuv\u00e4lineen\u00e4 suhteessa orientaatioon ja liikkumiseen? T\u00e4ll\u00e4 videolla Sindre G\u00e5ren Paulsen, n\u00e4k\u00f6kasvatuksen ja n\u00e4k\u00f6kuntoutuksen maisteriopiskelija <a href=\"https:\/\/www.usn.no\/studier\/master-i-synspedagogikk-og-synsrehabilitering\/\">USN<\/a> t\u00e4m\u00e4 teema.<\/p>\n\n\n\n<figure class=\"wp-block-embed is-type-video is-provider-youtube wp-block-embed-youtube wp-embed-aspect-16-9 wp-has-aspect-ratio\"><div class=\"wp-block-embed__wrapper\">\n<iframe loading=\"lazy\" title=\"Kokemukset Retiplus-apuv\u00e4lineteknologian k\u00e4yt\u00f6st\u00e4 RP:ss\u00e4\" width=\"500\" height=\"281\" src=\"https:\/\/www.youtube.com\/embed\/YP_0DTafF2Q?feature=oembed\" frameborder=\"0\" allow=\"accelerometer; autoplay; clipboard-write; encrypted-media; gyroscope; picture-in-picture; web-share\" referrerpolicy=\"strict-origin-when-cross-origin\" allowfullscreen><\/iframe>\n<\/div><\/figure>\n\n\n\n<div class=\"wp-block-sail-buttons left\">\n<a class=\"wp-block-sail-button filled teal\" href=\"https:\/\/www.eikholt.no\/fi\/sovellus\/lataukset\/2025\/03\/kokemusta-apuvalineesta-retiplus-pdf\/\" target=\"_blank\" rel=\"noreferrer noopener\"><span>Lue kokemuksistamme<\/span><\/a>\n<\/div>\n\n\n\n<h3 class=\"wp-block-heading\"><strong>Osa 5: RP:t\u00e4 sairastavien n\u00e4k\u00f6harjoittelusta <\/strong><\/h3>\n\n\n\n<p>T\u00e4ll\u00e4 videolla n\u00e4k\u00f6- ja liikkumiskouluttaja Arne T\u00f8mta puhuu n\u00e4k\u00f6valmennuksesta ja RP:st\u00e4. N\u00e4k\u00f6harjoittelulla tarkoitetaan t\u00e4ss\u00e4 yhteydess\u00e4 koulutusta ja toimenpiteit\u00e4, joiden avulla voit k\u00e4ytt\u00e4\u00e4 j\u00e4ljell\u00e4 olevaa n\u00e4k\u00f6\u00e4si tehokkaasti.<\/p>\n\n\n\n<figure class=\"wp-block-embed is-type-video is-provider-youtube wp-block-embed-youtube wp-embed-aspect-16-9 wp-has-aspect-ratio\"><div class=\"wp-block-embed__wrapper\">\n<iframe loading=\"lazy\" title=\"Tietoa n\u00e4k\u00f6harjoittelusta ja Retinitis Pigmentosasta (RP)\" width=\"500\" height=\"281\" src=\"https:\/\/www.youtube.com\/embed\/7iZzmw7huu8?feature=oembed\" frameborder=\"0\" allow=\"accelerometer; autoplay; clipboard-write; encrypted-media; gyroscope; picture-in-picture; web-share\" referrerpolicy=\"strict-origin-when-cross-origin\" allowfullscreen><\/iframe>\n<\/div><\/figure>\n\n\n\n<div class=\"wp-block-sail-buttons left\">\n<a class=\"wp-block-sail-button filled teal\" href=\"https:\/\/www.eikholt.no\/fi\/sovellus\/lataukset\/2025\/03\/silmaharjoitukset-rp-henkiloille-pdf\/\" target=\"_blank\" rel=\"noreferrer noopener\"><span>Lue RP:n visiointikoulutuksesta<\/span><\/a>\n<\/div>\n\n\n\n<h3 class=\"wp-block-heading\"><strong>Osa 6: RP:st\u00e4 ja y\u00f6n\u00e4k\u00f6st\u00e4 - mit\u00e4 voidaan tehd\u00e4 sen parantamiseksi?  <\/strong><\/h3>\n\n\n\n<p>Tumma n\u00e4k\u00f6 on usein ensimm\u00e4inen oire retiniittipigmentoosassa (RP). T\u00e4ll\u00e4 videolla n\u00e4k\u00f6- ja liikkumiskouluttaja Arne T\u00f8mta kertoo h\u00e4m\u00e4r\u00e4n\u00e4\u00f6st\u00e4 ja sen merkityksest\u00e4 jokap\u00e4iv\u00e4isess\u00e4 el\u00e4m\u00e4ss\u00e4. Kuulet lyhdyist\u00e4, vaihtoehtoisista apuv\u00e4lineist\u00e4 ja j\u00e4rjestelyvinkkej\u00e4.<\/p>\n\n\n\n<figure class=\"wp-block-embed is-type-video is-provider-youtube wp-block-embed-youtube wp-embed-aspect-16-9 wp-has-aspect-ratio\"><div class=\"wp-block-embed__wrapper\">\n<iframe loading=\"lazy\" title=\"Retinitis pigmentosa (RP) ja y\u00f6n\u00e4k\u00f6\" width=\"500\" height=\"281\" src=\"https:\/\/www.youtube.com\/embed\/pcdce4OwEqc?feature=oembed\" frameborder=\"0\" allow=\"accelerometer; autoplay; clipboard-write; encrypted-media; gyroscope; picture-in-picture; web-share\" referrerpolicy=\"strict-origin-when-cross-origin\" allowfullscreen><\/iframe>\n<\/div><\/figure>\n\n\n\n<div class=\"wp-block-sail-buttons left\">\n<a class=\"wp-block-sail-button filled teal\" href=\"https:\/\/www.eikholt.no\/fi\/sovellus\/lataukset\/2025\/03\/om-rp-og-morkesyn-pdf\/\" target=\"_blank\" rel=\"noreferrer noopener\"><span>Lue RP:st\u00e4 ja y\u00f6n\u00e4k\u00f6st\u00e4<\/span><\/a>\n<\/div>\n\n\n\n<h3 class=\"wp-block-heading\"><strong>Osa 7: Suodatinlasit apuv\u00e4lineen\u00e4<\/strong><\/h3>\n\n\n\n<p>Mit\u00e4 ovat suodatinlasit ja mik\u00e4 ero on suodatinlasien ja tavallisten aurinkolasien v\u00e4lill\u00e4? T\u00e4ll\u00e4 videolla Eikholt:n tutkija Rolf Lund selitt\u00e4\u00e4.<\/p>\n\n\n\n<figure class=\"wp-block-embed is-type-video is-provider-youtube wp-block-embed-youtube wp-embed-aspect-16-9 wp-has-aspect-ratio\"><div class=\"wp-block-embed__wrapper\">\n<iframe loading=\"lazy\" title=\"Suodatinlasit apuv\u00e4lineen\u00e4\" width=\"500\" height=\"281\" src=\"https:\/\/www.youtube.com\/embed\/43PezpS7nKc?feature=oembed\" frameborder=\"0\" allow=\"accelerometer; autoplay; clipboard-write; encrypted-media; gyroscope; picture-in-picture; web-share\" referrerpolicy=\"strict-origin-when-cross-origin\" allowfullscreen><\/iframe>\n<\/div><\/figure>\n\n\n\n<div class=\"wp-block-sail-buttons left\">\n<a class=\"wp-block-sail-button filled teal\" href=\"https:\/\/www.eikholt.no\/fi\/sovellus\/lataukset\/2025\/03\/suodatinlasit-apuvalineena-pdf\/\" target=\"_blank\" rel=\"noreferrer noopener\"><span>Lue suodatinlaseista<\/span><\/a>\n<\/div>\n\n\n\n<h3 class=\"wp-block-heading\"><strong>Osa 8: Suodatinlasien kokeilusta RP:t\u00e4 sairastaville henkil\u00f6ille <\/strong><\/h3>\n\n\n\n<p>Onko retinitis pigmentosaa sairastavilla erilaisia mieltymyksi\u00e4 valittaessa suodatinlaseja h\u00e4ik\u00e4isyn ja valoherkkyyden v\u00e4hent\u00e4miseksi, ja onko niill\u00e4 yhteytt\u00e4 v\u00e4rin\u00e4k\u00f6testin tuloksiin? Thorny Annette Bergan, USN:n maisteriopiskelija, esittelee maisterihankettaan \"Testing filter glasses for people with RP\".<\/p>\n\n\n\n<figure class=\"wp-block-embed is-type-video is-provider-youtube wp-block-embed-youtube wp-embed-aspect-16-9 wp-has-aspect-ratio\"><div class=\"wp-block-embed__wrapper\">\n<iframe loading=\"lazy\" title=\"Suodatinlasien kokeilusta RP:t\u00e4 sairastaville henkil\u00f6ille\" width=\"500\" height=\"281\" src=\"https:\/\/www.youtube.com\/embed\/UWjTQJwi0rM?feature=oembed\" frameborder=\"0\" allow=\"accelerometer; autoplay; clipboard-write; encrypted-media; gyroscope; picture-in-picture; web-share\" referrerpolicy=\"strict-origin-when-cross-origin\" allowfullscreen><\/iframe>\n<\/div><\/figure>\n\n\n\n<div class=\"wp-block-sail-buttons left\">\n<a class=\"wp-block-sail-button filled teal\" href=\"https:\/\/www.eikholt.no\/fi\/sovellus\/lataukset\/2025\/03\/suodatinlasien-soveltuvuuden-tutkiminen-rp-potilaille-pdf\/\" target=\"_blank\" rel=\"noreferrer noopener\"><span>Lue suodatinlasien kokeilusta RP:ss\u00e4<\/span><\/a>\n<\/div>\n\n\n\n<h3 class=\"wp-block-heading\"><strong>Osa 9: Kokemukset osallistumisesta yhten\u00e4 12:sta kokemusasiantuntijakonsultista RP-hankkeeseen. <\/strong><\/h3>\n\n\n\n<p>Monica Johansenilla on retiniittipigmentosa ja h\u00e4n on osallistunut kokemuskonsulttina. H\u00e4n on testannut ja antanut palautetta apuv\u00e4lineist\u00e4 hankkeessa \"Optimisation of visual functions for people with RP\".<\/p>\n\n\n\n<figure class=\"wp-block-embed is-type-video is-provider-youtube wp-block-embed-youtube wp-embed-aspect-16-9 wp-has-aspect-ratio\"><div class=\"wp-block-embed__wrapper\">\n<iframe loading=\"lazy\" title=\"Kokemuskonsultti RP-hankkeessa\" width=\"500\" height=\"281\" src=\"https:\/\/www.youtube.com\/embed\/uSzS7pwn-3s?feature=oembed\" frameborder=\"0\" allow=\"accelerometer; autoplay; clipboard-write; encrypted-media; gyroscope; picture-in-picture; web-share\" referrerpolicy=\"strict-origin-when-cross-origin\" allowfullscreen><\/iframe>\n<\/div><\/figure>\n\n\n\n<div class=\"wp-block-sail-buttons left\">\n<a class=\"wp-block-sail-button filled teal\" href=\"https:\/\/www.eikholt.no\/fi\/sovellus\/lataukset\/2025\/03\/kokemuksia-kokemuskonsulttina-osallistumisesta-rp-hankkeeseen-pdf\/\" target=\"_blank\" rel=\"noreferrer noopener\"><span>Lue kokemuskonsulttina toimimisesta <\/span><\/a>\n<\/div>\n\n\n\n<h2 class=\"wp-block-heading\">Lue lis\u00e4\u00e4?<\/h2>\n\n\n\n<p>Eikholt:n raportti: <a href=\"https:\/\/www.eikholt.no\/fi\/sovellus\/lataukset\/2023\/06\/eikholt-raportti-02_22-web-pdf\/\" target=\"_blank\" rel=\"noreferrer noopener\">Retiplus. Innovaatiohanke<\/a>.<\/p>\n\n\n\n<p>Lue my\u00f6s: <a href=\"https:\/\/www.eikholt.no\/fi\/artikkelit\/mita-ovat-suodatinlasit-ja-miten-niita-saa\/\">Mit\u00e4 suodatinlasit ovat ja miten niit\u00e4 saa?<\/a> <\/p>\n\n\n\n<p><strong>Haluatko lukea muista projekteista?<\/strong>&nbsp;Lue lis\u00e4\u00e4&nbsp;<a href=\"https:\/\/www.eikholt.no\/fi\/tietoholvi\/luokka\/hankkeet\/\">Eikholt:n j\u00e4rjest\u00e4miin hankkeisiin t\u00e4\u00e4ll\u00e4.<\/a><\/p>\n\n\n\n<p><strong>Haluatko tiet\u00e4\u00e4 lis\u00e4\u00e4 palveluistamme?<\/strong>&nbsp;<a href=\"https:\/\/www.eikholt.no\/fi\/palvelut\/\">Lue lis\u00e4\u00e4 palveluistamme t\u00e4\u00e4lt\u00e4.<\/a><\/p>\n\n\n\n<p><\/p>","protected":false},"excerpt":{"rendered":"<p>I et samarbeid mellom Eikholt, Universitetet i S\u00f8r\u00f8st Norge (USN) og RP-foreningen i Norge har prosjektet hatt som m\u00e5l \u00e5 kartlegge hvilke tiltak som brukes for \u00e5 optimalisere synsfunksjonen hos personer med RP.<br \/>\nGjennom prosjektperioden ble kunnskap utviklet ved \u00e5 teste ut utvalgte tiltak p\u00e5 deltakere med RP i ulike stadier. Tiltakene var rettet mot typiske utfordringer knyttet til RP, inkludert innsnevret synsfelt (tunnelsyn), redusert synsevne i svak belysning (nattblindhet), blending og lys\u00f8mfintlighet.  Du kan n\u00e5 lese mer om prosjektet og se videopresentasjoner om RP, tiltakene og erfaringene.<\/p>","protected":false},"author":2,"parent":0,"template":"","class_list":["post-4184","knowledge","type-knowledge","status-publish","hentry","cat-knowledge-syn","cat-knowledge-prosjekter"],"acf":[],"yoast_head":"<!-- This site is optimized with the Yoast SEO plugin v25.8 - https:\/\/yoast.com\/wordpress\/plugins\/seo\/ -->\n<title>Optimalisering av synsfunksjoner for personer med RP - Eikholt<\/title>\n<meta name=\"description\" content=\"Her kan du lese om RP-prosjektet og se videopresentasjoner om RP og tiltakene som ble pr\u00f8vd ut. RP-prosjektets m\u00e5lsetting var \u00e5 kartlegge hvilke tiltak som benyttes for \u00e5 optimalisere synsfunksjonen hos personer med RP.\" \/>\n<meta name=\"robots\" content=\"index, follow, max-snippet:-1, max-image-preview:large, max-video-preview:-1\" \/>\n<link rel=\"canonical\" href=\"https:\/\/www.eikholt.no\/fi\/tietoholvi\/rpta-sairastavien-nakotoimintojen-optimointi\/\" \/>\n<meta property=\"og:locale\" content=\"fi_FI\" \/>\n<meta property=\"og:type\" content=\"article\" \/>\n<meta property=\"og:title\" content=\"Optimalisering av synsfunksjoner for personer med RP - Eikholt\" \/>\n<meta property=\"og:description\" content=\"Her kan du lese om RP-prosjektet og se videopresentasjoner om RP og tiltakene som ble pr\u00f8vd ut. RP-prosjektets m\u00e5lsetting var \u00e5 kartlegge hvilke tiltak som benyttes for \u00e5 optimalisere synsfunksjonen hos personer med RP.\" \/>\n<meta property=\"og:url\" content=\"https:\/\/www.eikholt.no\/fi\/tietoholvi\/rpta-sairastavien-nakotoimintojen-optimointi\/\" \/>\n<meta property=\"og:site_name\" content=\"Eikholt\" \/>\n<meta property=\"article:publisher\" content=\"https:\/\/www.facebook.com\/eikholt.kompetansesenter\" \/>\n<meta property=\"article:modified_time\" content=\"2025-03-12T10:57:15+00:00\" \/>\n<meta name=\"twitter:card\" content=\"summary_large_image\" \/>\n<meta name=\"twitter:label1\" content=\"Est. reading time\" \/>\n\t<meta name=\"twitter:data1\" content=\"5 minutes\" \/>\n<script type=\"application\/ld+json\" class=\"yoast-schema-graph\">{\"@context\":\"https:\/\/schema.org\",\"@graph\":[{\"@type\":\"WebPage\",\"@id\":\"https:\/\/www.eikholt.no\/kunnskapshvelvet\/optimalisering-av-synsfunksjoner-for-personer-med-rp\/\",\"url\":\"https:\/\/www.eikholt.no\/kunnskapshvelvet\/optimalisering-av-synsfunksjoner-for-personer-med-rp\/\",\"name\":\"Optimalisering av synsfunksjoner for personer med RP - Eikholt\",\"isPartOf\":{\"@id\":\"https:\/\/www.eikholt.no\/#website\"},\"datePublished\":\"2025-02-21T10:42:24+00:00\",\"dateModified\":\"2025-03-12T10:57:15+00:00\",\"description\":\"Her kan du lese om RP-prosjektet og se videopresentasjoner om RP og tiltakene som ble pr\u00f8vd ut. RP-prosjektets m\u00e5lsetting var \u00e5 kartlegge hvilke tiltak som benyttes for \u00e5 optimalisere synsfunksjonen hos personer med RP.\",\"breadcrumb\":{\"@id\":\"https:\/\/www.eikholt.no\/kunnskapshvelvet\/optimalisering-av-synsfunksjoner-for-personer-med-rp\/#breadcrumb\"},\"inLanguage\":\"fi\",\"potentialAction\":[{\"@type\":\"ReadAction\",\"target\":[\"https:\/\/www.eikholt.no\/kunnskapshvelvet\/optimalisering-av-synsfunksjoner-for-personer-med-rp\/\"]}]},{\"@type\":\"BreadcrumbList\",\"@id\":\"https:\/\/www.eikholt.no\/kunnskapshvelvet\/optimalisering-av-synsfunksjoner-for-personer-med-rp\/#breadcrumb\",\"itemListElement\":[{\"@type\":\"ListItem\",\"position\":1,\"name\":\"Forside\",\"item\":\"https:\/\/www.eikholt.no\/\"},{\"@type\":\"ListItem\",\"position\":2,\"name\":\"Kunnskapshvelvet\",\"item\":\"https:\/\/www.eikholt.no\/kunnskapshvelvet\/\"},{\"@type\":\"ListItem\",\"position\":3,\"name\":\"Optimalisering av synsfunksjoner for personer med RP\"}]},{\"@type\":\"WebSite\",\"@id\":\"https:\/\/www.eikholt.no\/#website\",\"url\":\"https:\/\/www.eikholt.no\/\",\"name\":\"Eikholt\",\"description\":\"\",\"publisher\":{\"@id\":\"https:\/\/www.eikholt.no\/#organization\"},\"potentialAction\":[{\"@type\":\"SearchAction\",\"target\":{\"@type\":\"EntryPoint\",\"urlTemplate\":\"https:\/\/www.eikholt.no\/?s={search_term_string}\"},\"query-input\":{\"@type\":\"PropertyValueSpecification\",\"valueRequired\":true,\"valueName\":\"search_term_string\"}}],\"inLanguage\":\"fi\"},{\"@type\":\"Organization\",\"@id\":\"https:\/\/www.eikholt.no\/#organization\",\"name\":\"Eikholt\",\"url\":\"https:\/\/www.eikholt.no\/\",\"logo\":{\"@type\":\"ImageObject\",\"inLanguage\":\"fi\",\"@id\":\"https:\/\/www.eikholt.no\/#\/schema\/logo\/image\/\",\"url\":\"https:\/\/www.eikholt.no\/app\/uploads\/2024\/04\/cropped-Logo-Eikholt-ny.jpg\",\"contentUrl\":\"https:\/\/www.eikholt.no\/app\/uploads\/2024\/04\/cropped-Logo-Eikholt-ny.jpg\",\"width\":419,\"height\":209,\"caption\":\"Eikholt\"},\"image\":{\"@id\":\"https:\/\/www.eikholt.no\/#\/schema\/logo\/image\/\"},\"sameAs\":[\"https:\/\/www.facebook.com\/eikholt.kompetansesenter\"]}]}<\/script>\n<!-- \/ Yoast SEO plugin. -->","yoast_head_json":{"title":"RP:t\u00e4 sairastavien n\u00e4k\u00f6toimintojen optimointi - Eikholt","description":"T\u00e4\u00e4lt\u00e4 voit lukea RP-hankkeesta ja katsoa videoesityksi\u00e4 RP:st\u00e4 ja kokeilluista toimenpiteist\u00e4. RP-hankkeen tavoitteena oli kartoittaa, mill\u00e4 toimenpiteill\u00e4 RP:t\u00e4 sairastavien henkil\u00f6iden n\u00e4k\u00f6toimintaa voidaan optimoida.","robots":{"index":"index","follow":"follow","max-snippet":"max-snippet:-1","max-image-preview":"max-image-preview:large","max-video-preview":"max-video-preview:-1"},"canonical":"https:\/\/www.eikholt.no\/fi\/tietoholvi\/rpta-sairastavien-nakotoimintojen-optimointi\/","og_locale":"fi_FI","og_type":"article","og_title":"Optimalisering av synsfunksjoner for personer med RP - Eikholt","og_description":"Her kan du lese om RP-prosjektet og se videopresentasjoner om RP og tiltakene som ble pr\u00f8vd ut. RP-prosjektets m\u00e5lsetting var \u00e5 kartlegge hvilke tiltak som benyttes for \u00e5 optimalisere synsfunksjonen hos personer med RP.","og_url":"https:\/\/www.eikholt.no\/fi\/tietoholvi\/rpta-sairastavien-nakotoimintojen-optimointi\/","og_site_name":"Eikholt","article_publisher":"https:\/\/www.facebook.com\/eikholt.kompetansesenter","article_modified_time":"2025-03-12T10:57:15+00:00","twitter_card":"summary_large_image","twitter_misc":{"Est. reading time":"5 minutes"},"schema":{"@context":"https:\/\/schema.org","@graph":[{"@type":"WebPage","@id":"https:\/\/www.eikholt.no\/kunnskapshvelvet\/optimalisering-av-synsfunksjoner-for-personer-med-rp\/","url":"https:\/\/www.eikholt.no\/kunnskapshvelvet\/optimalisering-av-synsfunksjoner-for-personer-med-rp\/","name":"RP:t\u00e4 sairastavien n\u00e4k\u00f6toimintojen optimointi - Eikholt","isPartOf":{"@id":"https:\/\/www.eikholt.no\/#website"},"datePublished":"2025-02-21T10:42:24+00:00","dateModified":"2025-03-12T10:57:15+00:00","description":"T\u00e4\u00e4lt\u00e4 voit lukea RP-hankkeesta ja katsoa videoesityksi\u00e4 RP:st\u00e4 ja kokeilluista toimenpiteist\u00e4. RP-hankkeen tavoitteena oli kartoittaa, mill\u00e4 toimenpiteill\u00e4 RP:t\u00e4 sairastavien henkil\u00f6iden n\u00e4k\u00f6toimintaa voidaan optimoida.","breadcrumb":{"@id":"https:\/\/www.eikholt.no\/kunnskapshvelvet\/optimalisering-av-synsfunksjoner-for-personer-med-rp\/#breadcrumb"},"inLanguage":"fi","potentialAction":[{"@type":"ReadAction","target":["https:\/\/www.eikholt.no\/kunnskapshvelvet\/optimalisering-av-synsfunksjoner-for-personer-med-rp\/"]}]},{"@type":"BreadcrumbList","@id":"https:\/\/www.eikholt.no\/kunnskapshvelvet\/optimalisering-av-synsfunksjoner-for-personer-med-rp\/#breadcrumb","itemListElement":[{"@type":"ListItem","position":1,"name":"Forside","item":"https:\/\/www.eikholt.no\/"},{"@type":"ListItem","position":2,"name":"Kunnskapshvelvet","item":"https:\/\/www.eikholt.no\/kunnskapshvelvet\/"},{"@type":"ListItem","position":3,"name":"Optimalisering av synsfunksjoner for personer med RP"}]},{"@type":"WebSite","@id":"https:\/\/www.eikholt.no\/#website","url":"https:\/\/www.eikholt.no\/","name":"Eikholt","description":"","publisher":{"@id":"https:\/\/www.eikholt.no\/#organization"},"potentialAction":[{"@type":"SearchAction","target":{"@type":"EntryPoint","urlTemplate":"https:\/\/www.eikholt.no\/?s={search_term_string}"},"query-input":{"@type":"PropertyValueSpecification","valueRequired":true,"valueName":"search_term_string"}}],"inLanguage":"fi"},{"@type":"Organization","@id":"https:\/\/www.eikholt.no\/#organization","name":"Eikholt","url":"https:\/\/www.eikholt.no\/","logo":{"@type":"ImageObject","inLanguage":"fi","@id":"https:\/\/www.eikholt.no\/#\/schema\/logo\/image\/","url":"https:\/\/www.eikholt.no\/app\/uploads\/2024\/04\/cropped-Logo-Eikholt-ny.jpg","contentUrl":"https:\/\/www.eikholt.no\/app\/uploads\/2024\/04\/cropped-Logo-Eikholt-ny.jpg","width":419,"height":209,"caption":"Eikholt"},"image":{"@id":"https:\/\/www.eikholt.no\/#\/schema\/logo\/image\/"},"sameAs":["https:\/\/www.facebook.com\/eikholt.kompetansesenter"]}]}},"_links":{"self":[{"href":"https:\/\/www.eikholt.no\/fi\/wp-json\/wp\/v2\/knowledge\/4184","targetHints":{"allow":["GET"]}}],"collection":[{"href":"https:\/\/www.eikholt.no\/fi\/wp-json\/wp\/v2\/knowledge"}],"about":[{"href":"https:\/\/www.eikholt.no\/fi\/wp-json\/wp\/v2\/types\/knowledge"}],"author":[{"embeddable":true,"href":"https:\/\/www.eikholt.no\/fi\/wp-json\/wp\/v2\/users\/2"}],"wp:attachment":[{"href":"https:\/\/www.eikholt.no\/fi\/wp-json\/wp\/v2\/media?parent=4184"}],"curies":[{"name":"wp","href":"https:\/\/api.w.org\/{rel}","templated":true}]}}