{"id":1947,"date":"2024-09-19T07:50:51","date_gmt":"2024-09-19T07:50:51","guid":{"rendered":"https:\/\/www.eikholt.no\/?post_type=course&#038;p=1947"},"modified":"2024-10-03T10:09:46","modified_gmt":"2024-10-03T10:09:46","slug":"din-tekniska-vardag","status":"publish","type":"course","link":"https:\/\/www.eikholt.no\/sv\/gruppkurs\/din-tekniska-vardag\/","title":{"rendered":"Din tekniska vardag"},"content":{"rendered":"<h2 class=\"wp-block-heading\">Vem \u00e4r kursen l\u00e4mplig f\u00f6r:<\/h2>\n\n\n\n<p>Detta \u00e4r en kurs f\u00f6r personer med kombinerad syn- och h\u00f6rselneds\u00e4ttning. Kursen passar dig som \u00e4r nyfiken och vill bli mer sj\u00e4lvst\u00e4ndig och trygg i anv\u00e4ndandet av teknik.&nbsp;<\/p>\n\n\n\n<p>Kursen ger dig grundl\u00e4ggande kunskaper om s\u00e4kerhet och ny teknik\/artificiell intelligens i grupp. Du f\u00e5r ocks\u00e5 individuella sessioner anpassade efter dina behov.\u00a0\u00a0<\/p>\n\n\n\n<h2 class=\"wp-block-heading\">Kursens inneh\u00e5ll:<\/h2>\n\n\n\n<ul class=\"wp-block-list\">\n<li>Grunderna i s\u00e4kerhet och integritet\u00a0\u00a0\u00a0<\/li>\n\n\n\n<li>Grunderna i ny teknik\/artificiell intelligens (AI)\u00a0<\/li>\n\n\n\n<li>Praktiska \u00f6vningar skr\u00e4ddarsydda efter dina behov.\u00a0\u00a0<\/li>\n\n\n\n<li>Delar erfarenheter l\u00e4ngs v\u00e4gen.\u00a0<\/li>\n<\/ul>","protected":false},"excerpt":{"rendered":"<p>Hvem passer kurset for: Dette er et kurs for deg som har kombinert syns- og h\u00f8rselsnedsettelse. Kurset egner seg for deg som er nysgjerrig og som \u00f8nsker \u00e5 bli mer selvstendig og trygg i bruk av teknologi.&nbsp; Kurset gir deg grunnleggende kunnskap om sikkerhet og ny teknologi\/kunstig intelligens i gruppe. Du f\u00e5r ogs\u00e5 individuelle \u00f8kter<\/p>","protected":false},"parent":0,"template":"","class_list":["post-1947","course","type-course","status-publish","hentry"],"acf":[],"yoast_head":"<!-- This site is optimized with the Yoast SEO plugin v25.8 - https:\/\/yoast.com\/wordpress\/plugins\/seo\/ -->\n<title>Din tekniske hverdag - Eikholt<\/title>\n<meta name=\"description\" content=\"Din tekniske hverdag er et gruppekurs for deg som har kombinert syns- og h\u00f8rselsnedsettelse, som \u00f8nsker \u00e5 bli mer selvstendig og trygg i bruk av teknologi. Les om kurset og meld din interesse her:\" \/>\n<meta name=\"robots\" content=\"index, follow, max-snippet:-1, max-image-preview:large, max-video-preview:-1\" \/>\n<link rel=\"canonical\" href=\"https:\/\/www.eikholt.no\/sv\/kurs\/din-tekniska-vardag\/\" \/>\n<meta property=\"og:locale\" content=\"sv_SE\" \/>\n<meta property=\"og:type\" content=\"article\" \/>\n<meta property=\"og:title\" content=\"Din tekniske hverdag - Eikholt\" \/>\n<meta property=\"og:description\" content=\"Din tekniske hverdag er et gruppekurs for deg som har kombinert syns- og h\u00f8rselsnedsettelse, som \u00f8nsker \u00e5 bli mer selvstendig og trygg i bruk av teknologi. Les om kurset og meld din interesse her:\" \/>\n<meta property=\"og:url\" content=\"https:\/\/www.eikholt.no\/sv\/kurs\/din-tekniska-vardag\/\" \/>\n<meta property=\"og:site_name\" content=\"Eikholt\" \/>\n<meta property=\"article:publisher\" content=\"https:\/\/www.facebook.com\/eikholt.kompetansesenter\" \/>\n<meta property=\"article:modified_time\" content=\"2024-10-03T10:09:46+00:00\" \/>\n<meta name=\"twitter:card\" content=\"summary_large_image\" \/>\n<meta name=\"twitter:label1\" content=\"Est. reading time\" \/>\n\t<meta name=\"twitter:data1\" content=\"1 minute\" \/>\n<script type=\"application\/ld+json\" class=\"yoast-schema-graph\">{\"@context\":\"https:\/\/schema.org\",\"@graph\":[{\"@type\":\"WebPage\",\"@id\":\"https:\/\/www.eikholt.no\/kurs\/din-tekniske-hverdag\/\",\"url\":\"https:\/\/www.eikholt.no\/kurs\/din-tekniske-hverdag\/\",\"name\":\"Din tekniske hverdag - Eikholt\",\"isPartOf\":{\"@id\":\"https:\/\/www.eikholt.no\/#website\"},\"datePublished\":\"2024-09-19T07:50:51+00:00\",\"dateModified\":\"2024-10-03T10:09:46+00:00\",\"description\":\"Din tekniske hverdag er et gruppekurs for deg som har kombinert syns- og h\u00f8rselsnedsettelse, som \u00f8nsker \u00e5 bli mer selvstendig og trygg i bruk av teknologi. Les om kurset og meld din interesse her:\",\"breadcrumb\":{\"@id\":\"https:\/\/www.eikholt.no\/kurs\/din-tekniske-hverdag\/#breadcrumb\"},\"inLanguage\":\"sv-SE\",\"potentialAction\":[{\"@type\":\"ReadAction\",\"target\":[\"https:\/\/www.eikholt.no\/kurs\/din-tekniske-hverdag\/\"]}]},{\"@type\":\"BreadcrumbList\",\"@id\":\"https:\/\/www.eikholt.no\/kurs\/din-tekniske-hverdag\/#breadcrumb\",\"itemListElement\":[{\"@type\":\"ListItem\",\"position\":1,\"name\":\"Forside\",\"item\":\"https:\/\/www.eikholt.no\/\"},{\"@type\":\"ListItem\",\"position\":2,\"name\":\"Gruppekurs\",\"item\":\"https:\/\/www.eikholt.no\/gruppekurs\/\"},{\"@type\":\"ListItem\",\"position\":3,\"name\":\"Din tekniske hverdag\"}]},{\"@type\":\"WebSite\",\"@id\":\"https:\/\/www.eikholt.no\/#website\",\"url\":\"https:\/\/www.eikholt.no\/\",\"name\":\"Eikholt\",\"description\":\"\",\"publisher\":{\"@id\":\"https:\/\/www.eikholt.no\/#organization\"},\"potentialAction\":[{\"@type\":\"SearchAction\",\"target\":{\"@type\":\"EntryPoint\",\"urlTemplate\":\"https:\/\/www.eikholt.no\/?s={search_term_string}\"},\"query-input\":{\"@type\":\"PropertyValueSpecification\",\"valueRequired\":true,\"valueName\":\"search_term_string\"}}],\"inLanguage\":\"sv-SE\"},{\"@type\":\"Organization\",\"@id\":\"https:\/\/www.eikholt.no\/#organization\",\"name\":\"Eikholt\",\"url\":\"https:\/\/www.eikholt.no\/\",\"logo\":{\"@type\":\"ImageObject\",\"inLanguage\":\"sv-SE\",\"@id\":\"https:\/\/www.eikholt.no\/#\/schema\/logo\/image\/\",\"url\":\"https:\/\/www.eikholt.no\/app\/uploads\/2024\/04\/cropped-Logo-Eikholt-ny.jpg\",\"contentUrl\":\"https:\/\/www.eikholt.no\/app\/uploads\/2024\/04\/cropped-Logo-Eikholt-ny.jpg\",\"width\":419,\"height\":209,\"caption\":\"Eikholt\"},\"image\":{\"@id\":\"https:\/\/www.eikholt.no\/#\/schema\/logo\/image\/\"},\"sameAs\":[\"https:\/\/www.facebook.com\/eikholt.kompetansesenter\"]}]}<\/script>\n<!-- \/ Yoast SEO plugin. -->","yoast_head_json":{"title":"Din tekniska vardag - Eikholt","description":"Din tekniska vardag \u00e4r en gruppkurs f\u00f6r personer med kombinerad syn- och h\u00f6rselneds\u00e4ttning som vill bli mer sj\u00e4lvst\u00e4ndiga och trygga i att anv\u00e4nda teknik. L\u00e4s mer om kursen och anm\u00e4l ditt intresse h\u00e4r:","robots":{"index":"index","follow":"follow","max-snippet":"max-snippet:-1","max-image-preview":"max-image-preview:large","max-video-preview":"max-video-preview:-1"},"canonical":"https:\/\/www.eikholt.no\/sv\/kurs\/din-tekniska-vardag\/","og_locale":"sv_SE","og_type":"article","og_title":"Din tekniske hverdag - Eikholt","og_description":"Din tekniske hverdag er et gruppekurs for deg som har kombinert syns- og h\u00f8rselsnedsettelse, som \u00f8nsker \u00e5 bli mer selvstendig og trygg i bruk av teknologi. Les om kurset og meld din interesse her:","og_url":"https:\/\/www.eikholt.no\/sv\/kurs\/din-tekniska-vardag\/","og_site_name":"Eikholt","article_publisher":"https:\/\/www.facebook.com\/eikholt.kompetansesenter","article_modified_time":"2024-10-03T10:09:46+00:00","twitter_card":"summary_large_image","twitter_misc":{"Est. reading time":"1 minute"},"schema":{"@context":"https:\/\/schema.org","@graph":[{"@type":"WebPage","@id":"https:\/\/www.eikholt.no\/kurs\/din-tekniske-hverdag\/","url":"https:\/\/www.eikholt.no\/kurs\/din-tekniske-hverdag\/","name":"Din tekniska vardag - Eikholt","isPartOf":{"@id":"https:\/\/www.eikholt.no\/#website"},"datePublished":"2024-09-19T07:50:51+00:00","dateModified":"2024-10-03T10:09:46+00:00","description":"Din tekniska vardag \u00e4r en gruppkurs f\u00f6r personer med kombinerad syn- och h\u00f6rselneds\u00e4ttning som vill bli mer sj\u00e4lvst\u00e4ndiga och trygga i att anv\u00e4nda teknik. L\u00e4s mer om kursen och anm\u00e4l ditt intresse h\u00e4r:","breadcrumb":{"@id":"https:\/\/www.eikholt.no\/kurs\/din-tekniske-hverdag\/#breadcrumb"},"inLanguage":"sv-SE","potentialAction":[{"@type":"ReadAction","target":["https:\/\/www.eikholt.no\/kurs\/din-tekniske-hverdag\/"]}]},{"@type":"BreadcrumbList","@id":"https:\/\/www.eikholt.no\/kurs\/din-tekniske-hverdag\/#breadcrumb","itemListElement":[{"@type":"ListItem","position":1,"name":"Forside","item":"https:\/\/www.eikholt.no\/"},{"@type":"ListItem","position":2,"name":"Gruppekurs","item":"https:\/\/www.eikholt.no\/gruppekurs\/"},{"@type":"ListItem","position":3,"name":"Din tekniske hverdag"}]},{"@type":"WebSite","@id":"https:\/\/www.eikholt.no\/#website","url":"https:\/\/www.eikholt.no\/","name":"Eikholt","description":"","publisher":{"@id":"https:\/\/www.eikholt.no\/#organization"},"potentialAction":[{"@type":"SearchAction","target":{"@type":"EntryPoint","urlTemplate":"https:\/\/www.eikholt.no\/?s={search_term_string}"},"query-input":{"@type":"PropertyValueSpecification","valueRequired":true,"valueName":"search_term_string"}}],"inLanguage":"sv-SE"},{"@type":"Organization","@id":"https:\/\/www.eikholt.no\/#organization","name":"Eikholt","url":"https:\/\/www.eikholt.no\/","logo":{"@type":"ImageObject","inLanguage":"sv-SE","@id":"https:\/\/www.eikholt.no\/#\/schema\/logo\/image\/","url":"https:\/\/www.eikholt.no\/app\/uploads\/2024\/04\/cropped-Logo-Eikholt-ny.jpg","contentUrl":"https:\/\/www.eikholt.no\/app\/uploads\/2024\/04\/cropped-Logo-Eikholt-ny.jpg","width":419,"height":209,"caption":"Eikholt"},"image":{"@id":"https:\/\/www.eikholt.no\/#\/schema\/logo\/image\/"},"sameAs":["https:\/\/www.facebook.com\/eikholt.kompetansesenter"]}]}},"_links":{"self":[{"href":"https:\/\/www.eikholt.no\/sv\/wp-json\/wp\/v2\/course\/1947","targetHints":{"allow":["GET"]}}],"collection":[{"href":"https:\/\/www.eikholt.no\/sv\/wp-json\/wp\/v2\/course"}],"about":[{"href":"https:\/\/www.eikholt.no\/sv\/wp-json\/wp\/v2\/types\/course"}],"wp:attachment":[{"href":"https:\/\/www.eikholt.no\/sv\/wp-json\/wp\/v2\/media?parent=1947"}],"curies":[{"name":"wp","href":"https:\/\/api.w.org\/{rel}","templated":true}]}}