{"id":1193,"date":"2019-08-23T10:56:00","date_gmt":"2019-08-23T10:56:00","guid":{"rendered":"https:\/\/www.eikholt.no\/?p=1193"},"modified":"2025-10-30T10:27:35","modified_gmt":"2025-10-30T10:27:35","slug":"fackkonferens-digital-framtid","status":"publish","type":"knowledge","link":"https:\/\/www.eikholt.no\/sv\/kunskapsvalvet\/fackkonferens-digital-framtid\/","title":{"rendered":"Eikholt-konferens - Digital framtid"},"content":{"rendered":"<p>Eikholt-konferensen 2019 anordnades med temat \"Hur kan IKT hj\u00e4lpa personer med d\u00f6vblindhet att f\u00e5 tillg\u00e5ng till ett aktivt och socialt liv\". <\/p>\n\n\n\n<h2 class=\"wp-block-heading\">Digital agenda<\/h2>\n\n\n\n<p>Den norska regeringens digitala agenda \u00e4r att IKT ska skapa en enklare vardag f\u00f6r oss alla. Det inneb\u00e4r bland annat att digitala tj\u00e4nster ska vara l\u00e4tta att f\u00f6rst\u00e5 och l\u00e4tta att anv\u00e4nda f\u00f6r alla (<a href=\"https:\/\/www.regjeringen.no\/no\/dokumenter\/meld.-st.-27-20152016\/id2483795\/sec1\">Meld.St. 27 2015-2016<\/a>).<\/p>\n\n\n\n<p>F\u00f6r personer med dubbelsidig sensorisk f\u00f6rlust kan IKT bidra till m\u00f6jligheter till aktivitet och social kontakt n\u00e4r universell design och utbildning \u00e4r bra. Denna konferens kommer att ge insikt i b\u00e5de befintliga och nya IKT-l\u00f6sningar, samt hur de kan l\u00f6sa vardagliga utmaningar genom god facilitering och v\u00e4gledning.<\/p>\n\n\n\n<h2 class=\"wp-block-heading\">Inspelning fr\u00e5n Eikholt-konferensen<\/h2>\n\n\n\n<p>Nedan kan du se en inspelning fr\u00e5n Eikholt-konferensen om \"Hur kan IKT hj\u00e4lpa personer med d\u00f6vblindhet att f\u00e5 tillg\u00e5ng till ett aktivt och socialt liv\"<\/p>\n\n\n\n<figure class=\"wp-block-embed is-type-video is-provider-youtube wp-block-embed-youtube wp-embed-aspect-16-9 wp-has-aspect-ratio\"><div class=\"wp-block-embed__wrapper\">\n<iframe loading=\"lazy\" title=\"Kari Brede &amp; John Ulriksens presentation - Digital Future Conference 2019\" width=\"500\" height=\"281\" src=\"https:\/\/www.youtube.com\/embed\/wyoPfF7qBGQ?feature=oembed\" frameborder=\"0\" allow=\"accelerometer; autoplay; clipboard-write; encrypted-media; gyroscope; picture-in-picture; web-share\" referrerpolicy=\"strict-origin-when-cross-origin\" allowfullscreen><\/iframe>\n<\/div><\/figure>\n\n\n\n<figure class=\"wp-block-embed is-type-video is-provider-youtube wp-block-embed-youtube wp-embed-aspect-16-9 wp-has-aspect-ratio\"><div class=\"wp-block-embed__wrapper\">\n<iframe loading=\"lazy\" title=\"Rolf Lunds presentation - Digital Future Conference 2019\" width=\"500\" height=\"281\" src=\"https:\/\/www.youtube.com\/embed\/p-403iZQgB4?feature=oembed\" frameborder=\"0\" allow=\"accelerometer; autoplay; clipboard-write; encrypted-media; gyroscope; picture-in-picture; web-share\" referrerpolicy=\"strict-origin-when-cross-origin\" allowfullscreen><\/iframe>\n<\/div><\/figure>\n\n\n\n<figure class=\"wp-block-embed is-type-video is-provider-youtube wp-block-embed-youtube wp-embed-aspect-16-9 wp-has-aspect-ratio\"><div class=\"wp-block-embed__wrapper\">\n<iframe loading=\"lazy\" title=\"Rolf Mj\u00f8nes presentation - Digital Future Conference 2019\" width=\"500\" height=\"281\" src=\"https:\/\/www.youtube.com\/embed\/CQyNjVbT0LI?feature=oembed\" frameborder=\"0\" allow=\"accelerometer; autoplay; clipboard-write; encrypted-media; gyroscope; picture-in-picture; web-share\" referrerpolicy=\"strict-origin-when-cross-origin\" allowfullscreen><\/iframe>\n<\/div><\/figure>\n\n\n\n<figure class=\"wp-block-embed is-type-video is-provider-youtube wp-block-embed-youtube wp-embed-aspect-16-9 wp-has-aspect-ratio\"><div class=\"wp-block-embed__wrapper\">\n<iframe loading=\"lazy\" title=\"Molly Watts presentation - Digital Future Conference 2019\" width=\"500\" height=\"281\" src=\"https:\/\/www.youtube.com\/embed\/G_Q6QAZOBk0?feature=oembed\" frameborder=\"0\" allow=\"accelerometer; autoplay; clipboard-write; encrypted-media; gyroscope; picture-in-picture; web-share\" referrerpolicy=\"strict-origin-when-cross-origin\" allowfullscreen><\/iframe>\n<\/div><\/figure>\n\n\n\n<figure class=\"wp-block-embed is-type-video is-provider-youtube wp-block-embed-youtube wp-embed-aspect-16-9 wp-has-aspect-ratio\"><div class=\"wp-block-embed__wrapper\">\n<iframe loading=\"lazy\" title=\"Silvija Seres presentation - Digital Future Conference 2019\" width=\"500\" height=\"281\" src=\"https:\/\/www.youtube.com\/embed\/dyaXjg_kFaw?feature=oembed\" frameborder=\"0\" allow=\"accelerometer; autoplay; clipboard-write; encrypted-media; gyroscope; picture-in-picture; web-share\" referrerpolicy=\"strict-origin-when-cross-origin\" allowfullscreen><\/iframe>\n<\/div><\/figure>\n\n\n\n<figure class=\"wp-block-embed is-type-video is-provider-youtube wp-block-embed-youtube wp-embed-aspect-16-9 wp-has-aspect-ratio\"><div class=\"wp-block-embed__wrapper\">\n<iframe loading=\"lazy\" title=\"Nasrine Olsons presentation - Digital Future Conference 2019\" width=\"500\" height=\"281\" src=\"https:\/\/www.youtube.com\/embed\/VQFB3fV7kdE?feature=oembed\" frameborder=\"0\" allow=\"accelerometer; autoplay; clipboard-write; encrypted-media; gyroscope; picture-in-picture; web-share\" referrerpolicy=\"strict-origin-when-cross-origin\" allowfullscreen><\/iframe>\n<\/div><\/figure>\n\n\n\n<figure class=\"wp-block-embed is-type-video is-provider-youtube wp-block-embed-youtube wp-embed-aspect-16-9 wp-has-aspect-ratio\"><div class=\"wp-block-embed__wrapper\">\n<iframe loading=\"lazy\" title=\"Linda Erikssons presentation - Digital Future Conference 2019\" width=\"500\" height=\"281\" src=\"https:\/\/www.youtube.com\/embed\/QRe8tf6U3f0?feature=oembed\" frameborder=\"0\" allow=\"accelerometer; autoplay; clipboard-write; encrypted-media; gyroscope; picture-in-picture; web-share\" referrerpolicy=\"strict-origin-when-cross-origin\" allowfullscreen><\/iframe>\n<\/div><\/figure>\n\n\n\n<h2 class=\"wp-block-heading\">Talare till Eikholt-konferensen<\/h2>\n\n\n<div class=\"wp-block-image\">\n<figure class=\"alignleft size-full\"><img loading=\"lazy\" decoding=\"async\" width=\"173\" height=\"171\" src=\"https:\/\/www.eikholt.no\/app\/uploads\/2023\/06\/Molly.jpg\" alt=\"\" class=\"wp-image-1197\" srcset=\"https:\/\/www.eikholt.no\/app\/uploads\/2023\/06\/Molly.jpg 173w, https:\/\/www.eikholt.no\/app\/uploads\/2023\/06\/Molly-24x24.jpg 24w, https:\/\/www.eikholt.no\/app\/uploads\/2023\/06\/Molly-48x48.jpg 48w, https:\/\/www.eikholt.no\/app\/uploads\/2023\/06\/Molly-96x96.jpg 96w\" sizes=\"auto, (max-width: 173px) 100vw, 173px\" \/><\/figure><\/div>\n\n\n<p>Vi har m\u00e5nga bra talare p\u00e5 konferensen, och vi \u00e4r s\u00e4rskilt glada \u00f6ver att kunna presentera Molly Watt som v\u00e5r huvudtalare. Molly kommer fr\u00e5n Maidenhead, Berkshire i England, och har Ushers syndrom. Hon \u00e4r grundare av Molly Watt Trust, en organisation som arbetar f\u00f6r att \u00f6ka medvetenheten om Ushers syndrom och hur personer med syndromet kan dra nytta av IKT-l\u00f6sningar. Molly arbetar som konsult inom tillg\u00e4nglighet och anv\u00e4ndbarhet. Hon \u00e4r en eftertraktad talare som specialiserar sig p\u00e5 teknik och design. Vi ser fram emot det!<\/p>\n\n\n<div class=\"wp-block-image\">\n<figure class=\"alignleft size-full\"><img loading=\"lazy\" decoding=\"async\" width=\"175\" height=\"174\" src=\"https:\/\/www.eikholt.no\/app\/uploads\/2023\/06\/anita.jpg\" alt=\"\" class=\"wp-image-1202\" srcset=\"https:\/\/www.eikholt.no\/app\/uploads\/2023\/06\/anita.jpg 175w, https:\/\/www.eikholt.no\/app\/uploads\/2023\/06\/anita-150x150.jpg 150w, https:\/\/www.eikholt.no\/app\/uploads\/2023\/06\/anita-24x24.jpg 24w, https:\/\/www.eikholt.no\/app\/uploads\/2023\/06\/anita-48x48.jpg 48w, https:\/\/www.eikholt.no\/app\/uploads\/2023\/06\/anita-96x96.jpg 96w\" sizes=\"auto, (max-width: 175px) 100vw, 175px\" \/><\/figure><\/div>\n\n\n<p>Vi har ocks\u00e5 turen att f\u00e5 bes\u00f6k av Anita Schj\u00f8ll Brede som kommer att tala om den m\u00e4nskliga aspekten av teknik och nya s\u00e4tt att vara i social interaktion. Anita \u00e4r en av grundarna och har utsetts till en av v\u00e4rldens mest innovativa personer p\u00e5 Forbes lista \u00f6ver v\u00e4rldens Tech Women. Detta kommer att bli \u00e4nnu ett fyrverkeri av ett samtal.<\/p>\n\n\n\n<h2 class=\"wp-block-heading\">Presentationer:<\/h2>\n\n\n\n<p><a href=\"https:\/\/www.eikholt.no\/sv\/artiklar\/presentation-av-forelasare\/\"><strong>Klicka h\u00e4r f\u00f6r information om talare och nedladdning av presentationer.<\/strong><\/a><\/p>\n\n\n\n<p>Konferensen kommer att h\u00e5llas p\u00e5 engelska och skandinaviska, med teckenspr\u00e5kstolkning.<\/p>\n\n\n\n<h2 class=\"wp-block-heading\">Program<\/h2>\n\n\n\n<p><a href=\"https:\/\/www.eikholt.no\/sv\/app\/uppladdningar\/2023\/06\/program-ikt-konferansen-20-21-november-2019.pdf\/\">Klicka h\u00e4r f\u00f6r programmet<\/a><\/p>\n\n\n\n<p><em><strong>Detta inneh\u00e5ll \u00e4r mer \u00e4n 3 \u00e5r gammalt och kan inneh\u00e5lla information som inte l\u00e4ngre \u00e4r aktuell<\/strong><\/em>.<\/p>\n\n\n\n<h2 class=\"wp-block-heading\">Se det senaste inneh\u00e5llet fr\u00e5n Eikholt:s konferenser och webbseminarier<\/h2>\n\n\n\n<p><a href=\"https:\/\/www.eikholt.no\/sv\/kunskapsvalvet\/kategori\/konferenser-och-webbinarier\/\"><strong>Konferenser och webbinarier Arkiv - Eikholt<\/strong><\/a><\/p>\n\n\n\n<p><\/p>","protected":false},"excerpt":{"rendered":"<p>Hur kan IKT hj\u00e4lpa personer med d\u00f6vblindhet att f\u00e5 tillg\u00e5ng till ett aktivt och socialt liv? H\u00e4r hittar du presentationer och inspelningar fr\u00e5n Eikholt-konferensen 2019. <\/p>","protected":false},"author":2,"parent":0,"template":"","class_list":["post-1193","knowledge","type-knowledge","status-publish","has-post-thumbnail","hentry","cat-knowledge-konferanser-og-webinar"],"acf":[],"yoast_head":"<!-- This site is optimized with the Yoast SEO plugin v25.8 - https:\/\/yoast.com\/wordpress\/plugins\/seo\/ -->\n<title>Eikholt-konferanse \u2013 Digital fremtid - Eikholt<\/title>\n<meta name=\"description\" content=\"Eikholt arrangerte i 2019 fagkonferanse med tema &quot;Hvordan kan IKT bidra til at personer med d\u00f8vblindhet f\u00e5r tilgang til et aktivt og sosialt liv&quot; Se opptak og last ned presentasjoner her:\" \/>\n<meta name=\"robots\" content=\"index, follow, max-snippet:-1, max-image-preview:large, max-video-preview:-1\" \/>\n<link rel=\"canonical\" href=\"https:\/\/www.eikholt.no\/sv\/kunskapsvalvet\/fackkonferens-digital-framtid\/\" \/>\n<meta property=\"og:locale\" content=\"sv_SE\" \/>\n<meta property=\"og:type\" content=\"article\" \/>\n<meta property=\"og:title\" content=\"Eikholt-konferanse \u2013 Digital fremtid - Eikholt\" \/>\n<meta property=\"og:description\" content=\"Eikholt arrangerte i 2019 fagkonferanse med tema &quot;Hvordan kan IKT bidra til at personer med d\u00f8vblindhet f\u00e5r tilgang til et aktivt og sosialt liv&quot; Se opptak og last ned presentasjoner her:\" \/>\n<meta property=\"og:url\" content=\"https:\/\/www.eikholt.no\/sv\/kunskapsvalvet\/fackkonferens-digital-framtid\/\" \/>\n<meta property=\"og:site_name\" content=\"Eikholt\" \/>\n<meta property=\"article:publisher\" content=\"https:\/\/www.facebook.com\/eikholt.kompetansesenter\" \/>\n<meta property=\"article:modified_time\" content=\"2025-10-30T10:27:35+00:00\" \/>\n<meta property=\"og:image\" content=\"https:\/\/www.eikholt.no\/app\/uploads\/2023\/06\/konferanselogo.png\" \/>\n\t<meta property=\"og:image:width\" content=\"586\" \/>\n\t<meta property=\"og:image:height\" content=\"537\" \/>\n\t<meta property=\"og:image:type\" content=\"image\/png\" \/>\n<meta name=\"twitter:card\" content=\"summary_large_image\" \/>\n<meta name=\"twitter:label1\" content=\"Est. reading time\" \/>\n\t<meta name=\"twitter:data1\" content=\"3 minutes\" \/>\n<script type=\"application\/ld+json\" class=\"yoast-schema-graph\">{\"@context\":\"https:\/\/schema.org\",\"@graph\":[{\"@type\":\"WebPage\",\"@id\":\"https:\/\/www.eikholt.no\/kunnskapshvelvet\/fagkonferanse-digital-fremtid\/\",\"url\":\"https:\/\/www.eikholt.no\/kunnskapshvelvet\/fagkonferanse-digital-fremtid\/\",\"name\":\"Eikholt-konferanse \u2013 Digital fremtid - Eikholt\",\"isPartOf\":{\"@id\":\"https:\/\/www.eikholt.no\/#website\"},\"primaryImageOfPage\":{\"@id\":\"https:\/\/www.eikholt.no\/kunnskapshvelvet\/fagkonferanse-digital-fremtid\/#primaryimage\"},\"image\":{\"@id\":\"https:\/\/www.eikholt.no\/kunnskapshvelvet\/fagkonferanse-digital-fremtid\/#primaryimage\"},\"thumbnailUrl\":\"https:\/\/www.eikholt.no\/app\/uploads\/2023\/06\/konferanselogo.png\",\"datePublished\":\"2019-08-23T10:56:00+00:00\",\"dateModified\":\"2025-10-30T10:27:35+00:00\",\"description\":\"Eikholt arrangerte i 2019 fagkonferanse med tema \\\"Hvordan kan IKT bidra til at personer med d\u00f8vblindhet f\u00e5r tilgang til et aktivt og sosialt liv\\\" Se opptak og last ned presentasjoner her:\",\"breadcrumb\":{\"@id\":\"https:\/\/www.eikholt.no\/kunnskapshvelvet\/fagkonferanse-digital-fremtid\/#breadcrumb\"},\"inLanguage\":\"sv-SE\",\"potentialAction\":[{\"@type\":\"ReadAction\",\"target\":[\"https:\/\/www.eikholt.no\/kunnskapshvelvet\/fagkonferanse-digital-fremtid\/\"]}]},{\"@type\":\"ImageObject\",\"inLanguage\":\"sv-SE\",\"@id\":\"https:\/\/www.eikholt.no\/kunnskapshvelvet\/fagkonferanse-digital-fremtid\/#primaryimage\",\"url\":\"https:\/\/www.eikholt.no\/app\/uploads\/2023\/06\/konferanselogo.png\",\"contentUrl\":\"https:\/\/www.eikholt.no\/app\/uploads\/2023\/06\/konferanselogo.png\",\"width\":586,\"height\":537,\"caption\":\"konferanselogo\"},{\"@type\":\"BreadcrumbList\",\"@id\":\"https:\/\/www.eikholt.no\/kunnskapshvelvet\/fagkonferanse-digital-fremtid\/#breadcrumb\",\"itemListElement\":[{\"@type\":\"ListItem\",\"position\":1,\"name\":\"Forside\",\"item\":\"https:\/\/www.eikholt.no\/\"},{\"@type\":\"ListItem\",\"position\":2,\"name\":\"Kunnskapshvelvet\",\"item\":\"https:\/\/www.eikholt.no\/kunnskapshvelvet\/\"},{\"@type\":\"ListItem\",\"position\":3,\"name\":\"Eikholt-konferanse \u2013 Digital fremtid\"}]},{\"@type\":\"WebSite\",\"@id\":\"https:\/\/www.eikholt.no\/#website\",\"url\":\"https:\/\/www.eikholt.no\/\",\"name\":\"Eikholt\",\"description\":\"\",\"publisher\":{\"@id\":\"https:\/\/www.eikholt.no\/#organization\"},\"potentialAction\":[{\"@type\":\"SearchAction\",\"target\":{\"@type\":\"EntryPoint\",\"urlTemplate\":\"https:\/\/www.eikholt.no\/?s={search_term_string}\"},\"query-input\":{\"@type\":\"PropertyValueSpecification\",\"valueRequired\":true,\"valueName\":\"search_term_string\"}}],\"inLanguage\":\"sv-SE\"},{\"@type\":\"Organization\",\"@id\":\"https:\/\/www.eikholt.no\/#organization\",\"name\":\"Eikholt\",\"url\":\"https:\/\/www.eikholt.no\/\",\"logo\":{\"@type\":\"ImageObject\",\"inLanguage\":\"sv-SE\",\"@id\":\"https:\/\/www.eikholt.no\/#\/schema\/logo\/image\/\",\"url\":\"https:\/\/www.eikholt.no\/app\/uploads\/2024\/04\/cropped-Logo-Eikholt-ny.jpg\",\"contentUrl\":\"https:\/\/www.eikholt.no\/app\/uploads\/2024\/04\/cropped-Logo-Eikholt-ny.jpg\",\"width\":419,\"height\":209,\"caption\":\"Eikholt\"},\"image\":{\"@id\":\"https:\/\/www.eikholt.no\/#\/schema\/logo\/image\/\"},\"sameAs\":[\"https:\/\/www.facebook.com\/eikholt.kompetansesenter\"]}]}<\/script>\n<!-- \/ Yoast SEO plugin. -->","yoast_head_json":{"title":"Eikholt-konferens - Digital framtid - Eikholt","description":"Under 2019 anordnade Eikholt en konferens med temat \"Hur kan IKT hj\u00e4lpa personer med d\u00f6vblindhet att f\u00e5 tillg\u00e5ng till ett aktivt och socialt liv?\" Se inspelningar och ladda ner presentationer h\u00e4r:","robots":{"index":"index","follow":"follow","max-snippet":"max-snippet:-1","max-image-preview":"max-image-preview:large","max-video-preview":"max-video-preview:-1"},"canonical":"https:\/\/www.eikholt.no\/sv\/kunskapsvalvet\/fackkonferens-digital-framtid\/","og_locale":"sv_SE","og_type":"article","og_title":"Eikholt-konferanse \u2013 Digital fremtid - Eikholt","og_description":"Eikholt arrangerte i 2019 fagkonferanse med tema \"Hvordan kan IKT bidra til at personer med d\u00f8vblindhet f\u00e5r tilgang til et aktivt og sosialt liv\" Se opptak og last ned presentasjoner her:","og_url":"https:\/\/www.eikholt.no\/sv\/kunskapsvalvet\/fackkonferens-digital-framtid\/","og_site_name":"Eikholt","article_publisher":"https:\/\/www.facebook.com\/eikholt.kompetansesenter","article_modified_time":"2025-10-30T10:27:35+00:00","og_image":[{"width":586,"height":537,"url":"https:\/\/www.eikholt.no\/app\/uploads\/2023\/06\/konferanselogo.png","type":"image\/png"}],"twitter_card":"summary_large_image","twitter_misc":{"Est. reading time":"3 minutes"},"schema":{"@context":"https:\/\/schema.org","@graph":[{"@type":"WebPage","@id":"https:\/\/www.eikholt.no\/kunnskapshvelvet\/fagkonferanse-digital-fremtid\/","url":"https:\/\/www.eikholt.no\/kunnskapshvelvet\/fagkonferanse-digital-fremtid\/","name":"Eikholt-konferens - Digital framtid - Eikholt","isPartOf":{"@id":"https:\/\/www.eikholt.no\/#website"},"primaryImageOfPage":{"@id":"https:\/\/www.eikholt.no\/kunnskapshvelvet\/fagkonferanse-digital-fremtid\/#primaryimage"},"image":{"@id":"https:\/\/www.eikholt.no\/kunnskapshvelvet\/fagkonferanse-digital-fremtid\/#primaryimage"},"thumbnailUrl":"https:\/\/www.eikholt.no\/app\/uploads\/2023\/06\/konferanselogo.png","datePublished":"2019-08-23T10:56:00+00:00","dateModified":"2025-10-30T10:27:35+00:00","description":"Under 2019 anordnade Eikholt en konferens med temat \"Hur kan IKT hj\u00e4lpa personer med d\u00f6vblindhet att f\u00e5 tillg\u00e5ng till ett aktivt och socialt liv?\" Se inspelningar och ladda ner presentationer h\u00e4r:","breadcrumb":{"@id":"https:\/\/www.eikholt.no\/kunnskapshvelvet\/fagkonferanse-digital-fremtid\/#breadcrumb"},"inLanguage":"sv-SE","potentialAction":[{"@type":"ReadAction","target":["https:\/\/www.eikholt.no\/kunnskapshvelvet\/fagkonferanse-digital-fremtid\/"]}]},{"@type":"ImageObject","inLanguage":"sv-SE","@id":"https:\/\/www.eikholt.no\/kunnskapshvelvet\/fagkonferanse-digital-fremtid\/#primaryimage","url":"https:\/\/www.eikholt.no\/app\/uploads\/2023\/06\/konferanselogo.png","contentUrl":"https:\/\/www.eikholt.no\/app\/uploads\/2023\/06\/konferanselogo.png","width":586,"height":537,"caption":"konferanselogo"},{"@type":"BreadcrumbList","@id":"https:\/\/www.eikholt.no\/kunnskapshvelvet\/fagkonferanse-digital-fremtid\/#breadcrumb","itemListElement":[{"@type":"ListItem","position":1,"name":"Forside","item":"https:\/\/www.eikholt.no\/"},{"@type":"ListItem","position":2,"name":"Kunnskapshvelvet","item":"https:\/\/www.eikholt.no\/kunnskapshvelvet\/"},{"@type":"ListItem","position":3,"name":"Eikholt-konferanse \u2013 Digital fremtid"}]},{"@type":"WebSite","@id":"https:\/\/www.eikholt.no\/#website","url":"https:\/\/www.eikholt.no\/","name":"Eikholt","description":"","publisher":{"@id":"https:\/\/www.eikholt.no\/#organization"},"potentialAction":[{"@type":"SearchAction","target":{"@type":"EntryPoint","urlTemplate":"https:\/\/www.eikholt.no\/?s={search_term_string}"},"query-input":{"@type":"PropertyValueSpecification","valueRequired":true,"valueName":"search_term_string"}}],"inLanguage":"sv-SE"},{"@type":"Organization","@id":"https:\/\/www.eikholt.no\/#organization","name":"Eikholt","url":"https:\/\/www.eikholt.no\/","logo":{"@type":"ImageObject","inLanguage":"sv-SE","@id":"https:\/\/www.eikholt.no\/#\/schema\/logo\/image\/","url":"https:\/\/www.eikholt.no\/app\/uploads\/2024\/04\/cropped-Logo-Eikholt-ny.jpg","contentUrl":"https:\/\/www.eikholt.no\/app\/uploads\/2024\/04\/cropped-Logo-Eikholt-ny.jpg","width":419,"height":209,"caption":"Eikholt"},"image":{"@id":"https:\/\/www.eikholt.no\/#\/schema\/logo\/image\/"},"sameAs":["https:\/\/www.facebook.com\/eikholt.kompetansesenter"]}]}},"_links":{"self":[{"href":"https:\/\/www.eikholt.no\/sv\/wp-json\/wp\/v2\/knowledge\/1193","targetHints":{"allow":["GET"]}}],"collection":[{"href":"https:\/\/www.eikholt.no\/sv\/wp-json\/wp\/v2\/knowledge"}],"about":[{"href":"https:\/\/www.eikholt.no\/sv\/wp-json\/wp\/v2\/types\/knowledge"}],"author":[{"embeddable":true,"href":"https:\/\/www.eikholt.no\/sv\/wp-json\/wp\/v2\/users\/2"}],"wp:featuredmedia":[{"embeddable":true,"href":"https:\/\/www.eikholt.no\/sv\/wp-json\/wp\/v2\/media\/1201"}],"wp:attachment":[{"href":"https:\/\/www.eikholt.no\/sv\/wp-json\/wp\/v2\/media?parent=1193"}],"curies":[{"name":"wp","href":"https:\/\/api.w.org\/{rel}","templated":true}]}}