{"id":4359,"date":"2025-03-24T12:54:43","date_gmt":"2025-03-24T12:54:43","guid":{"rendered":"https:\/\/www.eikholt.no\/?p=4359"},"modified":"2025-09-02T09:26:25","modified_gmt":"2025-09-02T09:26:25","slug":"pharc-ett-sallsynt-syndrom","status":"publish","type":"knowledge","link":"https:\/\/www.eikholt.no\/sv\/kunskapsvalvet\/pharc-ett-sallsynt-syndrom\/","title":{"rendered":"PHARC - ett s\u00e4llsynt syndrom"},"content":{"rendered":"<h2 class=\"wp-block-heading\">Vad \u00e4r PHARC-syndromet?<\/h2>\n\n\n\n<p>PHARC \u00e4r ett mycket s\u00e4llsynt syndrom som orsakas av en mutation i ABHD12-genen. PHARC inneb\u00e4r kombinerad syn- och h\u00f6rselneds\u00e4ttning\/d\u00f6vblindhet, polyneuropati och cerebell\u00e4r ataxi.<\/p>\n\n\n\n<p>Sv\u00e5righetsgraden av h\u00f6rselneds\u00e4ttning, synneds\u00e4ttning, polyneuropati och ataxi varierar fr\u00e5n person till person. Det finns individuella skillnader n\u00e4r det g\u00e4ller n\u00e4r i livet tillst\u00e5nden uppst\u00e5r och hur snabbt tillst\u00e5ndet utvecklas och f\u00f6rs\u00e4mras. <\/p>\n\n\n\n<p>Namnet PHARC \u00e4r en f\u00f6rkortning av de engelska termerna f\u00f6r de tillst\u00e5nd som ing\u00e5r i syndromet: <em>Polyneuropati, H\u00f6rselneds\u00e4ttning, Ataxi, Retinitis pigmentosa<\/em> och <em>Gr\u00e5 starr<\/em>.<\/p>\n\n\n\n<p>Eikholt:s kursutbud och tj\u00e4nster g\u00e4ller f\u00f6r alla med kombinerad syn- och h\u00f6rselneds\u00e4ttning\/d\u00f6vblindhet, vilket inkluderar alla med PHARC som har nedsatt syn och h\u00f6rsel.<\/p>\n\n\n\n<h2 class=\"wp-block-heading\">\u00c4rftlighet i PHARC<\/h2>\n\n\n\n<p>PHARC ned\u00e4rvs autosomalt recessivt och orsakas av en mutation i ABHD12-genen. Detta inneb\u00e4r att personen m\u00e5ste \u00e4rva en muterad gen fr\u00e5n vardera f\u00f6r\u00e4ldern f\u00f6r att f\u00e5 PHARC. De flesta personer med PHARC har f\u00f6r\u00e4ldrar som \u00e4r friska b\u00e4rare och som inte sj\u00e4lva har PHARC.<\/p>\n\n\n\n<h2 class=\"wp-block-heading\"><strong>F\u00f6rekomst<\/strong><\/h2>\n\n\n\n<p>PHARC \u00e4r ett mycket s\u00e4llsynt syndrom. I forskningslitteraturen 2024 beskrevs endast 58 fall av PHARC i hela v\u00e4rlden. En m\u00f6jlig orsak till att antalet \u00e4r l\u00e5gt \u00e4r att inte alla som har PHARC n\u00f6dv\u00e4ndigtvis har deltagit i forskning. I Norge uppskattar man att 1 av 36.000 personer har PHARC. Eftersom PHARC \u00e4r \u00e4rftligt f\u00f6rekommer syndromet oftare i vissa familjer och i vissa delar av landet. Lika m\u00e5nga kvinnor som m\u00e4n har PHARC.<\/p>\n\n\n\n<h2 class=\"wp-block-heading\"><strong>Polyneuropati<\/strong><\/h2>\n\n\n\n<p>Demyeliniserande polyneuropati \u00e4r en av de viktigaste egenskaperna hos PHARC. Nerverna i h\u00e4nder, f\u00f6tter, armar och ben f\u00f6rs\u00e4mras gradvis, vilket leder till domningar, stickningar, sm\u00e4rta och muskelsvaghet. Det finns stora variationer i n\u00e4r polyneuropati upptr\u00e4der hos personer med PHARC. Den vanligaste tidpunkten f\u00f6r polyneuropati \u00e4r i b\u00f6rjan av 20-\u00e5rs\u00e5ldern, men det finns stora variationer, fr\u00e5n tidig barndom till 50-\u00e5rs\u00e5ldern. F\u00f6r vissa \u00e4r polyneuropati det f\u00f6rsta tecknet p\u00e5 syndromet, medan andra har haft syn- och h\u00f6rselneds\u00e4ttning i m\u00e5nga \u00e5r innan polyneuropati uppt\u00e4cks. Hur snabbt nerverna f\u00f6rs\u00e4mras varierar fr\u00e5n person till person.<\/p>\n\n\n\n<h2 class=\"wp-block-heading\"><strong>H\u00f6rselneds\u00e4ttning<\/strong><\/h2>\n\n\n\n<p>Personer med PHARC har vanligtvis m\u00e5ttlig till sv\u00e5r sensorineural h\u00f6rselneds\u00e4ttning i b\u00e5da \u00f6ronen. En del \u00e4r d\u00f6va. H\u00f6rselneds\u00e4ttningen kan vara medf\u00f6dd och upptr\u00e4da i barndomen eller ton\u00e5ren. Det finns ocks\u00e5 rapporterade fall d\u00e4r h\u00f6rselneds\u00e4ttningen uppt\u00e4ckts i vuxen \u00e5lder. Hastigheten med vilken h\u00f6rseln f\u00f6rs\u00e4mras varierar.<\/p>\n\n\n\n<p>Om din h\u00f6rselneds\u00e4ttning motiverar det fungerar h\u00f6rapparater bra f\u00f6r personer med PHARC. Forskning visar ocks\u00e5 att personer med PHARC har nytta av <a href=\"https:\/\/www.oslo-universitetssykehus.no\/behandlinger\/cochleaimplantat-ci\/\">cochleaimplantat (CI) <\/a>om h\u00f6rselneds\u00e4ttningen indikerar detta.<\/p>\n\n\n\n<h2 class=\"wp-block-heading\"><strong>Cerebell\u00e4r ataxi<\/strong><\/h2>\n\n\n\n<p>Cerebell\u00e4r ataxi \u00e4r en sjukdom i lillhj\u00e4rnan som kan leda till ostadighet vid g\u00e5ng, skakningar och sv\u00e5righeter med motorik och exakta r\u00f6relser. Vissa m\u00e4nniskor kan ocks\u00e5 uppleva sv\u00e5righeter att tala p\u00e5 grund av ataxi. Cerebell\u00e4r ataxi \u00e4r det PHARC-symtom som varierar mest mellan m\u00e4nniskor, b\u00e5de n\u00e4r det g\u00e4ller starttidpunkt och sv\u00e5righetsgrad. Variationen str\u00e4cker sig fr\u00e5n inga tecken p\u00e5 cerebell\u00e4r ataxi, till mindre balansproblem, hela v\u00e4gen till allvarligt nedsatt fin- och grovmotorik.<\/p>\n\n\n\n<h2 class=\"wp-block-heading\"><strong>Retinitis Pigmentosa (RP)<\/strong><\/h2>\n\n\n\n<p>\u00d6gonsjukdomen<a href=\"https:\/\/www.eikholt.no\/sv\/kunskapsvalvet\/optimering-av-synfunktioner-for-personer-med-rp\/\"> Retinitis Pigmentosa<\/a> \u00e4r en n\u00e4thinnedystrofi som drabbar stavarna i n\u00e4thinnan. RP kan leda till nattblindhet och ett inskr\u00e4nkt synf\u00e4lt, och de flesta upplever \"tunnelseende\". M\u00e5nga upplever utmaningar med bl\u00e4ndning. I takt med att synneds\u00e4ttningen fortskrider och blir sv\u00e5r kan \u00e4ven synsk\u00e4rpan f\u00f6rs\u00e4mras. Det finns stora variationer i n\u00e4r synneds\u00e4ttningen uppt\u00e4cks, men f\u00f6r personer med PHARC uppt\u00e4cks RP vanligtvis i 20- och 30-\u00e5rs\u00e5ldern. Hur snabbt synen f\u00f6rs\u00e4mras varierar, men de flesta beh\u00e5ller viss synf\u00f6rm\u00e5ga l\u00e5ngt upp i vuxen \u00e5lder.<\/p>\n\n\n\n<h2 class=\"wp-block-heading\"><strong>Katarakt (gr\u00e5 starr)<\/strong><\/h2>\n\n\n\n<p>Gr\u00e5 starr \u00e4r ett tillst\u00e5nd d\u00e4r \u00f6gats lins blir grumlig. Detta leder till grumlig och suddig syn. Katarakt \u00e4r ett relativt vanligt tillst\u00e5nd, men personer med PHARC och \u00f6gonsjukdomen Retinitis Pigmentosa utvecklar ofta katarakt tidigare i livet \u00e4n vad som \u00e4r normalt. Vissa personer med PHARC har medf\u00f6dd gr\u00e5 starr. Gr\u00e5 starr kan vanligtvis opereras bort.<\/p>\n\n\n\n<h2 class=\"wp-block-heading\"><strong>PHARC \u00e4r ett spektrum<\/strong><\/h2>\n\n\n\n<p>PHARC yttrar sig mycket olika fr\u00e5n person till person. \u00c4ven om det finns vissa gemensamma drag finns det ocks\u00e5 m\u00e5nga skillnader. Vanligtvis upptr\u00e4der de f\u00f6rsta symtomen i barndomen eller ton\u00e5ren och utvecklas l\u00e5ngsamt. Det \u00e4r stor skillnad p\u00e5 i vilken ordning symtomen upptr\u00e4der. F\u00f6r vissa \u00e4r polyneuropati det f\u00f6rsta symtomet, medan andra bara har en h\u00f6rselneds\u00e4ttning i b\u00f6rjan. Vissa utvecklar synneds\u00e4ttning sent i livet, medan andra utvecklar synneds\u00e4ttning i barndomen. Alla med PHARC har inte alla fem tillst\u00e5nden. Det finns ocks\u00e5 stora variationer i hur snabbt de fem tillst\u00e5nden utvecklas och f\u00f6rs\u00e4mras.<\/p>\n\n\n\n<h2 class=\"wp-block-heading\"><strong>Bed\u00f6mning och differentialdiagnostik<\/strong><\/h2>\n\n\n\n<p>PHARC \u00e4r en relativt ny diagnos som beskrevs i forskningslitteraturen f\u00f6r f\u00f6rsta g\u00e5ngen 2009 av norska forskare vid Haukeland universitetssjukhus.<\/p>\n\n\n\n<p>Eftersom det finns stora variationer i tidpunkten f\u00f6r och sv\u00e5righetsgraden av symtomen kan det vara sv\u00e5rt att skilja PHARC fr\u00e5n andra sjukdomar och syndrom. Tidigare feldiagnostiserades PHARC ofta som atypisk <a href=\"https:\/\/www.eikholt.no\/sv\/kunskapsvalvet\/usher-syndrom-typer-och-arftlighet\/\">Usher syndrom<\/a>Charcot-Marie-Tooths sjukdom eller Refsums sjukdom.<\/p>\n\n\n\n<p>Idag kan PHARC diagnostiseras med hj\u00e4lp av genetisk testning. N\u00e4r personer genomg\u00e5r genetisk testning f\u00f6r h\u00f6rselneds\u00e4ttning, synneds\u00e4ttning, neuropati eller ataxi kommer de att testas f\u00f6r PHARC.<\/p>\n\n\n\n<h2 class=\"wp-block-heading\"><strong>Behandling och organisation<\/strong><\/h2>\n\n\n\n<p>Det finns inget botemedel mot PHARC. De olika tillst\u00e5nden kan dock avhj\u00e4lpas p\u00e5 olika s\u00e4tt. H\u00f6rselhj\u00e4lpmedel eller cochleaimplantat kan hj\u00e4lpa mot h\u00f6rselneds\u00e4ttning. Synneds\u00e4ttning kan delvis hanteras med hj\u00e4lp av olika copingstrategier, hj\u00e4lpmedel och tr\u00e4ning. Motion och sjukgymnastik kan hj\u00e4lpa till att uppr\u00e4tth\u00e5lla den fysiska funktionen.<\/p>\n\n\n\n<p>Eftersom PHARC \u00e4r ett syndrom som p\u00e5verkar s\u00e5 m\u00e5nga olika delar av kroppen \u00e4r m\u00e5nga olika yrkesgrupper involverade i bed\u00f6mning, diagnos, behandling och rehabilitering. Det kommer att finnas ett behov av tv\u00e4rvetenskapligt samarbete inom behandling, rehabilitering och utbildning.<\/p>\n\n\n\n<h2 class=\"wp-block-heading\"><strong>Eikholts erfarenhet av PHARC<\/strong><\/h2>\n\n\n\n<p>Eikholt har erfarenhet av rehabilitering och utbildning f\u00f6r personer med PHARC och tillhandah\u00e5ller regelbundet tj\u00e4nster till personer med detta syndrom. I detta avsnitt sammanfattas n\u00e5gra av Eikholt:s erfarenheter av personer med PHARC.<\/p>\n\n\n\n<p>N\u00e4r synen blir s\u00e5 nedsatt att det blir sv\u00e5rt att l\u00e4sa och skriva visuellt \u00e4r punktskrift ett d\u00e5ligt alternativ f\u00f6r personer med PHARC p\u00e5 grund av polyneuropati. Vi har god erfarenhet av att skrivning med diktamen och h\u00f6gl\u00e4sning samt r\u00f6ststyrning av mobiltelefoner och andra apparater fungerar.<\/p>\n\n\n\n<p>M\u00e5nga m\u00e4nniskor f\u00f6rlitar sig p\u00e5 sin h\u00f6rsel f\u00f6r kommunikation. N\u00e4r synneds\u00e4ttningen och polyneuropatin har blivit allvarlig \u00e4r Eikholt:s erfarenhet att det \u00e4r sv\u00e5rt att anv\u00e4nda visuellt eller taktilt teckenspr\u00e5k<em>.<\/em> Dessa personer \u00e4r d\u00e4rf\u00f6r beroende av bra h\u00f6rapparater eller cochleaimplantat. Extra h\u00f6rapparater kan beh\u00f6vas f\u00f6r att f\u00f6rst\u00e5 tal. Vid sv\u00e5r polyneuropati och cerebell\u00e4r ataxi kan det vara sv\u00e5rt att anv\u00e4nda sm\u00e5 hj\u00e4lpmedel som t.ex. h\u00f6rapparater. Polyneuropati beh\u00f6ver inte n\u00f6dv\u00e4ndigtvis p\u00e5verka f\u00f6rm\u00e5gan att uppfatta tryck och r\u00f6relser p\u00e5 rygg eller b\u00e5l, och personer med PHARC kan ha nytta av haptisk kommunikation.<\/p>\n\n\n\n<p>N\u00e4r det g\u00e4ller orientering och r\u00f6rlighet \u00e4r ostadighet och nedsatt balans en utmaning. Information om och tr\u00e4ning i att anv\u00e4nda <a href=\"https:\/\/www.nav.no\/tolking-for-dove-dovblinde-horselshemmede\">tolk\/ledsagare<\/a> och olika hj\u00e4lpmedel f\u00f6r orientering och r\u00f6rlighet kan d\u00e4rf\u00f6r vara relevanta att kommunicera och testa.<\/p>\n\n\n\n<p><strong>Artikeln \u00e4r skriven 24.03.2025<\/strong><\/p>\n\n\n\n<details class=\"wp-block-sail-accordion\"><summary class=\"--title\">K\u00e4llor<\/summary><main class=\"--content\">\n<p>Patricia A. Hartz. <a href=\"https:\/\/omim.org\/entry\/613599\">ABHYDROLASDOM\u00c4N-INNEH\u00c5LLANDE PROTEIN 12, LYSOFOSFOLIPAS; ABHD12<\/a>. Onim. H\u00e4mtad 24.03.25<\/p>\n\n\n\n<p><a href=\"https:\/\/frambu.no\/diagnose\/arvelig-ataksi\/\">\u00c4rftlig ataxi<\/a>, \u00c4ven k\u00e4nd som heredit\u00e4r ataxi. ORPHA kod: 183518&nbsp;<em>\u00c4rftlig ataxi<\/em>. Frambu. H\u00e4mtad 24.03.25<\/p>\n\n\n\n<p><a href=\"https:\/\/www.genetikkportalen.no\">Portalen f\u00f6r genetik<\/a>. <a href=\"https:\/\/helse-bergen.no\/avdelinger\/laboratorieklinikken\/medisinsk-genetikk\" target=\"_blank\" rel=\"noreferrer noopener\">Helse Bergen, Avdelningen f\u00f6r medicinsk genetik<\/a>. H\u00e4mtad 24.03.25<\/p>\n\n\n\n<p>Harutyunyan, L., Callaerts, P. &amp; Vermeer, S. (2024). PHARC-syndromet: en \u00f6versikt. <em>Orphanet J Rare Dis<\/em>,<em> 19<\/em>(1), 416. <a href=\"https:\/\/doi.org\/10.1186\/s13023-024-03418-0\">https:\/\/doi.org\/10.1186\/s13023-024-03418-0<\/a>. H\u00e4mtad 24.03.2025<\/p>\n<\/main><\/details>\n\n\n\n<h2 class=\"wp-block-heading\">Andra anv\u00e4ndbara resurser<\/h2>\n\n\n\n<p>Ragnhild Thomsen Thornam. Statped. <em>Jakten p\u00e5 en s\u00e4llsynt sjukdom.<\/em> Publicerad p\u00e5 <a href=\"https:\/\/www.forskning.no\/forebyggende-helse-partner-statped\/jakta-pa-ein-sjeldan-sjukdom\/390788\">Forskning.no. <\/a>H\u00e4mtad 24.03.2025<\/p>\n\n\n\n<p>Statped. L\u00e4s och se en video om PHARC h\u00e4r: <a href=\"https:\/\/www.statped.no\/kombinerte-syns--og-dovblindhet\/om-kombinerte-sansetap-og-dovblindhet3\/diagnoser-og--tilstander--kombinerte-sansetap\/pharc\/\">PHARC | www.statped.no<\/a>. H\u00e4mtad 24.03.25<\/p>\n\n\n\n<h2 class=\"wp-block-heading\">Har du n\u00e5gra fr\u00e5gor?<\/h2>\n\n\n\n<p>Ta kontakt med oss. <a href=\"https:\/\/www.eikholt.no\/sv\/kontakta-oss\/\">Kontakta oss - Eikholt<\/a><\/p>\n\n\n\n<h2 class=\"wp-block-heading\">L\u00e4s mer om Eikholt:s tj\u00e4nster<\/h2>\n\n\n\n<p><a href=\"https:\/\/www.eikholt.no\/sv\/tjanster\/\">Tj\u00e4nster - Eikholt<\/a><\/p>\n\n\n\n<h2 class=\"wp-block-heading\"><strong>Vill du ha kurser?&nbsp;<\/strong><\/h2>\n\n\n\n<p>Du hittar formul\u00e4ret h\u00e4r:&nbsp;<a href=\"https:\/\/www.eikholt.no\/sv\/ansokningsformular-for-enskilda-kurser\/\" target=\"_blank\" rel=\"noreferrer noopener\">F\u00f6rfr\u00e5gan individuell kurs<\/a>Jag \u00f6nskar dig en trevlig semester.&nbsp;<\/p>\n\n\n\n<p><\/p>","protected":false},"excerpt":{"rendered":"<p>PHARC \u00e4r ett mycket s\u00e4llsynt syndrom som orsakas av en mutation i ABHD12-genen. PHARC inneb\u00e4r kombinerad syn- och h\u00f6rselneds\u00e4ttning\/d\u00f6vblindhet, polyneuropati och cellul\u00e4r ataxi. L\u00e4s mer om vad PHARC \u00e4r, f\u00f6rekomst, behandling och st\u00f6d.<\/p>","protected":false},"author":2,"parent":0,"template":"","class_list":["post-4359","knowledge","type-knowledge","status-publish","hentry","cat-knowledge-dovblindhet","cat-knowledge-syn","cat-knowledge-horsel"],"acf":[],"yoast_head":"<!-- This site is optimized with the Yoast SEO plugin v25.8 - https:\/\/yoast.com\/wordpress\/plugins\/seo\/ -->\n<title>PHARC - et sjeldent syndrom - Eikholt<\/title>\n<meta name=\"description\" content=\"Les om PHARC, er et sv\u00e6rt sjeldent syndrom som inneb\u00e6rer kombinert syn- og h\u00f8rselsnedsettelse\/d\u00f8vblindhet, polynevropati og cellebellar ataksi.\" \/>\n<meta name=\"robots\" content=\"index, follow, max-snippet:-1, max-image-preview:large, max-video-preview:-1\" \/>\n<link rel=\"canonical\" href=\"https:\/\/www.eikholt.no\/sv\/kunskapsvalvet\/pharc-ett-sallsynt-syndrom\/\" \/>\n<meta property=\"og:locale\" content=\"sv_SE\" \/>\n<meta property=\"og:type\" content=\"article\" \/>\n<meta property=\"og:title\" content=\"PHARC - et sjeldent syndrom - Eikholt\" \/>\n<meta property=\"og:description\" content=\"Les om PHARC, er et sv\u00e6rt sjeldent syndrom som inneb\u00e6rer kombinert syn- og h\u00f8rselsnedsettelse\/d\u00f8vblindhet, polynevropati og cellebellar ataksi.\" \/>\n<meta property=\"og:url\" content=\"https:\/\/www.eikholt.no\/sv\/kunskapsvalvet\/pharc-ett-sallsynt-syndrom\/\" \/>\n<meta property=\"og:site_name\" content=\"Eikholt\" \/>\n<meta property=\"article:publisher\" content=\"https:\/\/www.facebook.com\/eikholt.kompetansesenter\" \/>\n<meta property=\"article:modified_time\" content=\"2025-09-02T09:26:25+00:00\" \/>\n<meta name=\"twitter:card\" content=\"summary_large_image\" \/>\n<meta name=\"twitter:label1\" content=\"Est. reading time\" \/>\n\t<meta name=\"twitter:data1\" content=\"7 minutes\" \/>\n<script type=\"application\/ld+json\" class=\"yoast-schema-graph\">{\"@context\":\"https:\/\/schema.org\",\"@graph\":[{\"@type\":\"WebPage\",\"@id\":\"https:\/\/www.eikholt.no\/kunnskapshvelvet\/pharc-et-sjelden-syndrom\/\",\"url\":\"https:\/\/www.eikholt.no\/kunnskapshvelvet\/pharc-et-sjelden-syndrom\/\",\"name\":\"PHARC - et sjeldent syndrom - Eikholt\",\"isPartOf\":{\"@id\":\"https:\/\/www.eikholt.no\/#website\"},\"datePublished\":\"2025-03-24T12:54:43+00:00\",\"dateModified\":\"2025-09-02T09:26:25+00:00\",\"description\":\"Les om PHARC, er et sv\u00e6rt sjeldent syndrom som inneb\u00e6rer kombinert syn- og h\u00f8rselsnedsettelse\/d\u00f8vblindhet, polynevropati og cellebellar ataksi.\",\"breadcrumb\":{\"@id\":\"https:\/\/www.eikholt.no\/kunnskapshvelvet\/pharc-et-sjelden-syndrom\/#breadcrumb\"},\"inLanguage\":\"sv-SE\",\"potentialAction\":[{\"@type\":\"ReadAction\",\"target\":[\"https:\/\/www.eikholt.no\/kunnskapshvelvet\/pharc-et-sjelden-syndrom\/\"]}]},{\"@type\":\"BreadcrumbList\",\"@id\":\"https:\/\/www.eikholt.no\/kunnskapshvelvet\/pharc-et-sjelden-syndrom\/#breadcrumb\",\"itemListElement\":[{\"@type\":\"ListItem\",\"position\":1,\"name\":\"Forside\",\"item\":\"https:\/\/www.eikholt.no\/\"},{\"@type\":\"ListItem\",\"position\":2,\"name\":\"Kunnskapshvelvet\",\"item\":\"https:\/\/www.eikholt.no\/kunnskapshvelvet\/\"},{\"@type\":\"ListItem\",\"position\":3,\"name\":\"PHARC &#8211; et sjeldent syndrom\"}]},{\"@type\":\"WebSite\",\"@id\":\"https:\/\/www.eikholt.no\/#website\",\"url\":\"https:\/\/www.eikholt.no\/\",\"name\":\"Eikholt\",\"description\":\"\",\"publisher\":{\"@id\":\"https:\/\/www.eikholt.no\/#organization\"},\"potentialAction\":[{\"@type\":\"SearchAction\",\"target\":{\"@type\":\"EntryPoint\",\"urlTemplate\":\"https:\/\/www.eikholt.no\/?s={search_term_string}\"},\"query-input\":{\"@type\":\"PropertyValueSpecification\",\"valueRequired\":true,\"valueName\":\"search_term_string\"}}],\"inLanguage\":\"sv-SE\"},{\"@type\":\"Organization\",\"@id\":\"https:\/\/www.eikholt.no\/#organization\",\"name\":\"Eikholt\",\"url\":\"https:\/\/www.eikholt.no\/\",\"logo\":{\"@type\":\"ImageObject\",\"inLanguage\":\"sv-SE\",\"@id\":\"https:\/\/www.eikholt.no\/#\/schema\/logo\/image\/\",\"url\":\"https:\/\/www.eikholt.no\/app\/uploads\/2024\/04\/cropped-Logo-Eikholt-ny.jpg\",\"contentUrl\":\"https:\/\/www.eikholt.no\/app\/uploads\/2024\/04\/cropped-Logo-Eikholt-ny.jpg\",\"width\":419,\"height\":209,\"caption\":\"Eikholt\"},\"image\":{\"@id\":\"https:\/\/www.eikholt.no\/#\/schema\/logo\/image\/\"},\"sameAs\":[\"https:\/\/www.facebook.com\/eikholt.kompetansesenter\"]}]}<\/script>\n<!-- \/ Yoast SEO plugin. -->","yoast_head_json":{"title":"PHARC - ett s\u00e4llsynt syndrom - Eikholt","description":"L\u00e4s om PHARC, ett mycket s\u00e4llsynt syndrom som inneb\u00e4r kombinerad syn- och h\u00f6rselneds\u00e4ttning\/d\u00f6vblindhet, polyneuropati och cellul\u00e4r ataxi.","robots":{"index":"index","follow":"follow","max-snippet":"max-snippet:-1","max-image-preview":"max-image-preview:large","max-video-preview":"max-video-preview:-1"},"canonical":"https:\/\/www.eikholt.no\/sv\/kunskapsvalvet\/pharc-ett-sallsynt-syndrom\/","og_locale":"sv_SE","og_type":"article","og_title":"PHARC - et sjeldent syndrom - Eikholt","og_description":"Les om PHARC, er et sv\u00e6rt sjeldent syndrom som inneb\u00e6rer kombinert syn- og h\u00f8rselsnedsettelse\/d\u00f8vblindhet, polynevropati og cellebellar ataksi.","og_url":"https:\/\/www.eikholt.no\/sv\/kunskapsvalvet\/pharc-ett-sallsynt-syndrom\/","og_site_name":"Eikholt","article_publisher":"https:\/\/www.facebook.com\/eikholt.kompetansesenter","article_modified_time":"2025-09-02T09:26:25+00:00","twitter_card":"summary_large_image","twitter_misc":{"Est. reading time":"7 minutes"},"schema":{"@context":"https:\/\/schema.org","@graph":[{"@type":"WebPage","@id":"https:\/\/www.eikholt.no\/kunnskapshvelvet\/pharc-et-sjelden-syndrom\/","url":"https:\/\/www.eikholt.no\/kunnskapshvelvet\/pharc-et-sjelden-syndrom\/","name":"PHARC - ett s\u00e4llsynt syndrom - Eikholt","isPartOf":{"@id":"https:\/\/www.eikholt.no\/#website"},"datePublished":"2025-03-24T12:54:43+00:00","dateModified":"2025-09-02T09:26:25+00:00","description":"L\u00e4s om PHARC, ett mycket s\u00e4llsynt syndrom som inneb\u00e4r kombinerad syn- och h\u00f6rselneds\u00e4ttning\/d\u00f6vblindhet, polyneuropati och cellul\u00e4r ataxi.","breadcrumb":{"@id":"https:\/\/www.eikholt.no\/kunnskapshvelvet\/pharc-et-sjelden-syndrom\/#breadcrumb"},"inLanguage":"sv-SE","potentialAction":[{"@type":"ReadAction","target":["https:\/\/www.eikholt.no\/kunnskapshvelvet\/pharc-et-sjelden-syndrom\/"]}]},{"@type":"BreadcrumbList","@id":"https:\/\/www.eikholt.no\/kunnskapshvelvet\/pharc-et-sjelden-syndrom\/#breadcrumb","itemListElement":[{"@type":"ListItem","position":1,"name":"Forside","item":"https:\/\/www.eikholt.no\/"},{"@type":"ListItem","position":2,"name":"Kunnskapshvelvet","item":"https:\/\/www.eikholt.no\/kunnskapshvelvet\/"},{"@type":"ListItem","position":3,"name":"PHARC &#8211; et sjeldent syndrom"}]},{"@type":"WebSite","@id":"https:\/\/www.eikholt.no\/#website","url":"https:\/\/www.eikholt.no\/","name":"Eikholt","description":"","publisher":{"@id":"https:\/\/www.eikholt.no\/#organization"},"potentialAction":[{"@type":"SearchAction","target":{"@type":"EntryPoint","urlTemplate":"https:\/\/www.eikholt.no\/?s={search_term_string}"},"query-input":{"@type":"PropertyValueSpecification","valueRequired":true,"valueName":"search_term_string"}}],"inLanguage":"sv-SE"},{"@type":"Organization","@id":"https:\/\/www.eikholt.no\/#organization","name":"Eikholt","url":"https:\/\/www.eikholt.no\/","logo":{"@type":"ImageObject","inLanguage":"sv-SE","@id":"https:\/\/www.eikholt.no\/#\/schema\/logo\/image\/","url":"https:\/\/www.eikholt.no\/app\/uploads\/2024\/04\/cropped-Logo-Eikholt-ny.jpg","contentUrl":"https:\/\/www.eikholt.no\/app\/uploads\/2024\/04\/cropped-Logo-Eikholt-ny.jpg","width":419,"height":209,"caption":"Eikholt"},"image":{"@id":"https:\/\/www.eikholt.no\/#\/schema\/logo\/image\/"},"sameAs":["https:\/\/www.facebook.com\/eikholt.kompetansesenter"]}]}},"_links":{"self":[{"href":"https:\/\/www.eikholt.no\/sv\/wp-json\/wp\/v2\/knowledge\/4359","targetHints":{"allow":["GET"]}}],"collection":[{"href":"https:\/\/www.eikholt.no\/sv\/wp-json\/wp\/v2\/knowledge"}],"about":[{"href":"https:\/\/www.eikholt.no\/sv\/wp-json\/wp\/v2\/types\/knowledge"}],"author":[{"embeddable":true,"href":"https:\/\/www.eikholt.no\/sv\/wp-json\/wp\/v2\/users\/2"}],"wp:attachment":[{"href":"https:\/\/www.eikholt.no\/sv\/wp-json\/wp\/v2\/media?parent=4359"}],"curies":[{"name":"wp","href":"https:\/\/api.w.org\/{rel}","templated":true}]}}