{"id":1677,"date":"2023-06-26T11:50:01","date_gmt":"2023-06-26T11:50:01","guid":{"rendered":"https:\/\/www.eikholt.no\/?page_id=1677"},"modified":"2026-03-10T08:10:32","modified_gmt":"2026-03-10T08:10:32","slug":"av-kliniken","status":"publish","type":"page","link":"https:\/\/www.eikholt.no\/sv\/av-kliniken\/","title":{"rendered":"AV-klinik f\u00f6r syn- och h\u00f6rselbed\u00f6mning"},"content":{"rendered":"<figure class=\"wp-block-image size-large is-style-default\"><img loading=\"lazy\" decoding=\"async\" width=\"1024\" height=\"681\" src=\"https:\/\/www.eikholt.no\/app\/uploads\/2026\/02\/Utendors-horselsvurdering-1024x681.jpg\" alt=\"Tv\u00e5 personer st\u00e5r p\u00e5 en bro. Den ena personen b\u00e4r en rogerpenna, den andra personen b\u00e4r glas\u00f6gon och h\u00f6rapparat.\" class=\"wp-image-5776\" srcset=\"https:\/\/www.eikholt.no\/app\/uploads\/2026\/02\/Utendors-horselsvurdering-1024x681.jpg 1024w, https:\/\/www.eikholt.no\/app\/uploads\/2026\/02\/Utendors-horselsvurdering-300x200.jpg 300w, https:\/\/www.eikholt.no\/app\/uploads\/2026\/02\/Utendors-horselsvurdering-768x511.jpg 768w, https:\/\/www.eikholt.no\/app\/uploads\/2026\/02\/Utendors-horselsvurdering-1536x1022.jpg 1536w, https:\/\/www.eikholt.no\/app\/uploads\/2026\/02\/Utendors-horselsvurdering-2048x1363.jpg 2048w, https:\/\/www.eikholt.no\/app\/uploads\/2026\/02\/Utendors-horselsvurdering-18x12.jpg 18w\" sizes=\"auto, (max-width: 1024px) 100vw, 1024px\" \/><\/figure>\n\n\n\n<h2 class=\"wp-block-heading\">Varf\u00f6r har Eikholt en AV-klinik?<\/h2>\n\n\n\n<p>Synen och h\u00f6rseln \u00e4r m\u00e4nniskans viktigaste fj\u00e4rrsinnen. N\u00e4r synen \u00e4r nedsatt kompenserar vi med h\u00f6rseln, och n\u00e4r h\u00f6rseln \u00e4r nedsatt kompenserar vi med synen. Om b\u00e5da sinnena inte fungerar tillr\u00e4ckligt bra uppst\u00e5r problem som g\u00f6r det sv\u00e5rt att kommunicera, ge och ta emot information, orientera sig och f\u00f6rflytta sig. Detta \u00e4r viktiga funktioner f\u00f6r att klara vardagen och kunna delta aktivt i samh\u00e4llet. <\/p>\n\n\n\n<p>AV-kliniken \u00e4r ett ord som best\u00e5r av bokst\u00e4verna A och V, som st\u00e5r f\u00f6r Audio = h\u00f6rsel och Visio = syn. P\u00e5 AV-kliniken finns det unika m\u00f6jligheter att kartl\u00e4gga och unders\u00f6ka syn- och h\u00f6rselfunktionen i f\u00f6rh\u00e5llande till de aktiviteter som brukaren vill klara av. Tonvikten ligger p\u00e5 att brukaren ska f\u00e5 insikt och kunskap om sin sensoriska f\u00f6rlust. M\u00e5let \u00e4r att brukaren ska kunna v\u00e4lja de b\u00e4sta l\u00f6sningarna f\u00f6r att klara utmaningar i det dagliga livet.<\/p>\n\n\n\n<p>Vi har valt att inte skilja mellan medf\u00f6dda och f\u00f6rv\u00e4rvade orsaker till syn- och h\u00f6rselneds\u00e4ttning\/d\u00f6vblindhet. Ist\u00e4llet fokuserar vi p\u00e5 individens f\u00f6ruts\u00e4ttningar och behov.<\/p>\n\n\n\n<p><strong>H\u00e4r kan du ladda ner v\u00e5r broschyr <a href=\"https:\/\/www.eikholt.no\/sv\/app\/uppladdningar\/2023\/06\/av-broschyr-v8-nkdb-pdf\/\">om AV-kliniken<\/a><\/strong><\/p>\n\n\n\n<h2 class=\"wp-block-heading\">Vad h\u00e4nder p\u00e5 AV-kliniken?<\/h2>\n\n\n\n<p>Huvuduppgiften \u00e4r att kartl\u00e4gga och optimera de funktionella<br>de f\u00f6ruts\u00e4ttningar som en kombinerad sensorisk f\u00f6rlust skapar f\u00f6r alla, oavsett vem som kommer till oss. Det inneb\u00e4r att vi beh\u00f6ver information om diagnos, tidigare behandlingar, vilka \u00e5tg\u00e4rder som har vidtagits och vilka hj\u00e4lpmedel som anv\u00e4nds.<\/p>\n\n\n\n<p>Innan det f\u00f6rsta m\u00f6tet p\u00e5 AV-kliniken har vi haft samtal med anv\u00e4ndaren<br>och\/eller v\u00e5rdgivare om livssituationen i allm\u00e4nhet och de behov som<br>upplevs som viktigast att uppfylla. Vi lyssnar p\u00e5 anv\u00e4ndaren och tar till oss anv\u00e4ndarens<br>\u00e5sikter p\u00e5 allvar. Detta inneb\u00e4r att vi s\u00e4tter anv\u00e4ndaren i centrum som<br>expert p\u00e5 ditt eget liv.<\/p>\n\n\n\n<p>AV-kliniken \u00e4r en arena f\u00f6r l\u00e4rande och bem\u00f6tande. Detta kr\u00e4ver att vi tar oss tid att l\u00e4ra k\u00e4nna varandra. Ett bra samtal m\u00f6jligg\u00f6rs genom att den professionelle har kunskap om brukarens behov av st\u00f6d i en samtalssituation. P\u00e5 AV-kliniken har vi olika m\u00f6jligheter att anpassa milj\u00f6n f\u00f6r att underl\u00e4tta en god kommunikation. Detta ger f\u00f6ruts\u00e4ttningar f\u00f6r att utveckla en trygg relation mellan brukare, v\u00e5rdare och professionell.<\/p>\n\n\n\n<h2 class=\"wp-block-heading\">Kartl\u00e4ggning av behov<\/h2>\n\n\n\n<p>Att kartl\u00e4gga behov kan vara en m\u00f6dosam process, delvis eftersom anv\u00e4ndaren inte n\u00f6dv\u00e4ndigtvis vet vilka alternativ som finns tillg\u00e4ngliga. Det kan ocks\u00e5 vara en kr\u00e4vande uppgift eftersom anv\u00e4ndarens behov kan vara dolda och inte l\u00e4ttillg\u00e4ngliga. Detta kan inneb\u00e4ra att vissa aktiviteter l\u00f6ses genom att andra hj\u00e4lper till eller tar \u00f6ver uppgifterna. Andra viktiga aktiviteter kan vara n\u00e5got som brukaren har slutat g\u00f6ra eftersom han eller hon inte k\u00e4nner till de l\u00f6sningar som finns.<\/p>\n\n\n\n<p>Det vi kallar \"handlingshorisonten\" f\u00f6r anv\u00e4ndaren kommer att f\u00f6r\u00e4ndras i takt med att det blir tydligare vad som \u00e4r m\u00f6jligt att uppn\u00e5. Behoven f\u00f6r\u00e4ndras st\u00e4ndigt. Detta \u00e4r en f\u00f6ljd av utvecklingen b\u00e5de i f\u00f6ruts\u00e4ttningarna runt omkring oss och hos oss sj\u00e4lva. <\/p>\n\n\n\n<p>Motivation och \u00f6nskem\u00e5l kan variera och f\u00f6r\u00e4ndras \u00f6ver tid. Detta beror bland annat p\u00e5 vilken information, kunskap och insikt du har om din egen situation och din kombinerade syn- och h\u00f6rselneds\u00e4ttning\/d\u00f6vblindhet.<\/p>\n\n\n\n<p>Vi respekterar brukarens egna bed\u00f6mningar i behovsbed\u00f6mningen och vad som ska vara m\u00e5len f\u00f6r v\u00e5ra tj\u00e4nster. Det finns mycket energi och viktig motivation i brukarens egna behov, \u00f6nskem\u00e5l och m\u00e5l. Vi tror att det \u00e4r r\u00e4tt v\u00e4g att g\u00e5 att utg\u00e5 fr\u00e5n dessa. Genom dialog och process tillsammans med de professionella bed\u00f6mningarna byggs brukarens f\u00f6rst\u00e5else f\u00f6r vad som beh\u00f6vs f\u00f6r att dessa m\u00e5l ska kunna f\u00f6rverkligas.<\/p>\n\n\n\n<p>Dialogen mellan brukaren och den\/de professionella \u00e4r viktig f\u00f6r att f\u00e5 insikt i brukarens prioriteringar och f\u00f6rv\u00e4ntningar samt de existentiella, psykosociala, kognitiva och praktiska f\u00f6ruts\u00e4ttningarna f\u00f6r en relevant rehabiliteringsprocess. Syftet \u00e4r att g\u00f6ra brukaren mer medveten om sin egen situation och sina egna m\u00f6jligheter, v\u00e4rderingar, \u00f6nskem\u00e5l, prioriteringar och behov.<\/p>\n\n\n\n<figure class=\"wp-block-image size-full\"><img loading=\"lazy\" decoding=\"async\" width=\"989\" height=\"988\" src=\"https:\/\/www.eikholt.no\/app\/uploads\/2023\/06\/Screenshot-2023-06-26-at-14.41.03.png\" alt=\"Ett barn testas av en audiolog. Den vuxne har h\u00f6rapparat p\u00e5 sig. Barnet har h\u00f6rselk\u00e5por p\u00e5 sig och h\u00e5ller ett instrument med en knapp i handen.\" class=\"wp-image-1692\" srcset=\"https:\/\/www.eikholt.no\/app\/uploads\/2023\/06\/Screenshot-2023-06-26-at-14.41.03.png 989w, https:\/\/www.eikholt.no\/app\/uploads\/2023\/06\/Screenshot-2023-06-26-at-14.41.03-300x300.png 300w, https:\/\/www.eikholt.no\/app\/uploads\/2023\/06\/Screenshot-2023-06-26-at-14.41.03-150x150.png 150w, https:\/\/www.eikholt.no\/app\/uploads\/2023\/06\/Screenshot-2023-06-26-at-14.41.03-768x767.png 768w, https:\/\/www.eikholt.no\/app\/uploads\/2023\/06\/Screenshot-2023-06-26-at-14.41.03-24x24.png 24w, https:\/\/www.eikholt.no\/app\/uploads\/2023\/06\/Screenshot-2023-06-26-at-14.41.03-48x48.png 48w, https:\/\/www.eikholt.no\/app\/uploads\/2023\/06\/Screenshot-2023-06-26-at-14.41.03-96x96.png 96w\" sizes=\"auto, (max-width: 989px) 100vw, 989px\" \/><\/figure>\n\n\n\n<h2 class=\"wp-block-heading\">Kartl\u00e4ggning av syn- och h\u00f6rselfunktion<\/h2>\n\n\n\n<p>P\u00e5 AV-kliniken har vi flera m\u00f6jligheter att kartl\u00e4gga funktioner och f\u00e4rdigheter. Vi l\u00e4gger stor vikt vid syn- och h\u00f6rselfunktionen, som best\u00e5r av m\u00e5nga delfunktioner. Vanligast \u00e4r att anv\u00e4nda olika standardiserade tester och utrustning, men vi kan ocks\u00e5 f\u00e5 kunskap om syn- och h\u00f6rselfunktionen genom att observera i en aktivitet. F\u00f6r att kunna kartl\u00e4gga syn- och h\u00f6rselfunktionen hos brukare i alla \u00e5ldrar, med olika diagnoser och utmaningar, kr\u00e4vs yrkesverksamma med specialkompetens och som arbetar tv\u00e4rvetenskapligt. Det \u00e4r vad vi har p\u00e5 Eikholt.<\/p>\n\n\n\n<p>Talf\u00f6rst\u00e5else \u00e4r ett \"audiovisuellt fenomen\". I korthet inneb\u00e4r det att vad vi uppfattar och hur mycket vi uppfattar i kommunikationen med andra \u00e4r ett resultat av samspelet mellan syn och h\u00f6rsel. Hj\u00e4rnan anv\u00e4nder information fr\u00e5n b\u00e5de \u00f6gon och \u00f6ron f\u00f6r att h\u00e4nga med i en social situation. Resultatet av rehabiliteringen blir mycket b\u00e4ttre n\u00e4r b\u00e5da sensoriska potentialerna kan utnyttjas fullt ut.<\/p>\n\n\n\n<p>Insikt och kunskap om den egna situationen kr\u00e4ver tid, och d\u00e4rf\u00f6r \u00e4r kartl\u00e4ggningen av<br>syn- och h\u00f6rselfunktion sker under flera dagar. Ett viktigt m\u00e5l \u00e4r att brukaren ska f\u00f6rst\u00e5 sin egen sensoriska funktion och hur den p\u00e5verkas i olika situationer. Detta utg\u00f6r grunden f\u00f6r alla val av \u00e5tg\u00e4rder. Brukarens insikt och f\u00f6rst\u00e5else kr\u00e4ver att tid avs\u00e4tts f\u00f6r f\u00f6rklaringar och inl\u00e4rning som en del av bed\u00f6mningen av syn- och h\u00f6rselfunktionen.<\/p>\n\n\n\n<h2 class=\"wp-block-heading\">Optimering av syn- och h\u00f6rselfunktion<\/h2>\n\n\n\n<p>Optimering av syn- och h\u00f6rselfunktion sker alltid i samband med en specifik aktivitet. Anv\u00e4ndarna kommer till Eikholt f\u00f6r att l\u00e4ra sig viktiga f\u00e4rdigheter som de beh\u00f6ver i vardagen. Till exempel att anv\u00e4nda en mobiltelefon, mobilitetstr\u00e4ning eller praktiska matlagningsf\u00e4rdigheter.<\/p>\n\n\n\n<p>En viktig del av optimeringen \u00e4r att kartl\u00e4gga de aktiviteter som ska utf\u00f6ras. Vad beh\u00f6vs n\u00e4r det g\u00e4ller ljus, kontrast och f\u00f6rstoring, och hur \u00e4r det med ljud och akustik, f\u00f6r att kunna utf\u00f6ra dessa aktiviteter med optimala f\u00f6ruts\u00e4ttningar f\u00f6r att lyckas?<\/p>\n\n\n\n<p>Exempel p\u00e5 relevanta \u00e5tg\u00e4rder f\u00f6r att optimera sinnena \u00e4r utprovning och anpassning av h\u00f6rapparater, specialoptik eller andra specifika hj\u00e4lpmedel f\u00f6r att f\u00f6rb\u00e4ttra f\u00f6rm\u00e5gan att utf\u00f6ra en aktivitet och uppn\u00e5 de m\u00e5l som anv\u00e4ndaren har satt upp.<\/p>\n\n\n\n<p>Optimeringen baseras b\u00e5de p\u00e5 en kartl\u00e4ggning av de sensoriska funktionerna och p\u00e5 kunskap om aktiviteternas specifika krav. <\/p>\n\n\n\n<p>N\u00e4r syn- och h\u00f6rselneds\u00e4ttningar upptr\u00e4der tillsammans f\u00f6rst\u00e4rker de varandra. Att ha en helhetssyn bidrar till en f\u00f6rst\u00e5else som ofta visar sig vara av stor betydelse. P\u00e5 AV-kliniken \u00e4r arbetet tv\u00e4rvetenskapligt. Ett n\u00e4ra samarbete mellan syn- och h\u00f6rselexperter \u00e4r n\u00f6dv\u00e4ndigt.<\/p>\n\n\n\n<figure class=\"wp-block-image size-large is-style-rounded\"><img loading=\"lazy\" decoding=\"async\" width=\"1021\" height=\"1024\" src=\"https:\/\/www.eikholt.no\/app\/uploads\/2023\/06\/Screenshot-2023-06-26-at-15.19.39-1021x1024.png\" alt=\"F\u00f6tter, grus och en mobilityk\u00e4pp\" class=\"wp-image-1698\" srcset=\"https:\/\/www.eikholt.no\/app\/uploads\/2023\/06\/Screenshot-2023-06-26-at-15.19.39-1021x1024.png 1021w, https:\/\/www.eikholt.no\/app\/uploads\/2023\/06\/Screenshot-2023-06-26-at-15.19.39-300x300.png 300w, https:\/\/www.eikholt.no\/app\/uploads\/2023\/06\/Screenshot-2023-06-26-at-15.19.39-150x150.png 150w, https:\/\/www.eikholt.no\/app\/uploads\/2023\/06\/Screenshot-2023-06-26-at-15.19.39-768x770.png 768w, https:\/\/www.eikholt.no\/app\/uploads\/2023\/06\/Screenshot-2023-06-26-at-15.19.39-24x24.png 24w, https:\/\/www.eikholt.no\/app\/uploads\/2023\/06\/Screenshot-2023-06-26-at-15.19.39-48x48.png 48w, https:\/\/www.eikholt.no\/app\/uploads\/2023\/06\/Screenshot-2023-06-26-at-15.19.39-96x96.png 96w, https:\/\/www.eikholt.no\/app\/uploads\/2023\/06\/Screenshot-2023-06-26-at-15.19.39.png 1185w\" sizes=\"auto, (max-width: 1021px) 100vw, 1021px\" \/><\/figure>\n\n\n\n<p>Men m\u00e4nniskor \u00e4r inte bara syn och h\u00f6rsel. Vi \u00e4r hela m\u00e4nniskor med olika f\u00e4rdigheter, k\u00e4nslor och medvetande. Det \u00e4r d\u00e4rf\u00f6r vi ocks\u00e5 involverar andra discipliner p\u00e5 Eikholt. Detta inkluderar yrkesverksamma med expertis inom psykosociala fr\u00e5gor, kommunikation och informations- och kommunikationsteknik (IKT).<\/p>\n\n\n\n<p>F\u00f6r att brukaren ska f\u00e5 en god insikt och f\u00f6rst\u00e5else m\u00e5ste tid avs\u00e4ttas f\u00f6r f\u00f6rklaring och inl\u00e4rning samtidigt som funktioner optimeras. Eikholt levererar tj\u00e4nster till personer med olika f\u00f6ruts\u00e4ttningar f\u00f6r delaktighet. D\u00e4rf\u00f6r anv\u00e4nder vi ofta praktiska \u00f6vningar f\u00f6r att bed\u00f6ma och optimera syn- och h\u00f6rselfunktioner. P\u00e5 s\u00e5 s\u00e4tt f\u00e5r b\u00e5de brukaren och v\u00e5rdpersonalen m\u00f6jlighet att l\u00e4ra sig mer om hur syn och h\u00f6rsel fungerar tillsammans och i olika situationer.<\/p>\n\n\n\n<p>P\u00e5 AV-kliniken underl\u00e4ttar vi kommunikationen s\u00e5 att den fungerar. Tolkar, teckenspr\u00e5ksspecialiserad personal och tekniska l\u00f6sningar f\u00f6r kommunikation \u00e4r en del av denna facilitering.<\/p>\n\n\n\n<p>Arbetet p\u00e5 AV-kliniken \u00e4r ofta en integrerad del av olika kursprogram. Anv\u00e4ndarna kan v\u00e4xla mellan arbete i den kurs de deltar i och nya anpassningar av syn- och h\u00f6rapparater p\u00e5 AV-kliniken. M\u00e5let \u00e4r alltid att ge b\u00e4sta m\u00f6jliga f\u00f6ruts\u00e4ttningar f\u00f6r att lyckas med kursarbetet.<\/p>\n\n\n\n<h2 class=\"wp-block-heading\">Rekommendationer och genomf\u00f6rande av \u00e5tg\u00e4rder<\/h2>\n\n\n\n<p>N\u00e4r kartl\u00e4ggningen och optimeringen \u00e4r genomf\u00f6rd f\u00f6resl\u00e5r experterna rekommendationer och \u00e5tg\u00e4rder tillsammans med anv\u00e4ndaren. D\u00e4refter skapas en plan med m\u00e5l och delm\u00e5l. Tr\u00e4ning och \u00e5tg\u00e4rder kan genomf\u00f6ras p\u00e5 Eikholt, i hemmet eller d\u00e4r det passar b\u00e4st, g\u00e4rna i samarbete med lokala och regionala tj\u00e4nster.<\/p>\n\n\n\n<p>M\u00e5let \u00e4r att m\u00e4nniskor ska kunna delta s\u00e5 mycket som m\u00f6jligt i samh\u00e4llet, i sin egen familj och i sitt lokalsamh\u00e4lle. Beroende p\u00e5 var man befinner sig i livet kan det vara aktuellt med insatser i skolan, p\u00e5 arbetsplatsen eller i hemmet. M\u00e5nga av anv\u00e4ndarna av Eikholt har tillg\u00e5ng till flera olika tj\u00e4nster som organiseras lokalt. Eikholt samarbetar med lokala och regionala verksamheter f\u00f6r att m\u00e5l och \u00e5tg\u00e4rder ska kunna f\u00f6ljas upp p\u00e5 b\u00e4sta s\u00e4tt.<\/p>\n\n\n\n<p><strong>Uppf\u00f6ljningen av personer med kombinerad syn- och h\u00f6rselneds\u00e4ttning m\u00e5ste ses i ett livscykelperspektiv.<\/strong><\/p>\n\n\n\n<figure class=\"wp-block-image size-large\"><img loading=\"lazy\" decoding=\"async\" width=\"1024\" height=\"1021\" src=\"https:\/\/www.eikholt.no\/app\/uploads\/2023\/06\/Screenshot-2023-06-26-at-15.21.14-1024x1021.png\" alt=\"Tre personer g\u00e5r p\u00e5 en v\u00e4gg. Det \u00e4r tv\u00e5 vuxna och ett barn. De h\u00e5ller ut sina h\u00e4nder fr\u00e5n kroppen och ler. Runt omkring dem finns gr\u00e4s och hus.\" class=\"wp-image-1701\" srcset=\"https:\/\/www.eikholt.no\/app\/uploads\/2023\/06\/Screenshot-2023-06-26-at-15.21.14-1024x1021.png 1024w, https:\/\/www.eikholt.no\/app\/uploads\/2023\/06\/Screenshot-2023-06-26-at-15.21.14-300x300.png 300w, https:\/\/www.eikholt.no\/app\/uploads\/2023\/06\/Screenshot-2023-06-26-at-15.21.14-150x150.png 150w, https:\/\/www.eikholt.no\/app\/uploads\/2023\/06\/Screenshot-2023-06-26-at-15.21.14-768x765.png 768w, https:\/\/www.eikholt.no\/app\/uploads\/2023\/06\/Screenshot-2023-06-26-at-15.21.14-24x24.png 24w, https:\/\/www.eikholt.no\/app\/uploads\/2023\/06\/Screenshot-2023-06-26-at-15.21.14-48x48.png 48w, https:\/\/www.eikholt.no\/app\/uploads\/2023\/06\/Screenshot-2023-06-26-at-15.21.14-96x96.png 96w, https:\/\/www.eikholt.no\/app\/uploads\/2023\/06\/Screenshot-2023-06-26-at-15.21.14.png 1187w\" sizes=\"auto, (max-width: 1024px) 100vw, 1024px\" \/><\/figure>\n\n\n\n<h2 class=\"wp-block-heading\"><strong>Har du fr\u00e5gor om kombinerad syn- och h\u00f6rselneds\u00e4ttning?<\/strong><\/h2>\n\n\n\n<p><a href=\"https:\/\/www.eikholt.no\/sv\/kontakta-oss\/\">Kontakta oss - Eikholt<\/a><\/p>\n\n\n\n<h2 class=\"wp-block-heading\"><strong>Vill du ha kurser?<\/strong>&nbsp;<\/h2>\n\n\n\n<p>Du hittar formul\u00e4ret h\u00e4r:&nbsp;<a href=\"https:\/\/www.eikholt.no\/sv\/ansokningsformular-for-enskilda-kurser\/\" target=\"_blank\" rel=\"noreferrer noopener\">F\u00f6rfr\u00e5gan individuell kurs<\/a>Jag \u00f6nskar dig en trevlig semester.&nbsp;<\/p>\n\n\n\n<h2 class=\"wp-block-heading\">L\u00e4s mer p\u00e5 engelska<\/h2>\n\n\n\n<p><a href=\"https:\/\/www.dovblindhet.no\/aktuelt\/10-ar-med-av-klinikken-helhetlig-hjelp-ved-dovblindhet\/\">10 \u00e5r med AV-kliniken: Holistisk hj\u00e4lp vid d\u00f6vblindhet - D\u00f6vblindhet<\/a><\/p>\n\n\n\n<p>H\u00e4r kan du ladda ner v\u00e5r broschyr <a href=\"https:\/\/www.eikholt.no\/sv\/app\/uppladdningar\/2023\/06\/av-broschyr-v8-nkdb-pdf\/\">om AV-kliniken<\/a><\/p>","protected":false},"excerpt":{"rendered":"<p>Varf\u00f6r har Eikholt en AV-klinik? Syn och h\u00f6rsel \u00e4r m\u00e4nniskans viktigaste fj\u00e4rrsinnen. N\u00e4r synen inte fungerar kompenserar vi med h\u00f6rseln, och n\u00e4r h\u00f6rseln \u00e4r nedsatt kompenserar vi med synen. Om b\u00e5da sinnena inte fungerar tillr\u00e4ckligt bra uppst\u00e5r det problem som g\u00f6r det sv\u00e5rt att kommunicera, ge och ta emot information, orientera och f\u00f6rflytta sig; detta<\/p>","protected":false},"author":2,"featured_media":5823,"parent":0,"menu_order":0,"comment_status":"closed","ping_status":"closed","template":"","meta":{"_acf_changed":false,"inline_featured_image":false,"ep_exclude_from_search":false,"footnotes":""},"class_list":["post-1677","page","type-page","status-publish","has-post-thumbnail","hentry"],"acf":[],"yoast_head":"<!-- This site is optimized with the Yoast SEO plugin v25.8 - https:\/\/yoast.com\/wordpress\/plugins\/seo\/ -->\n<title>AV-klinikk for kartlegging av syn og h\u00f8rsel - Eikholt<\/title>\n<meta name=\"description\" content=\"P\u00e5 AV-klinikken finnes det unike muligheter for \u00e5 kartlegge og unders\u00f8ke syns- og h\u00f8rselsfunksjon i aktiviteter som brukeren \u00f8nsker \u00e5 mestre.\" \/>\n<meta name=\"robots\" content=\"index, follow, max-snippet:-1, max-image-preview:large, max-video-preview:-1\" \/>\n<link rel=\"canonical\" href=\"https:\/\/www.eikholt.no\/sv\/av-kliniken\/\" \/>\n<meta property=\"og:locale\" content=\"sv_SE\" \/>\n<meta property=\"og:type\" content=\"article\" \/>\n<meta property=\"og:title\" content=\"AV-klinikk for kartlegging av syn og h\u00f8rsel - Eikholt\" \/>\n<meta property=\"og:description\" content=\"P\u00e5 AV-klinikken finnes det unike muligheter for \u00e5 kartlegge og unders\u00f8ke syns- og h\u00f8rselsfunksjon i aktiviteter som brukeren \u00f8nsker \u00e5 mestre.\" \/>\n<meta property=\"og:url\" content=\"https:\/\/www.eikholt.no\/sv\/av-kliniken\/\" \/>\n<meta property=\"og:site_name\" content=\"Eikholt\" \/>\n<meta property=\"article:publisher\" content=\"https:\/\/www.facebook.com\/eikholt.kompetansesenter\" \/>\n<meta property=\"article:modified_time\" content=\"2026-03-10T08:10:32+00:00\" \/>\n<meta property=\"og:image\" content=\"https:\/\/www.eikholt.no\/app\/uploads\/2026\/02\/AV-klinikken-syn-hender-oyemodell-1024x681.jpg\" \/>\n\t<meta property=\"og:image:width\" content=\"1024\" \/>\n\t<meta property=\"og:image:height\" content=\"681\" \/>\n\t<meta property=\"og:image:type\" content=\"image\/jpeg\" \/>\n<meta name=\"twitter:card\" content=\"summary_large_image\" \/>\n<meta name=\"twitter:label1\" content=\"Est. reading time\" \/>\n\t<meta name=\"twitter:data1\" content=\"9 minutes\" \/>\n<script type=\"application\/ld+json\" class=\"yoast-schema-graph\">{\"@context\":\"https:\/\/schema.org\",\"@graph\":[{\"@type\":\"WebPage\",\"@id\":\"https:\/\/www.eikholt.no\/av-klinikken\/\",\"url\":\"https:\/\/www.eikholt.no\/av-klinikken\/\",\"name\":\"AV-klinikk for kartlegging av syn og h\u00f8rsel - Eikholt\",\"isPartOf\":{\"@id\":\"https:\/\/www.eikholt.no\/#website\"},\"primaryImageOfPage\":{\"@id\":\"https:\/\/www.eikholt.no\/av-klinikken\/#primaryimage\"},\"image\":{\"@id\":\"https:\/\/www.eikholt.no\/av-klinikken\/#primaryimage\"},\"thumbnailUrl\":\"https:\/\/www.eikholt.no\/app\/uploads\/2026\/02\/AV-klinikken-syn-hender-oyemodell.jpg\",\"datePublished\":\"2023-06-26T11:50:01+00:00\",\"dateModified\":\"2026-03-10T08:10:32+00:00\",\"description\":\"P\u00e5 AV-klinikken finnes det unike muligheter for \u00e5 kartlegge og unders\u00f8ke syns- og h\u00f8rselsfunksjon i aktiviteter som brukeren \u00f8nsker \u00e5 mestre.\",\"breadcrumb\":{\"@id\":\"https:\/\/www.eikholt.no\/av-klinikken\/#breadcrumb\"},\"inLanguage\":\"sv-SE\",\"potentialAction\":[{\"@type\":\"ReadAction\",\"target\":[\"https:\/\/www.eikholt.no\/av-klinikken\/\"]}]},{\"@type\":\"ImageObject\",\"inLanguage\":\"sv-SE\",\"@id\":\"https:\/\/www.eikholt.no\/av-klinikken\/#primaryimage\",\"url\":\"https:\/\/www.eikholt.no\/app\/uploads\/2026\/02\/AV-klinikken-syn-hender-oyemodell.jpg\",\"contentUrl\":\"https:\/\/www.eikholt.no\/app\/uploads\/2026\/02\/AV-klinikken-syn-hender-oyemodell.jpg\",\"width\":2400,\"height\":1597,\"caption\":\"Hender p\u00e5 et bord. Modellen av et \u00f8ye.\"},{\"@type\":\"BreadcrumbList\",\"@id\":\"https:\/\/www.eikholt.no\/av-klinikken\/#breadcrumb\",\"itemListElement\":[{\"@type\":\"ListItem\",\"position\":1,\"name\":\"Forside\",\"item\":\"https:\/\/www.eikholt.no\/\"},{\"@type\":\"ListItem\",\"position\":2,\"name\":\"AV-klinikk for kartlegging av syn og h\u00f8rsel\"}]},{\"@type\":\"WebSite\",\"@id\":\"https:\/\/www.eikholt.no\/#website\",\"url\":\"https:\/\/www.eikholt.no\/\",\"name\":\"Eikholt\",\"description\":\"\",\"publisher\":{\"@id\":\"https:\/\/www.eikholt.no\/#organization\"},\"potentialAction\":[{\"@type\":\"SearchAction\",\"target\":{\"@type\":\"EntryPoint\",\"urlTemplate\":\"https:\/\/www.eikholt.no\/?s={search_term_string}\"},\"query-input\":{\"@type\":\"PropertyValueSpecification\",\"valueRequired\":true,\"valueName\":\"search_term_string\"}}],\"inLanguage\":\"sv-SE\"},{\"@type\":\"Organization\",\"@id\":\"https:\/\/www.eikholt.no\/#organization\",\"name\":\"Eikholt\",\"url\":\"https:\/\/www.eikholt.no\/\",\"logo\":{\"@type\":\"ImageObject\",\"inLanguage\":\"sv-SE\",\"@id\":\"https:\/\/www.eikholt.no\/#\/schema\/logo\/image\/\",\"url\":\"https:\/\/www.eikholt.no\/app\/uploads\/2024\/04\/cropped-Logo-Eikholt-ny.jpg\",\"contentUrl\":\"https:\/\/www.eikholt.no\/app\/uploads\/2024\/04\/cropped-Logo-Eikholt-ny.jpg\",\"width\":419,\"height\":209,\"caption\":\"Eikholt\"},\"image\":{\"@id\":\"https:\/\/www.eikholt.no\/#\/schema\/logo\/image\/\"},\"sameAs\":[\"https:\/\/www.facebook.com\/eikholt.kompetansesenter\"]}]}<\/script>\n<!-- \/ Yoast SEO plugin. -->","yoast_head_json":{"title":"AV-klinik f\u00f6r syn- och h\u00f6rselbed\u00f6mning - Eikholt","description":"P\u00e5 AV-kliniken finns det unika m\u00f6jligheter att kartl\u00e4gga och unders\u00f6ka syn- och h\u00f6rselfunktionen i aktiviteter som anv\u00e4ndaren vill bem\u00e4stra.","robots":{"index":"index","follow":"follow","max-snippet":"max-snippet:-1","max-image-preview":"max-image-preview:large","max-video-preview":"max-video-preview:-1"},"canonical":"https:\/\/www.eikholt.no\/sv\/av-kliniken\/","og_locale":"sv_SE","og_type":"article","og_title":"AV-klinikk for kartlegging av syn og h\u00f8rsel - Eikholt","og_description":"P\u00e5 AV-klinikken finnes det unike muligheter for \u00e5 kartlegge og unders\u00f8ke syns- og h\u00f8rselsfunksjon i aktiviteter som brukeren \u00f8nsker \u00e5 mestre.","og_url":"https:\/\/www.eikholt.no\/sv\/av-kliniken\/","og_site_name":"Eikholt","article_publisher":"https:\/\/www.facebook.com\/eikholt.kompetansesenter","article_modified_time":"2026-03-10T08:10:32+00:00","og_image":[{"width":1024,"height":681,"url":"https:\/\/www.eikholt.no\/app\/uploads\/2026\/02\/AV-klinikken-syn-hender-oyemodell-1024x681.jpg","type":"image\/jpeg"}],"twitter_card":"summary_large_image","twitter_misc":{"Est. reading time":"9 minutes"},"schema":{"@context":"https:\/\/schema.org","@graph":[{"@type":"WebPage","@id":"https:\/\/www.eikholt.no\/av-klinikken\/","url":"https:\/\/www.eikholt.no\/av-klinikken\/","name":"AV-klinik f\u00f6r syn- och h\u00f6rselbed\u00f6mning - Eikholt","isPartOf":{"@id":"https:\/\/www.eikholt.no\/#website"},"primaryImageOfPage":{"@id":"https:\/\/www.eikholt.no\/av-klinikken\/#primaryimage"},"image":{"@id":"https:\/\/www.eikholt.no\/av-klinikken\/#primaryimage"},"thumbnailUrl":"https:\/\/www.eikholt.no\/app\/uploads\/2026\/02\/AV-klinikken-syn-hender-oyemodell.jpg","datePublished":"2023-06-26T11:50:01+00:00","dateModified":"2026-03-10T08:10:32+00:00","description":"P\u00e5 AV-kliniken finns det unika m\u00f6jligheter att kartl\u00e4gga och unders\u00f6ka syn- och h\u00f6rselfunktionen i aktiviteter som anv\u00e4ndaren vill bem\u00e4stra.","breadcrumb":{"@id":"https:\/\/www.eikholt.no\/av-klinikken\/#breadcrumb"},"inLanguage":"sv-SE","potentialAction":[{"@type":"ReadAction","target":["https:\/\/www.eikholt.no\/av-klinikken\/"]}]},{"@type":"ImageObject","inLanguage":"sv-SE","@id":"https:\/\/www.eikholt.no\/av-klinikken\/#primaryimage","url":"https:\/\/www.eikholt.no\/app\/uploads\/2026\/02\/AV-klinikken-syn-hender-oyemodell.jpg","contentUrl":"https:\/\/www.eikholt.no\/app\/uploads\/2026\/02\/AV-klinikken-syn-hender-oyemodell.jpg","width":2400,"height":1597,"caption":"Hender p\u00e5 et bord. Modellen av et \u00f8ye."},{"@type":"BreadcrumbList","@id":"https:\/\/www.eikholt.no\/av-klinikken\/#breadcrumb","itemListElement":[{"@type":"ListItem","position":1,"name":"Forside","item":"https:\/\/www.eikholt.no\/"},{"@type":"ListItem","position":2,"name":"AV-klinikk for kartlegging av syn og h\u00f8rsel"}]},{"@type":"WebSite","@id":"https:\/\/www.eikholt.no\/#website","url":"https:\/\/www.eikholt.no\/","name":"Eikholt","description":"","publisher":{"@id":"https:\/\/www.eikholt.no\/#organization"},"potentialAction":[{"@type":"SearchAction","target":{"@type":"EntryPoint","urlTemplate":"https:\/\/www.eikholt.no\/?s={search_term_string}"},"query-input":{"@type":"PropertyValueSpecification","valueRequired":true,"valueName":"search_term_string"}}],"inLanguage":"sv-SE"},{"@type":"Organization","@id":"https:\/\/www.eikholt.no\/#organization","name":"Eikholt","url":"https:\/\/www.eikholt.no\/","logo":{"@type":"ImageObject","inLanguage":"sv-SE","@id":"https:\/\/www.eikholt.no\/#\/schema\/logo\/image\/","url":"https:\/\/www.eikholt.no\/app\/uploads\/2024\/04\/cropped-Logo-Eikholt-ny.jpg","contentUrl":"https:\/\/www.eikholt.no\/app\/uploads\/2024\/04\/cropped-Logo-Eikholt-ny.jpg","width":419,"height":209,"caption":"Eikholt"},"image":{"@id":"https:\/\/www.eikholt.no\/#\/schema\/logo\/image\/"},"sameAs":["https:\/\/www.facebook.com\/eikholt.kompetansesenter"]}]}},"_links":{"self":[{"href":"https:\/\/www.eikholt.no\/sv\/wp-json\/wp\/v2\/pages\/1677","targetHints":{"allow":["GET"]}}],"collection":[{"href":"https:\/\/www.eikholt.no\/sv\/wp-json\/wp\/v2\/pages"}],"about":[{"href":"https:\/\/www.eikholt.no\/sv\/wp-json\/wp\/v2\/types\/page"}],"author":[{"embeddable":true,"href":"https:\/\/www.eikholt.no\/sv\/wp-json\/wp\/v2\/users\/2"}],"replies":[{"embeddable":true,"href":"https:\/\/www.eikholt.no\/sv\/wp-json\/wp\/v2\/comments?post=1677"}],"version-history":[{"count":16,"href":"https:\/\/www.eikholt.no\/sv\/wp-json\/wp\/v2\/pages\/1677\/revisions"}],"predecessor-version":[{"id":5883,"href":"https:\/\/www.eikholt.no\/sv\/wp-json\/wp\/v2\/pages\/1677\/revisions\/5883"}],"wp:featuredmedia":[{"embeddable":true,"href":"https:\/\/www.eikholt.no\/sv\/wp-json\/wp\/v2\/media\/5823"}],"wp:attachment":[{"href":"https:\/\/www.eikholt.no\/sv\/wp-json\/wp\/v2\/media?parent=1677"}],"curies":[{"name":"wp","href":"https:\/\/api.w.org\/{rel}","templated":true}]}}